{"id":78,"date":"2019-06-13T10:36:31","date_gmt":"2019-06-13T10:36:31","guid":{"rendered":"http:\/\/delajara.com\/?page_id=78"},"modified":"2021-12-12T15:23:03","modified_gmt":"2021-12-12T15:23:03","slug":"spanisch","status":"publish","type":"page","link":"https:\/\/delajara.com\/?page_id=78&lang=es","title":{"rendered":"Main_Espanol"},"content":{"rendered":"<p>[et_pb_section fb_built=&#8221;1&#8243; admin_label=&#8221;About Me&#8221; module_id=&#8221;paint_en&#8221; _builder_version=&#8221;4.0.7&#8243; width=&#8221;100%&#8221; custom_padding=&#8221;||0px|||&#8221; global_module=&#8221;606&#8243; saved_tabs=&#8221;all&#8221;][et_pb_row _builder_version=&#8221;4.6.3&#8243; custom_margin=&#8221;-1px|auto|20px|auto|false|false&#8221; custom_padding=&#8221;3px|||||&#8221;][et_pb_column type=&#8221;4_4&#8243; _builder_version=&#8221;4.6.3&#8243; custom_padding=&#8221;|||&#8221; custom_padding__hover=&#8221;|||&#8221;][et_pb_blurb title=&#8221;siesta II (Work in progress)&#8221; url=&#8221;https:\/\/delajara.com\/wp-content\/uploads\/2021\/12\/GRM2826-scaled-e1639318807877.jpg&#8221; url_new_window=&#8221;on&#8221; image=&#8221;https:\/\/delajara.com\/wp-content\/uploads\/2021\/12\/GRM2826-scaled-e1639318807877.jpg&#8221; image_max_width=&#8221;70%&#8221; content_max_width=&#8221;100%&#8221; _builder_version=&#8221;4.6.3&#8243; text_orientation=&#8221;center&#8221; custom_margin=&#8221;||20px||false|false&#8221; child_filter_brightness=&#8221;120%&#8221; link_option_url=&#8221;https:\/\/delajara.com\/wp-content\/uploads\/2021\/12\/GRM2826-scaled-e1639318807877.jpg&#8221; link_option_url_new_window=&#8221;on&#8221; box_shadow_style_image=&#8221;preset3&#8243;]<\/p>\n<p>\u00d3leo sobre lino<br \/> 140 x 130 cm<br \/> <strong>2021<\/strong><\/p>\n<p>[\/et_pb_blurb][et_pb_blurb title=&#8221;es regnet (llueve)&#8221; url=&#8221;https:\/\/delajara.com\/wp-content\/uploads\/2021\/12\/Lueve-scaled-e1639318884822.jpg&#8221; url_new_window=&#8221;on&#8221; image=&#8221;https:\/\/delajara.com\/wp-content\/uploads\/2021\/12\/Lueve-scaled-e1639318884822.jpg&#8221; image_max_width=&#8221;50%&#8221; content_max_width=&#8221;100%&#8221; _builder_version=&#8221;4.6.3&#8243; text_orientation=&#8221;center&#8221; custom_margin=&#8221;50px||||false|false&#8221; link_option_url=&#8221;https:\/\/delajara.com\/wp-content\/uploads\/2021\/12\/Lueve-scaled-e1639318884822.jpg&#8221; link_option_url_new_window=&#8221;on&#8221; box_shadow_style_image=&#8221;preset3&#8243;]<\/p>\n<p>\u00d3leo sobre lino<br \/> 110 x 100 cm<br \/> Colecci\u00f3n privada<strong><br \/> 2021<\/strong><\/p>\n<p>[\/et_pb_blurb][\/et_pb_column][\/et_pb_row][et_pb_row _builder_version=&#8221;4.6.3&#8243; custom_margin=&#8221;50px||||false|false&#8221;][et_pb_column type=&#8221;4_4&#8243; _builder_version=&#8221;4.6.3&#8243; custom_padding=&#8221;|||&#8221; custom_padding__hover=&#8221;|||&#8221;][et_pb_blurb title=&#8221;all the an&#8217;gels come&#8221; url=&#8221;https:\/\/delajara.com\/wp-content\/uploads\/2019\/07\/HarkThe-Angels-Come2019_d-3.jpg&#8221; url_new_window=&#8221;on&#8221; image=&#8221;https:\/\/delajara.com\/wp-content\/uploads\/2019\/07\/HarkThe-Angels-Come2019_d-3.jpg&#8221; content_max_width=&#8221;100%&#8221; _builder_version=&#8221;4.6.3&#8243; text_orientation=&#8221;center&#8221; link_option_url=&#8221;https:\/\/delajara.com\/wp-content\/uploads\/2019\/07\/HarkThe-Angels-Come2019_d-3.jpg&#8221; link_option_url_new_window=&#8221;on&#8221;]<\/p>\n<p>\u00d3leo sobre lienzo<br \/> 135 x 300 cm<br \/> Colecci\u00f3n privada<strong><br \/> 2019<\/strong><\/p>\n<p>[\/et_pb_blurb][\/et_pb_column][\/et_pb_row][et_pb_row _builder_version=&#8221;3.25&#8243; custom_padding=&#8221;50px||&#8221;][et_pb_column type=&#8221;4_4&#8243; _builder_version=&#8221;3.25&#8243; custom_padding=&#8221;|||&#8221; custom_padding__hover=&#8221;|||&#8221;][et_pb_blurb title=&#8221;im spiegel&#8221; url=&#8221;https:\/\/delajara.com\/wp-content\/uploads\/2019\/07\/Im-Spiegel-2019.jpg&#8221; url_new_window=&#8221;on&#8221; image=&#8221;https:\/\/delajara.com\/wp-content\/uploads\/2019\/07\/Im-Spiegel-2019.jpg&#8221; content_max_width=&#8221;50%&#8221; _builder_version=&#8221;4.0.7&#8243; text_orientation=&#8221;center&#8221; link_option_url=&#8221;https:\/\/delajara.com\/wp-content\/uploads\/2019\/07\/Im-Spiegel-2019.jpg&#8221; link_option_url_new_window=&#8221;on&#8221; box_shadow_style_image=&#8221;preset3&#8243;]<\/p>\n<p>Instalaci\u00f3n<br \/>\u00d3leo sobre madera,<br \/> l\u00e1mpara led, madera, tela,<br \/> alambre y perla cultivada,<br \/> 100 x 65 x 28 cm<strong><br \/> 2019<\/strong><\/p>\n<p>[\/et_pb_blurb][\/et_pb_column][\/et_pb_row][et_pb_row _builder_version=&#8221;3.25&#8243; custom_padding=&#8221;50px||&#8221;][et_pb_column type=&#8221;4_4&#8243; _builder_version=&#8221;3.25&#8243; custom_padding=&#8221;|||&#8221; custom_padding__hover=&#8221;|||&#8221;][et_pb_blurb title=&#8221;El rubor&#8221; url=&#8221;https:\/\/delajara.com\/wp-content\/uploads\/2019\/07\/EL-RUBOR-2019.jpg&#8221; url_new_window=&#8221;on&#8221; image=&#8221;https:\/\/delajara.com\/wp-content\/uploads\/2019\/07\/EL-RUBOR-2019.jpg&#8221; content_max_width=&#8221;78%&#8221; _builder_version=&#8221;3.24.1&#8243; text_orientation=&#8221;center&#8221; link_option_url=&#8221;https:\/\/delajara.com\/wp-content\/uploads\/2019\/07\/EL-RUBOR-2019.jpg&#8221; link_option_url_new_window=&#8221;on&#8221; box_shadow_style_image=&#8221;preset3&#8243;]<\/p>\n<p>\u00d3leo sobre lino<br \/> 120 x 140 cm<br \/>Colecci\u00f3n privada<strong><\/strong><br \/> <strong>2019<\/strong><\/p>\n<p>[\/et_pb_blurb][\/et_pb_column][\/et_pb_row][et_pb_row _builder_version=&#8221;3.25&#8243; custom_padding=&#8221;50px||&#8221;][et_pb_column type=&#8221;4_4&#8243; _builder_version=&#8221;3.25&#8243; custom_padding=&#8221;|||&#8221; custom_padding__hover=&#8221;|||&#8221;][et_pb_blurb title=&#8221;Neblina&#8221; url=&#8221;https:\/\/delajara.com\/wp-content\/uploads\/2019\/07\/Neblina.jpg&#8221; url_new_window=&#8221;on&#8221; image=&#8221;https:\/\/delajara.com\/wp-content\/uploads\/2019\/07\/Neblina.jpg&#8221; content_max_width=&#8221;78%&#8221; _builder_version=&#8221;3.24.1&#8243; text_orientation=&#8221;center&#8221; link_option_url=&#8221;https:\/\/delajara.com\/wp-content\/uploads\/2019\/07\/Neblina.jpg&#8221; link_option_url_new_window=&#8221;on&#8221; box_shadow_style_image=&#8221;preset3&#8243;]<\/p>\n<p>\u00d3leo sobre lino<br \/> 90 x 100 cm<br \/>Colecci\u00f3n privada<strong><\/strong><br \/> <strong>2019<\/strong><\/p>\n<p>[\/et_pb_blurb][\/et_pb_column][\/et_pb_row][et_pb_row _builder_version=&#8221;3.25&#8243; custom_padding=&#8221;50px||&#8221;][et_pb_column type=&#8221;4_4&#8243; _builder_version=&#8221;3.25&#8243; custom_padding=&#8221;|||&#8221; custom_padding__hover=&#8221;|||&#8221;][et_pb_blurb title=&#8221;2 Uhr Morgens&#8221; url=&#8221;https:\/\/delajara.com\/wp-content\/uploads\/2019\/07\/Morgens.jpg&#8221; url_new_window=&#8221;on&#8221; image=&#8221;https:\/\/delajara.com\/wp-content\/uploads\/2019\/07\/Morgens.jpg&#8221; content_max_width=&#8221;78%&#8221; _builder_version=&#8221;3.24.1&#8243; text_orientation=&#8221;center&#8221; link_option_url=&#8221;https:\/\/delajara.com\/wp-content\/uploads\/2019\/07\/Morgens.jpg&#8221; link_option_url_new_window=&#8221;on&#8221; box_shadow_style_image=&#8221;preset3&#8243;]<\/p>\n<p>\u00d3leo sobre lino<br \/> 79.5\u00a0 x\u00a0 100 cm<strong><br \/><\/strong>Colecci\u00f3n privada<strong><br \/> 2015<\/strong><\/p>\n<p>[\/et_pb_blurb][\/et_pb_column][\/et_pb_row][et_pb_row _builder_version=&#8221;3.25&#8243; custom_padding=&#8221;50px||&#8221;][et_pb_column type=&#8221;4_4&#8243; _builder_version=&#8221;3.25&#8243; custom_padding=&#8221;|||&#8221; custom_padding__hover=&#8221;|||&#8221;][et_pb_blurb title=&#8221;Seda&#8221; url=&#8221;https:\/\/delajara.com\/wp-content\/uploads\/2019\/07\/2015.-SEDA-\u00d3LEO-SOBRE-LINO-65X515cm.jpg&#8221; url_new_window=&#8221;on&#8221; image=&#8221;https:\/\/delajara.com\/wp-content\/uploads\/2019\/07\/2015.-SEDA-\u00d3LEO-SOBRE-LINO-65X515cm.jpg&#8221; content_max_width=&#8221;50%&#8221; _builder_version=&#8221;4.0.7&#8243; text_orientation=&#8221;center&#8221; link_option_url=&#8221;https:\/\/delajara.com\/wp-content\/uploads\/2019\/07\/2015.-SEDA-\u00d3LEO-SOBRE-LINO-65X515cm.jpg&#8221; link_option_url_new_window=&#8221;on&#8221; box_shadow_style_image=&#8221;preset3&#8243;]<\/p>\n<p>\u00d3leo sobre lino<br \/> 65\u00a0 x\u00a0 51,5 cm<br \/>Colecci\u00f3n privada<strong><\/strong><strong><br \/> 2015<\/strong><\/p>\n<p>[\/et_pb_blurb][\/et_pb_column][\/et_pb_row][et_pb_row _builder_version=&#8221;3.25&#8243; custom_margin=&#8221;50px||&#8221; custom_padding=&#8221;50px||&#8221; box_shadow_style=&#8221;preset3&#8243;][et_pb_column type=&#8221;4_4&#8243; _builder_version=&#8221;3.25&#8243; custom_padding=&#8221;|||&#8221; custom_padding__hover=&#8221;|||&#8221;][et_pb_blurb title=&#8221;Conversaci\u00f3n en silencio&#8221; url=&#8221;https:\/\/delajara.com\/wp-content\/uploads\/2019\/07\/Garci1.jpg&#8221; url_new_window=&#8221;on&#8221; image=&#8221;https:\/\/delajara.com\/wp-content\/uploads\/2019\/07\/Garci1.jpg&#8221; content_max_width=&#8221;78%&#8221; _builder_version=&#8221;4.0.7&#8243; text_orientation=&#8221;center&#8221; link_option_url=&#8221;https:\/\/delajara.com\/wp-content\/uploads\/2019\/07\/Garci1.jpg&#8221; link_option_url_new_window=&#8221;on&#8221; box_shadow_style_image=&#8221;preset3&#8243;]<\/p>\n<p>Casa Garcilaso, Lima<br \/> <strong> 2012<\/strong><br \/> <strong><\/strong><\/p>\n<p><img loading=\"lazy\" decoding=\"async\" src=\"https:\/\/delajara.com\/wp-content\/uploads\/2019\/07\/Garci3-300x223.jpg\" alt=\"\" class=\"wp-image-258 alignnone size-medium\" width=\"300\" height=\"223\" \/>\u00a0\u00a0\u00a0\u00a0 <img loading=\"lazy\" decoding=\"async\" src=\"https:\/\/delajara.com\/wp-content\/uploads\/2019\/07\/Garci2-300x225.jpg\" alt=\"\" class=\"wp-image-257 alignnone size-medium\" width=\"300\" height=\"225\" \/><\/p>\n<p>[\/et_pb_blurb][\/et_pb_column][\/et_pb_row][et_pb_row _builder_version=&#8221;3.25&#8243; custom_padding=&#8221;50px||&#8221;][et_pb_column type=&#8221;4_4&#8243; _builder_version=&#8221;3.25&#8243; custom_padding=&#8221;|||&#8221; custom_padding__hover=&#8221;|||&#8221;][et_pb_blurb title=&#8221;La piscina&#8221; url=&#8221;https:\/\/delajara.com\/wp-content\/uploads\/2019\/07\/Piscina.jpg&#8221; url_new_window=&#8221;on&#8221; image=&#8221;https:\/\/delajara.com\/wp-content\/uploads\/2019\/07\/Piscina.jpg&#8221; content_max_width=&#8221;90%&#8221; _builder_version=&#8221;3.24.1&#8243; text_orientation=&#8221;center&#8221; link_option_url=&#8221;https:\/\/delajara.com\/wp-content\/uploads\/2019\/07\/Piscina.jpg&#8221; link_option_url_new_window=&#8221;on&#8221;]<\/p>\n<p>(Tri\u0301ptico) Oleo-lino,<br \/> 146 x 352 cm<br \/>Colecci\u00f3n privada<strong><\/strong><br \/> <strong>2011<\/strong><\/p>\n<p>[\/et_pb_blurb][\/et_pb_column][\/et_pb_row][et_pb_row _builder_version=&#8221;3.25&#8243; custom_padding=&#8221;50px||&#8221; box_shadow_style=&#8221;preset3&#8243;][et_pb_column type=&#8221;4_4&#8243; _builder_version=&#8221;3.25&#8243; custom_padding=&#8221;|||&#8221; custom_padding__hover=&#8221;|||&#8221;][et_pb_blurb title=&#8221;Exposici\u00f3n T\u00fa eres piedra&#8221; url=&#8221;https:\/\/delajara.com\/wp-content\/uploads\/2019\/07\/Lucia1.jpg&#8221; url_new_window=&#8221;on&#8221; image=&#8221;https:\/\/delajara.com\/wp-content\/uploads\/2019\/07\/Lucia1.jpg&#8221; content_max_width=&#8221;78%&#8221; _builder_version=&#8221;3.24.1&#8243; text_orientation=&#8221;center&#8221; link_option_url=&#8221;https:\/\/delajara.com\/wp-content\/uploads\/2019\/07\/Lucia1.jpg&#8221; link_option_url_new_window=&#8221;on&#8221; box_shadow_style_image=&#8221;preset3&#8243;]<\/p>\n<p>Galer\u00eda Luc\u00eda de la Puente, Lima<br \/><strong> 2011<\/strong><\/p>\n<p>&nbsp;<\/p>\n<p><img loading=\"lazy\" decoding=\"async\" src=\"https:\/\/delajara.com\/wp-content\/uploads\/2019\/07\/Lucia3-300x233.jpg\" alt=\"\" class=\"wp-image-255 alignnone size-medium\" width=\"300\" height=\"233\" \/>\u00a0\u00a0\u00a0\u00a0 <img loading=\"lazy\" decoding=\"async\" src=\"https:\/\/delajara.com\/wp-content\/uploads\/2019\/07\/Lucia2-300x223.jpg\" alt=\"\" class=\"wp-image-254 alignnone size-medium\" width=\"300\" height=\"223\" \/><\/p>\n<p><strong><\/strong><\/p>\n<p>[\/et_pb_blurb][\/et_pb_column][\/et_pb_row][et_pb_row _builder_version=&#8221;3.25&#8243; custom_padding=&#8221;50px||&#8221;][et_pb_column type=&#8221;4_4&#8243; _builder_version=&#8221;3.25&#8243; custom_padding=&#8221;|||&#8221; custom_padding__hover=&#8221;|||&#8221;][et_pb_blurb title=&#8221;El sof\u00e1&#8221; url=&#8221;https:\/\/delajara.com\/wp-content\/uploads\/2019\/07\/El-Sof\u00e1-detalle.jpg&#8221; url_new_window=&#8221;on&#8221; image=&#8221;https:\/\/delajara.com\/wp-content\/uploads\/2019\/07\/El-Sof\u00e1-2011.jpg&#8221; content_max_width=&#8221;50%&#8221; _builder_version=&#8221;3.24.1&#8243; text_orientation=&#8221;center&#8221; link_option_url=&#8221;https:\/\/delajara.com\/wp-content\/uploads\/2019\/07\/El-Sof\u00e1-detalle.jpg&#8221; link_option_url_new_window=&#8221;on&#8221; box_shadow_style_image=&#8221;preset3&#8243;]<\/p>\n<p>\u00d3leo sobre<br \/> madera tallada<br \/> 130 x 100 cm<strong><br \/><\/strong>Colecci\u00f3n privada<strong><br \/> 2011<\/strong><\/p>\n<p>[\/et_pb_blurb][\/et_pb_column][\/et_pb_row][et_pb_row _builder_version=&#8221;3.25&#8243; custom_margin=&#8221;50px||&#8221; custom_padding=&#8221;50px||&#8221; box_shadow_style=&#8221;preset6&#8243;][et_pb_column type=&#8221;4_4&#8243; _builder_version=&#8221;3.25&#8243; custom_padding=&#8221;|||&#8221; custom_padding__hover=&#8221;|||&#8221;][et_pb_image src=&#8221;https:\/\/delajara.com\/wp-content\/uploads\/2020\/08\/OLAS-ORANTES-OLAS-2011-c.jpg&#8221; _builder_version=&#8221;4.0.7&#8243; width=&#8221;78%&#8221; max_width=&#8221;78%&#8221; module_alignment=&#8221;center&#8221;][\/et_pb_image][et_pb_blurb title=&#8221;Olas ardientes olas&#8221; url=&#8221;https:\/\/delajara.com\/wp-content\/uploads\/2019\/12\/OLAS-ORANTES.jpg&#8221; url_new_window=&#8221;on&#8221; image=&#8221;https:\/\/delajara.com\/wp-content\/uploads\/2020\/08\/OLAS-ORANTES-OLAS-2011-a.jpg&#8221; content_max_width=&#8221;78%&#8221; _builder_version=&#8221;4.0.7&#8243; text_orientation=&#8221;center&#8221; link_option_url=&#8221;https:\/\/delajara.com\/wp-content\/uploads\/2019\/12\/OLAS-ORANTES.jpg&#8221; link_option_url_new_window=&#8221;on&#8221; box_shadow_style_image=&#8221;preset3&#8243;]<\/p>\n<p>Instalaci\u00f3n multimedia,<br \/> esposici\u00f3n &#8220;Conservaci\u00f3n en silencio&#8221;<br \/> con poemas del Hieromonje Symeon.<br \/> Casa Garcilaso, Lima<strong><br \/> 2011<\/strong><\/p>\n<p>[\/et_pb_blurb][\/et_pb_column][\/et_pb_row][et_pb_row _builder_version=&#8221;3.25&#8243; custom_padding=&#8221;50px|||||&#8221;][et_pb_column type=&#8221;4_4&#8243; _builder_version=&#8221;3.25&#8243; custom_padding=&#8221;|||&#8221; custom_padding__hover=&#8221;|||&#8221;][et_pb_blurb title=&#8221;La hora del t\u00e9&#8221; url=&#8221;https:\/\/delajara.com\/wp-content\/uploads\/2019\/07\/La-hora-del-t\u00e9-2010-.jpg&#8221; url_new_window=&#8221;on&#8221; image=&#8221;https:\/\/delajara.com\/wp-content\/uploads\/2019\/07\/La-hora-del-t\u00e9-2010-.jpg&#8221; content_max_width=&#8221;78%&#8221; _builder_version=&#8221;3.24.1&#8243; text_orientation=&#8221;center&#8221; link_option_url=&#8221;https:\/\/delajara.com\/wp-content\/uploads\/2019\/07\/La-hora-del-t\u00e9-2010-.jpg&#8221; link_option_url_new_window=&#8221;on&#8221; box_shadow_style_image=&#8221;preset3&#8243;]<\/p>\n<p><strong><\/strong>\u00d3leo sobre lino<br \/> 130 x 150 cm<br \/>Colecci\u00f3n privada<strong><br \/>2010<\/strong><\/p>\n<p>[\/et_pb_blurb][\/et_pb_column][\/et_pb_row][et_pb_row _builder_version=&#8221;3.25&#8243; custom_padding=&#8221;50px||&#8221;][et_pb_column type=&#8221;4_4&#8243; _builder_version=&#8221;3.25&#8243; custom_padding=&#8221;|||&#8221; custom_padding__hover=&#8221;|||&#8221;][et_pb_blurb title=&#8221;La casa del padre&#8221; url=&#8221;https:\/\/delajara.com\/wp-content\/uploads\/2019\/07\/LA-CASA-DEL-PADRE-2009-1-1.jpg&#8221; url_new_window=&#8221;on&#8221; image=&#8221;https:\/\/delajara.com\/wp-content\/uploads\/2019\/07\/LA-CASA-DEL-PADRE-2009-1-1.jpg&#8221; content_max_width=&#8221;50%&#8221; _builder_version=&#8221;3.24.1&#8243; text_orientation=&#8221;center&#8221; link_option_url=&#8221;https:\/\/delajara.com\/wp-content\/uploads\/2019\/07\/LA-CASA-DEL-PADRE-2009-1-1.jpg&#8221; link_option_url_new_window=&#8221;on&#8221; box_shadow_style_image=&#8221;preset3&#8243;]<\/p>\n<p>\u00d3leo sobre lino<br \/> 190 x 140 cm.<br \/> Colecci\u00f3n Hochschild<br \/> (Lima)<strong><br \/> 2009<\/strong><\/p>\n<p>[\/et_pb_blurb][\/et_pb_column][\/et_pb_row][et_pb_row _builder_version=&#8221;3.25&#8243; custom_padding=&#8221;50px||&#8221; box_shadow_style=&#8221;preset3&#8243;][et_pb_column type=&#8221;4_4&#8243; _builder_version=&#8221;3.25&#8243; custom_padding=&#8221;|||&#8221; custom_padding__hover=&#8221;|||&#8221;][et_pb_blurb title=&#8221;Galerie Clemensstrasse 9&#8243; url=&#8221;https:\/\/delajara.com\/wp-content\/uploads\/2019\/07\/Munich.jpg&#8221; url_new_window=&#8221;on&#8221; image=&#8221;https:\/\/delajara.com\/wp-content\/uploads\/2019\/07\/Munich.jpg&#8221; content_max_width=&#8221;78%&#8221; _builder_version=&#8221;4.0.7&#8243; text_orientation=&#8221;center&#8221; link_option_url=&#8221;https:\/\/delajara.com\/wp-content\/uploads\/2019\/07\/Munich.jpg&#8221; link_option_url_new_window=&#8221;on&#8221; box_shadow_style_image=&#8221;preset3&#8243;]<\/p>\n<p>de Rosa Ronstedt, Munich<br \/> <strong> 2009<\/strong><\/p>\n<p>[\/et_pb_blurb][\/et_pb_column][\/et_pb_row][et_pb_row _builder_version=&#8221;3.25&#8243; custom_padding=&#8221;50px||&#8221;][et_pb_column type=&#8221;4_4&#8243; _builder_version=&#8221;3.25&#8243; custom_padding=&#8221;|||&#8221; custom_padding__hover=&#8221;|||&#8221;][et_pb_blurb title=&#8221;PILCO&#8221; url=&#8221;https:\/\/delajara.com\/wp-content\/uploads\/2020\/08\/Pilco.jpg&#8221; url_new_window=&#8221;on&#8221; image=&#8221;https:\/\/delajara.com\/wp-content\/uploads\/2020\/08\/Pilco.jpg&#8221; content_max_width=&#8221;78%&#8221; _builder_version=&#8221;4.0.7&#8243; text_orientation=&#8221;center&#8221; link_option_url=&#8221;https:\/\/delajara.com\/wp-content\/uploads\/2020\/08\/Pilco.jpg&#8221; link_option_url_new_window=&#8221;on&#8221; box_shadow_style_image=&#8221;preset3&#8243;]<\/p>\n<p>\u00d3leo sobre lino<br \/> 160&#215;130 cm<br \/> Colecci\u00f3n privada<br \/> Lima<strong><br \/> 2008<br \/> <\/strong><\/p>\n<p>[\/et_pb_blurb][\/et_pb_column][\/et_pb_row][et_pb_row _builder_version=&#8221;3.25&#8243; custom_padding=&#8221;50px||&#8221;][et_pb_column type=&#8221;4_4&#8243; _builder_version=&#8221;3.25&#8243; custom_padding=&#8221;|||&#8221; custom_padding__hover=&#8221;|||&#8221;][et_pb_blurb title=&#8221;Juego de dados&#8221; url=&#8221;https:\/\/delajara.com\/wp-content\/uploads\/2019\/07\/2008.-W\u00fcrfelspiele-.jpg&#8221; url_new_window=&#8221;on&#8221; image=&#8221;https:\/\/delajara.com\/wp-content\/uploads\/2019\/07\/2008.-W\u00fcrfelspiele-.jpg&#8221; content_max_width=&#8221;78%&#8221; _builder_version=&#8221;3.24.1&#8243; text_orientation=&#8221;center&#8221; link_option_url=&#8221;https:\/\/delajara.com\/wp-content\/uploads\/2019\/07\/2008.-W\u00fcrfelspiele-.jpg&#8221; link_option_url_new_window=&#8221;on&#8221; box_shadow_style_image=&#8221;preset3&#8243;]<\/p>\n<p>\u00d3leo sobre lino<br \/> 130&#215;150 cm<br \/> Colecci\u00f3n Volksbank<br \/> Alemania<strong><br \/> 2008<br \/> <\/strong><\/p>\n<p>[\/et_pb_blurb][\/et_pb_column][\/et_pb_row][et_pb_row _builder_version=&#8221;3.25&#8243; custom_padding=&#8221;50px||&#8221; box_shadow_style=&#8221;preset3&#8243;][et_pb_column type=&#8221;4_4&#8243; _builder_version=&#8221;3.25&#8243; custom_padding=&#8221;|||&#8221; custom_padding__hover=&#8221;|||&#8221;][et_pb_blurb title=&#8221;Ausflug&#8221; url=&#8221;https:\/\/delajara.com\/wp-content\/uploads\/2019\/07\/Ausflug.jpg&#8221; url_new_window=&#8221;on&#8221; image=&#8221;https:\/\/delajara.com\/wp-content\/uploads\/2019\/07\/Ausflug.jpg&#8221; content_max_width=&#8221;78%&#8221; _builder_version=&#8221;3.24.1&#8243; text_orientation=&#8221;center&#8221; link_option_url=&#8221;https:\/\/delajara.com\/wp-content\/uploads\/2019\/07\/Ausflug.jpg&#8221; link_option_url_new_window=&#8221;on&#8221; box_shadow_style_image=&#8221;preset3&#8243;]<\/p>\n<p>Galer\u00eda Alte Schranne,<br \/> N\u00f6rdlingen, Alemania<br \/> <strong>2012<\/strong><\/p>\n<p>[\/et_pb_blurb][\/et_pb_column][\/et_pb_row][et_pb_row _builder_version=&#8221;3.25&#8243; custom_margin=&#8221;50px||&#8221; custom_padding=&#8221;50px||&#8221; box_shadow_style=&#8221;preset6&#8243;][et_pb_column type=&#8221;4_4&#8243; _builder_version=&#8221;3.25&#8243; custom_padding=&#8221;|||&#8221; custom_padding__hover=&#8221;|||&#8221;][et_pb_blurb title=&#8221;Sangre Sab\u00cda&#8221; url=&#8221;https:\/\/delajara.com\/wp-content\/uploads\/2019\/12\/Sangre-Sabia-scaled.jpg&#8221; url_new_window=&#8221;on&#8221; image=&#8221;https:\/\/delajara.com\/wp-content\/uploads\/2019\/12\/Sangre-Sabia-scaled.jpg&#8221; content_max_width=&#8221;75%&#8221; _builder_version=&#8221;4.0.7&#8243; text_orientation=&#8221;center&#8221; link_option_url=&#8221;https:\/\/delajara.com\/wp-content\/uploads\/2019\/12\/Sangre-Sabia-scaled.jpg&#8221; link_option_url_new_window=&#8221;on&#8221; box_shadow_style_image=&#8221;preset3&#8243;]<\/p>\n<p>Videoinstalaci\u00f3n multimedia<br \/>Kunstmuseum, Wemding<strong><br \/> 2006<\/strong><\/p>\n<p>[\/et_pb_blurb][\/et_pb_column][\/et_pb_row][et_pb_row _builder_version=&#8221;3.25&#8243; custom_padding=&#8221;100px|||||&#8221;][et_pb_column type=&#8221;4_4&#8243; _builder_version=&#8221;3.25&#8243; custom_padding=&#8221;|||&#8221; custom_padding__hover=&#8221;|||&#8221;][et_pb_blurb title=&#8221;Billar&#8221; url=&#8221;https:\/\/delajara.com\/wp-content\/uploads\/2019\/07\/billar.jpg&#8221; url_new_window=&#8221;on&#8221; image=&#8221;https:\/\/delajara.com\/wp-content\/uploads\/2019\/07\/billar.jpg&#8221; content_max_width=&#8221;90%&#8221; _builder_version=&#8221;3.24.1&#8243; text_orientation=&#8221;center&#8221; link_option_url=&#8221;https:\/\/delajara.com\/wp-content\/uploads\/2019\/07\/billar.jpg&#8221; link_option_url_new_window=&#8221;on&#8221; box_shadow_style_image=&#8221;preset3&#8243;]<\/p>\n<p>Fresco en secco<br \/> sobre lino<br \/> 90 x 220 cm<br \/>Colecci\u00f3n privada<strong><br \/> 2006<br \/> <\/strong><\/p>\n<p>[\/et_pb_blurb][\/et_pb_column][\/et_pb_row][et_pb_row _builder_version=&#8221;3.25&#8243; custom_padding=&#8221;100px|||||&#8221;][et_pb_column type=&#8221;4_4&#8243; _builder_version=&#8221;3.25&#8243; custom_padding=&#8221;|||&#8221; custom_padding__hover=&#8221;|||&#8221;][et_pb_blurb title=&#8221;La puerta II&#8221; url=&#8221;https:\/\/delajara.com\/wp-content\/uploads\/2019\/07\/puerta2-1.jpg&#8221; url_new_window=&#8221;on&#8221; image=&#8221;https:\/\/delajara.com\/wp-content\/uploads\/2019\/07\/puerta2-1.jpg&#8221; content_max_width=&#8221;90%&#8221; _builder_version=&#8221;3.24.1&#8243; text_orientation=&#8221;center&#8221; link_option_url=&#8221;https:\/\/delajara.com\/wp-content\/uploads\/2019\/07\/puerta2-1.jpg&#8221; link_option_url_new_window=&#8221;on&#8221; box_shadow_style_image=&#8221;preset3&#8243;]<\/p>\n<p>90 x 210 cm<br \/>Colecci\u00f3n particular<br \/>Lima<strong><br \/>2005<br \/> <\/strong><\/p>\n<p>[\/et_pb_blurb][\/et_pb_column][\/et_pb_row][et_pb_row _builder_version=&#8221;3.25&#8243; custom_padding=&#8221;100px|||||&#8221;][et_pb_column type=&#8221;4_4&#8243; _builder_version=&#8221;3.25&#8243; custom_padding=&#8221;|||&#8221; custom_padding__hover=&#8221;|||&#8221;][et_pb_blurb title=&#8221;A trav\u00e9s del d\u00eda&#8221; url=&#8221;https:\/\/delajara.com\/wp-content\/uploads\/2019\/07\/2004.-Throughout-the-day-and-night.jpg&#8221; url_new_window=&#8221;on&#8221; image=&#8221;https:\/\/delajara.com\/wp-content\/uploads\/2019\/07\/2004.-Throughout-the-day-and-night.jpg&#8221; content_max_width=&#8221;78%&#8221; _builder_version=&#8221;3.24.1&#8243; text_orientation=&#8221;center&#8221; link_option_url=&#8221;https:\/\/delajara.com\/wp-content\/uploads\/2019\/07\/2004.-Throughout-the-day-and-night.jpg&#8221; link_option_url_new_window=&#8221;on&#8221;]<\/p>\n<p>\u00d3leo sobre tabla, placa<br \/>giratoria de acero<br \/>90 cm di\u00e1metro<br \/>Colecci\u00f3n privada, Munich<strong><br \/>2004<br \/> <\/strong><\/p>\n<p>[\/et_pb_blurb][\/et_pb_column][\/et_pb_row][et_pb_row _builder_version=&#8221;3.25&#8243; custom_padding=&#8221;50px||&#8221;][et_pb_column type=&#8221;4_4&#8243; _builder_version=&#8221;3.25&#8243; custom_padding=&#8221;|||&#8221; custom_padding__hover=&#8221;|||&#8221;][et_pb_blurb title=&#8221;Flug&#8221; url=&#8221;https:\/\/delajara.com\/wp-content\/uploads\/2019\/07\/Flug-2003-copia.jpg&#8221; url_new_window=&#8221;on&#8221; image=&#8221;https:\/\/delajara.com\/wp-content\/uploads\/2019\/07\/Flug-2003-copia.jpg&#8221; content_max_width=&#8221;60%&#8221; _builder_version=&#8221;4.6.3&#8243; text_orientation=&#8221;center&#8221; link_option_url=&#8221;https:\/\/delajara.com\/wp-content\/uploads\/2019\/07\/Flug-2003-copia.jpg&#8221; link_option_url_new_window=&#8221;on&#8221; box_shadow_style_image=&#8221;preset3&#8243;]<\/p>\n<p>\u00d3leo sobre madera<br \/> 80 x 60 cm<br \/>Colecci\u00f3n privada<strong><br \/> 2003<br \/> <\/strong><\/p>\n<p>[\/et_pb_blurb][\/et_pb_column][\/et_pb_row][et_pb_row _builder_version=&#8221;3.25&#8243; custom_padding=&#8221;50px||&#8221;][et_pb_column type=&#8221;4_4&#8243; _builder_version=&#8221;3.25&#8243; custom_padding=&#8221;|||&#8221; custom_padding__hover=&#8221;|||&#8221;][et_pb_blurb title=&#8221;La Giganta (Irina)&#8221; url=&#8221;https:\/\/delajara.com\/wp-content\/uploads\/2019\/07\/giganta.jpg&#8221; url_new_window=&#8221;on&#8221; image=&#8221;https:\/\/delajara.com\/wp-content\/uploads\/2019\/07\/giganta.jpg&#8221; content_max_width=&#8221;50%&#8221; _builder_version=&#8221;4.0.7&#8243; text_orientation=&#8221;center&#8221; link_option_url=&#8221;https:\/\/delajara.com\/wp-content\/uploads\/2019\/07\/giganta.jpg&#8221; link_option_url_new_window=&#8221;on&#8221; box_shadow_style_image=&#8221;preset3&#8243;]<\/p>\n<p>\u00d3leo sobre lino<br \/>120 x 90 cm<strong><br \/><\/strong>Colecci\u00f3n privada<strong><br \/> 2002<br \/> <\/strong><\/p>\n<p>[\/et_pb_blurb][\/et_pb_column][\/et_pb_row][et_pb_row _builder_version=&#8221;3.25&#8243; custom_padding=&#8221;50px||&#8221;][et_pb_column type=&#8221;4_4&#8243; _builder_version=&#8221;3.25&#8243; custom_padding=&#8221;|||&#8221; custom_padding__hover=&#8221;|||&#8221;][et_pb_blurb title=&#8221;Cypraea&#8221; url=&#8221;https:\/\/delajara.com\/wp-content\/uploads\/2019\/07\/Bodeg\u00f3n-2002-.jpg&#8221; url_new_window=&#8221;on&#8221; image=&#8221;https:\/\/delajara.com\/wp-content\/uploads\/2019\/07\/Bodeg\u00f3n-2002-.jpg&#8221; content_max_width=&#8221;50%&#8221; _builder_version=&#8221;3.24.1&#8243; text_orientation=&#8221;center&#8221; link_option_url=&#8221;https:\/\/delajara.com\/wp-content\/uploads\/2019\/07\/Bodeg\u00f3n-2002-.jpg&#8221; link_option_url_new_window=&#8221;on&#8221; box_shadow_style_image=&#8221;preset3&#8243;]<\/p>\n<p>\u00d3leo sobre madera<br \/> 80 x 60 cm<br \/> Colecci\u00f3n privada<br \/> Alemania<strong><br \/> 2002<br \/> <\/strong><\/p>\n<p>[\/et_pb_blurb][\/et_pb_column][\/et_pb_row][et_pb_row _builder_version=&#8221;3.25&#8243; custom_padding=&#8221;50px||&#8221;][et_pb_column type=&#8221;4_4&#8243; _builder_version=&#8221;3.25&#8243; custom_padding=&#8221;|||&#8221; custom_padding__hover=&#8221;|||&#8221;][et_pb_blurb title=&#8221;FUN\u00c1MBULO I&#8221; url=&#8221;https:\/\/delajara.com\/wp-content\/uploads\/2020\/08\/Seilt\u00e4nzer-I-web-scaled.jpg&#8221; url_new_window=&#8221;on&#8221; image=&#8221;https:\/\/delajara.com\/wp-content\/uploads\/2020\/08\/Seilt\u00e4nzer-I-web-scaled.jpg&#8221; content_max_width=&#8221;90%&#8221; _builder_version=&#8221;4.0.7&#8243; text_orientation=&#8221;center&#8221; link_option_url=&#8221;https:\/\/delajara.com\/wp-content\/uploads\/2020\/08\/Seilt\u00e4nzer-I-web-scaled.jpg&#8221; link_option_url_new_window=&#8221;on&#8221; box_shadow_style_image=&#8221;preset3&#8243;]<\/p>\n<p>\u00d3leo sobre lino<br \/> 90 x 140 cm<br \/> Colecci\u00f3n privada<br \/> Pappenheim<strong><br \/> 2001<br \/> <\/strong><\/p>\n<p>[\/et_pb_blurb][\/et_pb_column][\/et_pb_row][et_pb_row _builder_version=&#8221;3.25&#8243; custom_padding=&#8221;50px||&#8221; box_shadow_style=&#8221;preset6&#8243;][et_pb_column type=&#8221;4_4&#8243; _builder_version=&#8221;3.25&#8243; custom_padding=&#8221;|||&#8221; custom_padding__hover=&#8221;|||&#8221;][et_pb_blurb title=&#8221;Chacan Pi&#8221; url=&#8221;https:\/\/delajara.com\/wp-content\/uploads\/2019\/07\/Pi.jpg&#8221; url_new_window=&#8221;on&#8221; image=&#8221;https:\/\/delajara.com\/wp-content\/uploads\/2019\/07\/Pi.jpg&#8221; content_max_width=&#8221;78%&#8221; _builder_version=&#8221;3.24.1&#8243; text_orientation=&#8221;center&#8221; link_option_url=&#8221;https:\/\/delajara.com\/wp-content\/uploads\/2019\/07\/Pi.jpg&#8221; link_option_url_new_window=&#8221;on&#8221; box_shadow_style_image=&#8221;preset3&#8243;]<\/p>\n<p>Escultura en m\u00e1rmol Rosso de Verona<br \/>4,2 \u00d7 1,7 \u00d7 1,7 m<br \/>T\u00fcbingen<strong><br \/> 2001<\/strong><\/p>\n<p>[\/et_pb_blurb][\/et_pb_column][\/et_pb_row][et_pb_row _builder_version=&#8221;3.25&#8243; custom_margin=&#8221;50px||&#8221; custom_padding=&#8221;50px||&#8221; box_shadow_style=&#8221;preset6&#8243;][et_pb_column type=&#8221;4_4&#8243; _builder_version=&#8221;3.25&#8243; custom_padding=&#8221;|||&#8221; custom_padding__hover=&#8221;|||&#8221;][et_pb_blurb title=&#8221;Chacan Pi&#8221; url=&#8221;https:\/\/delajara.com\/wp-content\/uploads\/2019\/07\/pi2.jpg&#8221; url_new_window=&#8221;on&#8221; image=&#8221;https:\/\/delajara.com\/wp-content\/uploads\/2019\/07\/pi2.jpg&#8221; content_max_width=&#8221;78%&#8221; _builder_version=&#8221;3.24.1&#8243; text_orientation=&#8221;center&#8221; link_option_url=&#8221;https:\/\/delajara.com\/wp-content\/uploads\/2019\/07\/pi2.jpg&#8221; link_option_url_new_window=&#8221;on&#8221; box_shadow_style_image=&#8221;preset3&#8243;]<\/p>\n<p>Detalle interior | inner detail<\/p>\n<p>[\/et_pb_blurb][\/et_pb_column][\/et_pb_row][et_pb_row _builder_version=&#8221;3.25&#8243; custom_padding=&#8221;114px|||||&#8221;][et_pb_column type=&#8221;4_4&#8243; _builder_version=&#8221;3.25&#8243; custom_padding=&#8221;|||&#8221; custom_padding__hover=&#8221;|||&#8221;][et_pb_blurb title=&#8221;Jard\u00edn cerrado&#8221; url=&#8221;https:\/\/delajara.com\/wp-content\/uploads\/2019\/07\/JARD\u00cdN-CERRADO-2000.png&#8221; url_new_window=&#8221;on&#8221; image=&#8221;https:\/\/delajara.com\/wp-content\/uploads\/2019\/07\/JARD\u00cdN-CERRADO-2000.png&#8221; content_max_width=&#8221;90%&#8221; _builder_version=&#8221;3.24.1&#8243; text_orientation=&#8221;center&#8221; link_option_url=&#8221;https:\/\/delajara.com\/wp-content\/uploads\/2019\/07\/JARD\u00cdN-CERRADO-2000.png&#8221; link_option_url_new_window=&#8221;on&#8221;]<\/p>\n<p>\u00d3leo sobre lino<br \/>montado en tabla<br \/>117,5 x 183 cm<br \/>Colecci\u00f3n privada<br \/><strong>Munich<br \/>2000<br \/> <\/strong><\/p>\n<p>[\/et_pb_blurb][\/et_pb_column][\/et_pb_row][et_pb_row _builder_version=&#8221;3.25&#8243; custom_padding=&#8221;50px||&#8221;][et_pb_column type=&#8221;4_4&#8243; _builder_version=&#8221;3.25&#8243; custom_padding=&#8221;|||&#8221; custom_padding__hover=&#8221;|||&#8221;][et_pb_blurb title=&#8221;\u00c1ngela ad\u00f3nica&#8221; url=&#8221;https:\/\/delajara.com\/wp-content\/uploads\/2019\/07\/\u00c1ngea-ad\u00f3nica-detalle.jpg&#8221; url_new_window=&#8221;on&#8221; image=&#8221;https:\/\/delajara.com\/wp-content\/uploads\/2019\/12\/Angela-Adonica2-1.jpg&#8221; content_max_width=&#8221;85%&#8221; _builder_version=&#8221;4.6.3&#8243; text_orientation=&#8221;center&#8221; link_option_url=&#8221;https:\/\/delajara.com\/wp-content\/uploads\/2019\/07\/\u00c1ngea-ad\u00f3nica-detalle.jpg&#8221; link_option_url_new_window=&#8221;on&#8221;]<\/p>\n<p>\u00d3leo sobre<br \/> madera, seda, bronce,<br \/> pan de oro<strong><br \/> <\/strong>57.5 x 81 cm<br \/>Colecci\u00f3n privada<strong><br \/> 2000<\/strong><\/p>\n<p>[\/et_pb_blurb][\/et_pb_column][\/et_pb_row][et_pb_row _builder_version=&#8221;3.25&#8243; custom_margin=&#8221;50px||&#8221; custom_padding=&#8221;50px||&#8221; box_shadow_style=&#8221;preset6&#8243;][et_pb_column type=&#8221;4_4&#8243; _builder_version=&#8221;3.25&#8243; custom_padding=&#8221;|||&#8221; custom_padding__hover=&#8221;|||&#8221;][et_pb_blurb title=&#8221;CHACAN PI&#8221; url=&#8221;https:\/\/delajara.com\/wp-content\/uploads\/2019\/07\/pi3.jpg&#8221; url_new_window=&#8221;on&#8221; image=&#8221;https:\/\/delajara.com\/wp-content\/uploads\/2019\/07\/pi3.jpg&#8221; content_max_width=&#8221;78%&#8221; _builder_version=&#8221;4.0.7&#8243; text_orientation=&#8221;center&#8221; link_option_url=&#8221;https:\/\/delajara.com\/wp-content\/uploads\/2019\/07\/pi3.jpg&#8221; link_option_url_new_window=&#8221;on&#8221; box_shadow_style_image=&#8221;preset3&#8243;]<\/p>\n<p>Taller Laboratoio Nicoli<br \/>Carrara<br \/><strong>2000<\/p>\n<p>Work in progress <br \/><\/strong><\/p>\n<p>[\/et_pb_blurb][\/et_pb_column][\/et_pb_row][et_pb_row _builder_version=&#8221;3.25&#8243; custom_margin=&#8221;50px||&#8221; custom_padding=&#8221;50px||&#8221; box_shadow_style=&#8221;preset6&#8243;][et_pb_column type=&#8221;4_4&#8243; _builder_version=&#8221;3.25&#8243; custom_padding=&#8221;|||&#8221; custom_padding__hover=&#8221;|||&#8221;][et_pb_blurb title=&#8221;Wunsch und Ged\u00e4chtnis&#8221; url=&#8221;https:\/\/delajara.com\/wp-content\/uploads\/2019\/12\/Minerva-scaled.jpg&#8221; url_new_window=&#8221;on&#8221; image=&#8221;https:\/\/delajara.com\/wp-content\/uploads\/2020\/07\/Wunsch_k.jpg&#8221; content_max_width=&#8221;75%&#8221; _builder_version=&#8221;4.0.7&#8243; text_orientation=&#8221;center&#8221; link_option_url=&#8221;https:\/\/delajara.com\/wp-content\/uploads\/2019\/12\/Minerva-scaled.jpg&#8221; link_option_url_new_window=&#8221;on&#8221; box_shadow_style_image=&#8221;preset3&#8243;]<\/p>\n<p>Deseo y Memoria | Desire and Memory<\/p>\n<p><span style=\"font-size: 14px;\">Granit &#8220;Cape Green&#8221;<br \/><\/span><span style=\"font-size: 14px;\">Max-Planck-Gesellschaft<br \/><\/span><strong> 1999<\/strong><\/p>\n<p>[\/et_pb_blurb][\/et_pb_column][\/et_pb_row][et_pb_row _builder_version=&#8221;3.25&#8243; custom_padding=&#8221;50px||&#8221;][et_pb_column type=&#8221;4_4&#8243; _builder_version=&#8221;3.25&#8243; custom_padding=&#8221;|||&#8221; custom_padding__hover=&#8221;|||&#8221;][et_pb_blurb title=&#8221;Dos mujeres&#8221; url=&#8221;https:\/\/delajara.com\/wp-content\/uploads\/2019\/07\/2-MUjERES-1998-copia.jpg&#8221; url_new_window=&#8221;on&#8221; image=&#8221;https:\/\/delajara.com\/wp-content\/uploads\/2019\/07\/2-MUjERES-1998-copia.jpg&#8221; content_max_width=&#8221;90%&#8221; _builder_version=&#8221;4.6.3&#8243; text_orientation=&#8221;center&#8221; link_option_url=&#8221;https:\/\/delajara.com\/wp-content\/uploads\/2019\/07\/2-MUjERES-1998-copia.jpg&#8221; link_option_url_new_window=&#8221;on&#8221; box_shadow_style_image=&#8221;preset3&#8243;]<\/p>\n<p>\u00d3leo sobre tela<br \/> 100 x 185 cm<br \/> Colecci\u00f3n privada, Miami, USA<strong><br \/> 1998-1999<\/strong><\/p>\n<p>[\/et_pb_blurb][\/et_pb_column][\/et_pb_row][\/et_pb_section][et_pb_section fb_built=&#8221;1&#8243; admin_label=&#8221;About Me&#8221; module_id=&#8221;sculpt_en&#8221; _builder_version=&#8221;3.26.3&#8243; custom_margin=&#8221;-1px|||||&#8221; global_module=&#8221;607&#8243; saved_tabs=&#8221;all&#8221;][et_pb_row _builder_version=&#8221;3.25&#8243; custom_margin=&#8221;50px||&#8221; custom_padding=&#8221;50px||&#8221; box_shadow_style=&#8221;preset6&#8243;][et_pb_column type=&#8221;4_4&#8243; _builder_version=&#8221;3.25&#8243; custom_padding=&#8221;|||&#8221; custom_padding__hover=&#8221;|||&#8221;][et_pb_blurb title=&#8221;Ni\u00f1o con fuego y agua&#8221; url=&#8221;https:\/\/delajara.com\/wp-content\/uploads\/2020\/07\/Nino.jpg&#8221; url_new_window=&#8221;on&#8221; image=&#8221;https:\/\/delajara.com\/wp-content\/uploads\/2020\/07\/Nino.jpg&#8221; content_max_width=&#8221;78%&#8221; _builder_version=&#8221;4.0.7&#8243; text_orientation=&#8221;center&#8221; link_option_url=&#8221;https:\/\/delajara.com\/wp-content\/uploads\/2020\/07\/Nino.jpg&#8221; link_option_url_new_window=&#8221;on&#8221; box_shadow_style_image=&#8221;preset3&#8243;]<\/p>\n<p>Bronze, Wasser, Feuer<br \/> 90 \u00d7 30 \u00d7 30 cm<br \/> Auflage 7<strong><br \/> 1992<\/strong><\/p>\n<p>[\/et_pb_blurb][\/et_pb_column][\/et_pb_row][et_pb_row _builder_version=&#8221;3.25&#8243; custom_padding=&#8221;95px|||||&#8221;][et_pb_column type=&#8221;4_4&#8243; _builder_version=&#8221;3.25&#8243; custom_padding=&#8221;|||&#8221; custom_padding__hover=&#8221;|||&#8221;][et_pb_blurb title=&#8221;El Caf\u00e9&#8221; url=&#8221;https:\/\/delajara.com\/wp-content\/uploads\/2019\/12\/El-Caf\u00e92.jpg&#8221; url_new_window=&#8221;on&#8221; image=&#8221;https:\/\/delajara.com\/wp-content\/uploads\/2019\/12\/El-Caf\u00e92.jpg&#8221; content_max_width=&#8221;78%&#8221; _builder_version=&#8221;4.0.7&#8243; text_orientation=&#8221;center&#8221; link_option_url=&#8221;https:\/\/delajara.com\/wp-content\/uploads\/2019\/12\/El-Caf\u00e92.jpg&#8221; link_option_url_new_window=&#8221;on&#8221;]<\/p>\n<p>\u00d3leo sobre madera<br \/> 180 x 230 cm<br \/> Colecci\u00f3n del Museo de Arte<br \/> del Banco Central de Reserva del Per\u00fa<strong><br \/> 1997<\/strong><\/p>\n<p>[\/et_pb_blurb][\/et_pb_column][\/et_pb_row][et_pb_row _builder_version=&#8221;3.25&#8243; custom_padding=&#8221;28px|||||&#8221;][et_pb_column type=&#8221;4_4&#8243; _builder_version=&#8221;3.25&#8243; custom_padding=&#8221;|||&#8221; custom_padding__hover=&#8221;|||&#8221;][et_pb_blurb title=&#8221;TRAUM I (Sue\u00f1o I)&#8221; url=&#8221;https:\/\/delajara.com\/wp-content\/uploads\/2020\/08\/Traum_I.jpg&#8221; url_new_window=&#8221;on&#8221; image=&#8221;https:\/\/delajara.com\/wp-content\/uploads\/2020\/08\/Traum_I.jpg&#8221; content_max_width=&#8221;78%&#8221; _builder_version=&#8221;4.0.7&#8243; text_orientation=&#8221;center&#8221; link_option_url=&#8221;https:\/\/delajara.com\/wp-content\/uploads\/2020\/08\/Traum_I.jpg&#8221; link_option_url_new_window=&#8221;on&#8221;]<\/p>\n<p>T\u00e9chnica mixta sobre lino<br \/>175 x 170 cm<br \/> Propiedad privada<br \/> Munich<strong><br \/> 1986-88<\/strong><\/p>\n<p>[\/et_pb_blurb][\/et_pb_column][\/et_pb_row][et_pb_row _builder_version=&#8221;3.25&#8243; custom_padding=&#8221;28px|||||&#8221;][et_pb_column type=&#8221;4_4&#8243; _builder_version=&#8221;3.25&#8243; custom_padding=&#8221;|||&#8221; custom_padding__hover=&#8221;|||&#8221;][et_pb_blurb title=&#8221;Pol\u00edptico del bar&#8221; url=&#8221;https:\/\/delajara.com\/wp-content\/uploads\/2020\/08\/Pol\u00edptico-del-bar.jpg&#8221; url_new_window=&#8221;on&#8221; image=&#8221;https:\/\/delajara.com\/wp-content\/uploads\/2020\/08\/Pol\u00edptico-del-bar.jpg&#8221; content_max_width=&#8221;100%&#8221; _builder_version=&#8221;4.0.7&#8243; text_orientation=&#8221;center&#8221; link_option_url=&#8221;https:\/\/delajara.com\/wp-content\/uploads\/2020\/08\/Pol\u00edptico-del-bar.jpg&#8221; link_option_url_new_window=&#8221;on&#8221;]<\/p>\n<p>\u00d3leo sobre lino, meddias variables<br \/> ca. 170 x 500 cm<br \/> Colecci\u00f3n Privada<br \/> Abu Dabi<strong><br \/> 1985-86<\/strong><\/p>\n<p>[\/et_pb_blurb][\/et_pb_column][\/et_pb_row][\/et_pb_section][et_pb_section fb_built=&#8221;1&#8243; admin_label=&#8221;About Me&#8221; module_id=&#8221;instal_en&#8221; _builder_version=&#8221;4.0.7&#8243; global_module=&#8221;608&#8243; saved_tabs=&#8221;all&#8221;][\/et_pb_section][et_pb_section fb_built=&#8221;1&#8243; admin_label=&#8221;About Me&#8221; module_id=&#8221;obra_en&#8221; _builder_version=&#8221;4.0.7&#8243; global_module=&#8221;609&#8243; saved_tabs=&#8221;all&#8221;][et_pb_row _builder_version=&#8221;3.25&#8243; custom_padding=&#8221;50px||&#8221;][et_pb_column type=&#8221;4_4&#8243; _builder_version=&#8221;3.25&#8243; custom_padding=&#8221;|||&#8221; custom_padding__hover=&#8221;|||&#8221;][et_pb_text _builder_version=&#8221;4.0.7&#8243;]<\/p>\n<h1 style=\"text-align: center;\"><a href=\"https:\/\/delajara.com\/wp-content\/uploads\/2020\/07\/Nino.jpg\">P<\/a>RINTS<\/h1>\n<p>[\/et_pb_text][\/et_pb_column][\/et_pb_row][et_pb_row _builder_version=&#8221;3.25&#8243; custom_padding=&#8221;50px||&#8221;][et_pb_column type=&#8221;4_4&#8243; _builder_version=&#8221;3.25&#8243; custom_padding=&#8221;|||&#8221; custom_padding__hover=&#8221;|||&#8221;][et_pb_blurb title=&#8221;Flug&#8221; url=&#8221;https:\/\/delajara.com\/wp-content\/uploads\/2019\/12\/Flug-2003_2.jpg&#8221; url_new_window=&#8221;on&#8221; image=&#8221;https:\/\/delajara.com\/wp-content\/uploads\/2019\/12\/Flug-2003_2.jpg&#8221; content_max_width=&#8221;60%&#8221; _builder_version=&#8221;4.0.7&#8243; text_orientation=&#8221;center&#8221; link_option_url=&#8221;https:\/\/delajara.com\/wp-content\/uploads\/2019\/12\/Flug-2003_2.jpg&#8221; link_option_url_new_window=&#8221;on&#8221; box_shadow_style_image=&#8221;preset3&#8243;]<\/p>\n<p>variable size<br \/> Original Fineart Glicl\u00e8e Print<strong><br \/> <\/strong><\/p>\n<p>[\/et_pb_blurb][\/et_pb_column][\/et_pb_row][et_pb_row _builder_version=&#8221;3.25&#8243; custom_padding=&#8221;50px||&#8221;][et_pb_column type=&#8221;4_4&#8243; _builder_version=&#8221;3.25&#8243; custom_padding=&#8221;|||&#8221; custom_padding__hover=&#8221;|||&#8221;][et_pb_blurb title=&#8221;Seilt\u00e4nzer&#8221; url=&#8221;https:\/\/delajara.com\/wp-content\/uploads\/2019\/12\/seiltaenzer.jpg&#8221; url_new_window=&#8221;on&#8221; image=&#8221;https:\/\/delajara.com\/wp-content\/uploads\/2019\/12\/seiltaenzer.jpg&#8221; content_max_width=&#8221;75%&#8221; _builder_version=&#8221;4.0.7&#8243; text_orientation=&#8221;center&#8221; link_option_url=&#8221;https:\/\/delajara.com\/wp-content\/uploads\/2019\/12\/seiltaenzer.jpg&#8221; link_option_url_new_window=&#8221;on&#8221; box_shadow_style_image=&#8221;preset3&#8243;]<\/p>\n<p>variable size<br \/> Original Fineart Glicl\u00e8e Print<\/p>\n<p>[\/et_pb_blurb][\/et_pb_column][\/et_pb_row][et_pb_row _builder_version=&#8221;3.25&#8243; custom_padding=&#8221;50px||&#8221;][et_pb_column type=&#8221;4_4&#8243; _builder_version=&#8221;3.25&#8243; custom_padding=&#8221;|||&#8221; custom_padding__hover=&#8221;|||&#8221;][et_pb_blurb title=&#8221;Onsen&#8221; url=&#8221;https:\/\/delajara.com\/wp-content\/uploads\/2019\/12\/Onsen-scaled.jpg&#8221; url_new_window=&#8221;on&#8221; image=&#8221;https:\/\/delajara.com\/wp-content\/uploads\/2019\/12\/Onsen-scaled.jpg&#8221; content_max_width=&#8221;45%&#8221; _builder_version=&#8221;4.0.7&#8243; text_orientation=&#8221;center&#8221; link_option_url=&#8221;https:\/\/delajara.com\/wp-content\/uploads\/2019\/12\/Onsen-scaled.jpg&#8221; link_option_url_new_window=&#8221;on&#8221; box_shadow_style_image=&#8221;preset3&#8243;]<\/p>\n<p>variable size<br \/> Original Fineart Glicl\u00e8e Print<\/p>\n<p>[\/et_pb_blurb][\/et_pb_column][\/et_pb_row][et_pb_row _builder_version=&#8221;3.25&#8243; custom_padding=&#8221;50px||&#8221;][et_pb_column type=&#8221;4_4&#8243; _builder_version=&#8221;3.25&#8243; custom_padding=&#8221;|||&#8221; custom_padding__hover=&#8221;|||&#8221;][et_pb_blurb title=&#8221;Mujer y mono&#8221; url=&#8221;https:\/\/delajara.com\/wp-content\/uploads\/2019\/12\/Mujer-y-mono-Schicksal.jpg&#8221; url_new_window=&#8221;on&#8221; image=&#8221;https:\/\/delajara.com\/wp-content\/uploads\/2019\/12\/Mujer-y-mono-Schicksal.jpg&#8221; content_max_width=&#8221;75%&#8221; _builder_version=&#8221;4.0.7&#8243; text_orientation=&#8221;center&#8221; link_option_url=&#8221;https:\/\/delajara.com\/wp-content\/uploads\/2019\/12\/Mujer-y-mono-Schicksal.jpg&#8221; link_option_url_new_window=&#8221;on&#8221; box_shadow_style_image=&#8221;preset3&#8243;]<\/p>\n<p>variable size<br \/> Original Fineart Glicl\u00e8e Print<\/p>\n<p>[\/et_pb_blurb][\/et_pb_column][\/et_pb_row][et_pb_row _builder_version=&#8221;3.25&#8243; custom_padding=&#8221;50px||&#8221;][et_pb_column type=&#8221;4_4&#8243; _builder_version=&#8221;3.25&#8243; custom_padding=&#8221;|||&#8221; custom_padding__hover=&#8221;|||&#8221;][et_pb_blurb title=&#8221;Ausflug&#8221; url=&#8221;https:\/\/delajara.com\/wp-content\/uploads\/2019\/12\/AUSFLUG.jpg&#8221; url_new_window=&#8221;on&#8221; image=&#8221;https:\/\/delajara.com\/wp-content\/uploads\/2019\/12\/AUSFLUG.jpg&#8221; content_max_width=&#8221;55%&#8221; _builder_version=&#8221;4.0.7&#8243; text_orientation=&#8221;center&#8221; link_option_url=&#8221;https:\/\/delajara.com\/wp-content\/uploads\/2019\/12\/AUSFLUG.jpg&#8221; link_option_url_new_window=&#8221;on&#8221; box_shadow_style_image=&#8221;preset3&#8243;]<\/p>\n<p>variable size<br \/> Original Fineart Glicl\u00e8e Print<\/p>\n<p>[\/et_pb_blurb][\/et_pb_column][\/et_pb_row][et_pb_row _builder_version=&#8221;3.25&#8243; custom_padding=&#8221;50px||&#8221;][et_pb_column type=&#8221;4_4&#8243; _builder_version=&#8221;3.25&#8243; custom_padding=&#8221;|||&#8221; custom_padding__hover=&#8221;|||&#8221;][et_pb_blurb title=&#8221;Das Feuer&#8221; url=&#8221;https:\/\/delajara.com\/wp-content\/uploads\/2019\/12\/gal04-das-feuer.jpg&#8221; url_new_window=&#8221;on&#8221; image=&#8221;https:\/\/delajara.com\/wp-content\/uploads\/2019\/12\/gal04-das-feuer.jpg&#8221; content_max_width=&#8221;75%&#8221; _builder_version=&#8221;4.0.7&#8243; text_orientation=&#8221;center&#8221; link_option_url=&#8221;https:\/\/delajara.com\/wp-content\/uploads\/2019\/12\/gal04-das-feuer.jpg&#8221; link_option_url_new_window=&#8221;on&#8221; box_shadow_style_image=&#8221;preset3&#8243;]<\/p>\n<p>Litographie,<br \/>Edici\u00f3n especial de 21 ejemplares<br \/>18 x 22 cm<\/p>\n<p>[\/et_pb_blurb][\/et_pb_column][\/et_pb_row][\/et_pb_section][et_pb_section fb_built=&#8221;1&#8243; admin_label=&#8221;About Me&#8221; module_id=&#8221;text_es&#8221; _builder_version=&#8221;4.0.7&#8243; custom_margin=&#8221;-3px||||false|false&#8221; custom_padding=&#8221;0px||2px|||&#8221;][et_pb_row _builder_version=&#8221;4.0.7&#8243;][et_pb_column type=&#8221;4_4&#8243; _builder_version=&#8221;4.0.7&#8243;][et_pb_text _builder_version=&#8221;4.0.7&#8243;]<\/p>\n<h1 style=\"text-align: center;\">Statement<\/h1>\n<p>&nbsp;<\/p>\n<p>[\/et_pb_text][\/et_pb_column][\/et_pb_row][et_pb_row _builder_version=&#8221;3.26.3&#8243; custom_margin=&#8221;-41px||&#8221; custom_padding=&#8221;56px|||||&#8221; locked=&#8221;off&#8221;][et_pb_column type=&#8221;4_4&#8243; _builder_version=&#8221;3.25&#8243; custom_padding=&#8221;|||&#8221; custom_padding__hover=&#8221;|||&#8221;][et_pb_image src=&#8221;https:\/\/delajara.com\/wp-content\/uploads\/2019\/07\/Fernando-DE-LA-JARA.jpg&#8221; align=&#8221;center&#8221; align_tablet=&#8221;center&#8221; align_phone=&#8221;&#8221; align_last_edited=&#8221;on|desktop&#8221; module_id=&#8221;present_es&#8221; _builder_version=&#8221;4.0.7&#8243; background_size=&#8221;initial&#8221; width=&#8221;30%&#8221; custom_padding=&#8221;||31px&#8221; filter_opacity=&#8221;83%&#8221; box_shadow_style=&#8221;preset3&#8243;][\/et_pb_image][et_pb_text _builder_version=&#8221;3.27.4&#8243; text_font=&#8221;||||||||&#8221; text_font_size=&#8221;17px&#8221; text_line_height=&#8221;1.5em&#8221; header_font=&#8221;||||||||&#8221; text_orientation=&#8221;justify&#8221; width_tablet=&#8221;100%&#8221; width_last_edited=&#8221;off|desktop&#8221; module_alignment=&#8221;left&#8221; custom_padding=&#8221;0px||&#8221; text_font_size_tablet=&#8221;&#8221; text_font_size_phone=&#8221;15px&#8221; text_font_size_last_edited=&#8221;on|desktop&#8221; text_line_height_tablet=&#8221;&#8221; text_line_height_phone=&#8221;1.6em&#8221; text_line_height_last_edited=&#8221;on|desktop&#8221; text_text_align=&#8221;justify&#8221; saved_tabs=&#8221;all&#8221; inline_fonts=&#8221;Trebuchet,Cormorant Garamond,Cormorant Infant&#8221;]<\/p>\n<p><span style=\"font-family: Cormorant Infant; font-weight: normal; font-size: large;\">Entiendo la pintura y todas las artes visuales que practico, esencialmente, como una forma de hacer poes\u00eda con im\u00e1genes. Poes\u00eda expresada a trav\u00e9s de la forma, la palabra, el sonido o el movimiento. Poes\u00eda tambi\u00e9n cargada de lo sensorial; en la que seres y objetos son acariciados por la mirada, se tocan, se huelen, est\u00e1n. Hay misterio, suspenso, algo est\u00e1 ocurriendo en cada escena, porque escenas son, a veces, de un instante retenido para hacerlo eterno. No como una instant\u00e1nea fugaz de lo real sino como afirmaci\u00f3n de la duraci\u00f3n sin fin de una experiencia. La lechera de Vermeer nunca termina de vaciar su c\u00e1ntaro, mana permanentemente y en ese manar nos aguarda para que podamos entender la maravilla de manar, simplemente; ese manar que nos dice: \u201c\u00bfCrees que lo has entendidotodo? Pues no. Sigo aqu\u00ed, sigo manando y sigo fascin\u00e1ndote\u201d. Esta paradoja es la que motiva mi pintura.<\/span><\/p>\n<p><span style=\"font-family: Cormorant Infant; font-weight: normal; font-size: large;\"><\/span><\/p>\n<p>[\/et_pb_text][\/et_pb_column][\/et_pb_row][et_pb_row _builder_version=&#8221;3.26.3&#8243; custom_margin=&#8221;-48px||&#8221; locked=&#8221;off&#8221;][et_pb_column type=&#8221;4_4&#8243; _builder_version=&#8221;3.25&#8243; custom_padding=&#8221;|||&#8221; custom_padding__hover=&#8221;|||&#8221;][et_pb_text _builder_version=&#8221;3.27.4&#8243; text_font=&#8221;||||||||&#8221; text_font_size=&#8221;17px&#8221; text_line_height=&#8221;1.5em&#8221; header_font=&#8221;||||||||&#8221; text_orientation=&#8221;justify&#8221; width_tablet=&#8221;100%&#8221; width_last_edited=&#8221;off|desktop&#8221; module_alignment=&#8221;left&#8221; text_font_size_tablet=&#8221;&#8221; text_font_size_phone=&#8221;15px&#8221; text_font_size_last_edited=&#8221;on|desktop&#8221; text_line_height_tablet=&#8221;&#8221; text_line_height_phone=&#8221;1.6em&#8221; text_line_height_last_edited=&#8221;on|desktop&#8221; text_text_align=&#8221;justify&#8221; saved_tabs=&#8221;all&#8221; inline_fonts=&#8221;Trebuchet,Cormorant Garamond,Cormorant Infant&#8221;]<\/p>\n<p><span style=\"font-weight: normal; font-family: Cormorant Infant; font-size: large;\">Como soy un pintor no formado en academia, lanzarme a la conquista del oficio me llev\u00f3 a buscarlo en los museos de medio mundo, los talleres de maestros de la pintura contempor\u00e1nea, as\u00ed como a centros de investigaci\u00f3n en nuevas tecnolog\u00edas. He seguido con inter\u00e9s la actualidad del arte contempor\u00e1neo sin por ello sentirme adscrito a ning\u00fan ismo. Creo que pintar\u00eda igual si hubiera nacido hace 400 a\u00f1os o dentro de cien. Mi aprendizaje est\u00e1 en cada obra y en la manera en que esta se descubre a s\u00ed misma. De modo que mientras en las escuelas de arte se ense\u00f1a que un paisaje debe tener un formato horizontal oun retrato uno vertical, yo, sin tomar en cuenta estos preceptos cl\u00e1sicos, me he encontrado haciendopaisajes verticales y redondos, as\u00ed como tambi\u00e9n realizando lo que llamo obras \u201cde formas morales\u201d,pol\u00edpticos que se recortan y reparten fragmentados en el espacio extendi\u00e9ndose como en un paneocinematogr\u00e1fico en varias direcciones, siempre en funci\u00f3n de su imprescindible necesidad de composici\u00f3n y vivencia pict\u00f3rica.<\/span><\/p>\n<p><span style=\"font-weight: normal; font-family: Cormorant Infant; font-size: large;\">Este es el camino que, desde que tengo memoria, he tomado para la realizaci\u00f3n de mi obra; sea en la pintura, la escultura o las video-instalaciones. Subyugado o maravillado siempre por la variedad de posibilidades que se abren para realizar un poema visual sin m\u00e1s recurso que la imagen; es decir, para mostrar la esencia pre-verbal de todo lo visible anterior a la palabra, a la idea o el pensamiento incluso; ese lugar que solo nos es permitido alcanzar por medio de un humilde pincel. Por todo ello es que tomo, en medio de este mundo secular y mecanizado, el bello oficio de pintar a mano y memoria, aliado con la \u201chermana torpeza\u201d que es la que nos permite reconocernos como seres humanos y no perder el anhelo.<\/span><\/p>\n<p><span style=\"font-weight: normal; font-family: Cormorant Infant; font-size: large;\">De esta precaria empresa, obstinada y amorosa, nacen como un peque\u00f1o milagro mis cuadros, mis<br \/>piedras talladas, incluso mis multidisciplinarias instalaciones. Una obra que, como lo dijo eficazmente<br \/>San Agust\u00edn: \u201cSi nadie me pregunta s\u00e9, pero si trato de explicarla no s\u00e9\u201d. Y est\u00e1 bien que sea as\u00ed, para<br \/>m\u00ed sobre todo y tambi\u00e9n para quien quiera disfrutarla.<\/span><\/p>\n<p><span class=\"headline\" style=\"font-size: large;\">FERNANDO DE LA JARA<\/span>\u00a0<\/p>\n<p><span style=\"font-family: Cormorant Infant; font-weight: normal; font-size: large;\"><\/span><\/p>\n<p>[\/et_pb_text][\/et_pb_column][\/et_pb_row][et_pb_row _builder_version=&#8221;4.0.7&#8243; width_tablet=&#8221;80%&#8221; width_phone=&#8221;100%&#8221; width_last_edited=&#8221;on|tablet&#8221; custom_margin=&#8221;|auto||auto||&#8221; locked=&#8221;off&#8221;][et_pb_column type=&#8221;4_4&#8243; _builder_version=&#8221;3.25&#8243; custom_padding=&#8221;|||&#8221; custom_padding__hover=&#8221;|||&#8221;][et_pb_text _builder_version=&#8221;4.0.7&#8243; text_font=&#8221;||||||||&#8221; text_font_size=&#8221;17px&#8221; text_line_height=&#8221;1.5em&#8221; header_font=&#8221;||||||||&#8221; background_image=&#8221;https:\/\/delajara.com\/wp-content\/uploads\/2019\/07\/2015.-SEDA-light.jpg&#8221; background_position=&#8221;top_center&#8221; text_orientation=&#8221;justify&#8221; width_tablet=&#8221;100%&#8221; width_last_edited=&#8221;off|desktop&#8221; module_alignment=&#8221;left&#8221; custom_padding=&#8221;33px|30px|33px|30px|true|true&#8221; text_font_size_tablet=&#8221;&#8221; text_font_size_phone=&#8221;15px&#8221; text_font_size_last_edited=&#8221;on|desktop&#8221; text_line_height_tablet=&#8221;&#8221; text_line_height_phone=&#8221;1.6em&#8221; text_line_height_last_edited=&#8221;on|desktop&#8221; text_text_align=&#8221;justify&#8221; saved_tabs=&#8221;all&#8221; inline_fonts=&#8221;Trebuchet,Cormorant Garamond,Cormorant Infant&#8221;]<\/p>\n<h1 style=\"text-align: center;\"><span style=\"font-family: Cormorant Infant; font-weight: normal; font-size: large;\"><\/span><span class=\"headline\">LA PINTURA<\/span><\/h1>\n<h2 style=\"text-align: center;\"><span class=\"headline\">DE <\/span><span class=\"headline\">FERNANDO DE LA JARA<\/span><\/h2>\n<p>&nbsp;<\/p>\n<p style=\"text-align: center;\"><span style=\"font-size: large;\"><em><span style=\"font-weight: normal;\">Af\u00e1n de maravilla.<br \/> Delicada sensibilidad y recreaci\u00f3n exquisita de lo sensible.<br \/> <\/span><\/em><em><span style=\"font-weight: normal;\">Una manera de poes\u00eda, con formas y colores, en constante evoluci\u00f3n;<br \/> de lo complejo a lo simple. Adem\u00e1s pureza de linea que deja perplejo y encanta.<\/span><\/em><\/span><\/p>\n<p style=\"text-align: center;\"><span style=\"font-size: large;\"><em><span style=\"font-weight: normal;\">Dentro de la tradici\u00f3n occidental,<br \/> expresi\u00f3n de una sensibilidad esencialmente latinoamericana;<br \/> peruana, lime\u00f1a, con acentos n\u00f3rdicos de Europa y nostalgia del Mediterr\u00e1neo.<\/span><\/em><\/span><\/p>\n<p style=\"text-align: center;\"><span style=\"font-size: large;\"><em><span style=\"font-weight: normal;\">Ahora y siempre &#8211; entre ni\u00f1o y adolecente &#8211; asombro ante el misterio de las cosas.<\/span><\/em><\/span><\/p>\n<p style=\"text-align: center;\"><span style=\"font-size: large;\"><em><span style=\"font-weight: normal;\">Atenci\u00f3n a los detalles, recreados minuciosamente por el placer del milagro. De lo visible a lo invisible. Fascinaci\u00f3n por los encajes <\/span><span style=\"font-weight: normal;\">y las enaguas. Exaltaci\u00f3n de la doncella, puerta a jard\u00edn de delicias iluminado.<\/span><\/em><\/span><\/p>\n<p style=\"text-align: center;\"><span style=\"font-size: large;\"><em><span style=\"font-weight: normal;\">Realista, re-crea la realidad s\u00f3lo como resuena en su conciencia \u2013 pasando, <\/span><span style=\"font-weight: normal;\">as\u00ed, por la abstracci\u00f3n. Creaci\u00f3n fr\u00e1gil en este mundo contempor\u00e1neo, donde se evita la resonancia: \u201cque nada resuene dentro de nuestros corazones\u201d, parece ser la pedagog\u00eda pr\u00e1ctica corriente.<\/span><\/em><\/span><\/p>\n<p style=\"text-align: center;\"><span style=\"font-size: large;\"><em><span style=\"font-weight: normal;\">Pintor galante, c\u00f3mo siente las maravillas que la vida le deja ver; tan pudorosa, tan seductora&#8230;<\/span><\/em><\/span><\/p>\n<p style=\"text-align: center;\"><span style=\"font-size: large;\"><em><span style=\"font-weight: normal;\">Utilizando pinceles y colores, generalmente al oleo, \u00e9l pinta <\/span><span style=\"font-weight: normal;\">con amor y ritmo; en los \u00faltimos a\u00f1os, recurre a la sabidur\u00eda griega <\/span><span style=\"font-weight: normal;\">en la pintura y aprende con Polignoto. Su ayuno de colores; un banquete de armon\u00eda.<\/span><\/em><\/span><\/p>\n<p style=\"text-align: center;\"><span style=\"font-size: large;\"><em><span style=\"font-weight: normal;\">Hay como una promesa encerrada de primavera.<\/span><\/em><\/span><\/p>\n<p style=\"text-align: center;\"><span style=\"font-weight: normal; font-size: large;\"><strong><em>Escrito el 4 de Septiembre del a\u00f1o 2001<\/em><\/strong><\/span><br \/><span style=\"font-weight: normal; font-size: large;\"> <strong><em> en Puri \u2013 Bali<\/em><\/strong><\/span><br \/><span style=\"font-weight: normal; font-size: large;\"> <strong><em> Symeon<\/em><\/strong><\/span><\/p>\n<p><span style=\"font-family: Cormorant Infant; font-weight: normal; font-size: large;\"><\/span><\/p>\n<p>[\/et_pb_text][\/et_pb_column][\/et_pb_row][et_pb_row _builder_version=&#8221;4.0.7&#8243; width=&#8221;95%&#8221; width_tablet=&#8221;&#8221; width_phone=&#8221;90%&#8221; width_last_edited=&#8221;on|phone&#8221; custom_margin=&#8221;|auto||auto||&#8221; locked=&#8221;off&#8221;][et_pb_column type=&#8221;4_4&#8243; _builder_version=&#8221;3.25&#8243; custom_padding=&#8221;|||&#8221; custom_padding__hover=&#8221;|||&#8221;][et_pb_text _builder_version=&#8221;4.0.7&#8243; text_font=&#8221;||||||||&#8221; text_font_size=&#8221;17px&#8221; text_line_height=&#8221;1.5em&#8221; header_font=&#8221;||||||||&#8221; background_color=&#8221;rgba(0,0,0,0)&#8221; background_position=&#8221;top_center&#8221; text_orientation=&#8221;justify&#8221; width_tablet=&#8221;100%&#8221; width_last_edited=&#8221;off|desktop&#8221; module_alignment=&#8221;left&#8221; min_height=&#8221;1241px&#8221; custom_margin=&#8221;||-2px|||&#8221; custom_padding=&#8221;33px|30px|33px|30px|true|true&#8221; text_font_size_tablet=&#8221;&#8221; text_font_size_phone=&#8221;15px&#8221; text_font_size_last_edited=&#8221;on|desktop&#8221; text_line_height_tablet=&#8221;&#8221; text_line_height_phone=&#8221;1.6em&#8221; text_line_height_last_edited=&#8221;on|desktop&#8221; text_text_align=&#8221;justify&#8221; saved_tabs=&#8221;all&#8221; inline_fonts=&#8221;Trebuchet,Cormorant Garamond,Cormorant Infant&#8221;]<\/p>\n<h1 style=\"text-align: center;\">HETERODOXIA Y PERMANENCIA<br \/>\u00a0<\/h1>\n<p style=\"text-align: left;\"><span style=\"font-size: large;\">La heterodoxia en el mundo del arte es muchas veces un camino solitario y empedrado. Pero sin esos artistas originales, empe\u00f1ados en transitarlo a su manera, esa misma Historia del Arte ser\u00eda solo una sucesi\u00f3n modulada de tendencias pasajeras. Un encefalograma normal, vivo pero sin picos o cimas. Giorgio Morandi, Balthus, Edward Hopper, Georgia O\u2019Keefe, Frida Kahlo, De Chirico, Louise Bourgeois, El Bosco, El Greco, trabajaron largo tiempo incomprendidos o minusvalorados, creando mundos propios a trav\u00e9s de su arte.<br \/> <\/span><br \/> <span style=\"font-size: large;\">En esa senda lateral se puede situar la obra y la personalidad de Fernando de la Jara (Lima, 1948).<br \/> <\/span><br \/> <span style=\"font-size: large;\">\u201cEn el mundo de hoy, en el que la pintura sobre soporte bidimensional es blanco de lecturas reductivas al ser puesta en relaci\u00f3n con otros medios visuales en los que las im\u00e1genes existen en movimiento, Fernando de la Jara es un caso de excepci\u00f3n entre los creadores\u201d, escribe el cr\u00edtico y curador Jorge Villacorta. \u201cDe la Jara se reconoce a s\u00ed mismo como pintor ante todo y lo es por vocaci\u00f3n y convicci\u00f3n. Para \u00e9l, sin embargo, el arte no es simplemente su subjetividad sino el mundo de la experimentaci\u00f3n y del hallazgo de coordenadas vitales. El mundo que le es propio, aquel que construye a diario al poner a prueba preconcepciones acerca del arte de la pintura, se funda en una pr\u00e1ctica \u00e9ticamente asumida que es reintroducir mediante un trabajo representacional figurativo la sorpresa de una mirada que se vuelca a recuperar y reflexionar lo real, y para ello, a resignificarlo\u201d.<br \/> <\/span><br \/> <span style=\"font-size: large;\">Otro destacado intelectual y cr\u00edtico de arte, Mirko Lauer, escribe: \u201cFernando de la Jara es un artista que ha perseguido la verdad y la belleza por entre extra\u00f1os tiempos y espacios. (\u2026) Es, de entre los pintores figurativos de nuestra historia republicana, quien ha creado un mundo de representaciones m\u00e1s variado, elocuente y herm\u00e9tico. El impacto visual de su realismo est\u00e1 al servicio de historias siempre inquietantes, siempre po\u00e9ticas. Vista en conjunto la obra de De la Jara exuda unheimlichkeit, en el sentido de un extra\u00f1amiento frente al mundo nacido del asombro. Sus cuadros concitan la complicidad del espectador, pero lo hacen sin nunca revelar del todo sus secretos\u201d.<br \/> <\/span><br \/> <span style=\"font-size: large;\">Los verdaderos heterodoxos no son siempre f\u00e1ciles de distinguir. Su transgresi\u00f3n y rareza surgen como vocaci\u00f3n \u00edntima, no de una estrategia calculada. Por eso es aconsejable no caer en la idea simple de considerar a este artista en el marco de los recalcitrantes nost\u00e1lgicos de una pintura realista por el hecho de serlo. Conservadores de unas esencias ya marchitas. La obra de Fernando de la Jara no se basa solo en la apariencia de la realidad sino en su sentido, en su profundidad y misterio. Por eso es inspirado, no ingenioso. Conocedor y estudioso del oficio de la pintura y, por eso mismo, alejado del virtuosismo vac\u00edo. Abierto a los recursos de lo que \u00e9l llama \u201cla hermana torpeza\u201d que asume la imperfecci\u00f3n cuando es necesario para reforzar el acierto pict\u00f3rico. Acercarse a su obra requiere una mirada lenta, una complicidad como espectador. Es pintura para mirar, para vivir con ella.<br \/> <\/span><br \/> <span style=\"font-size: large;\">Tal vez haya llegado la hora de que la zona de castigo de la pintura termine, seg\u00fan Jerry Saltz, veterano \u2014y heterodoxo\u2014 cr\u00edtico de arte del New Yorker y el Village Voice. En su reciente cr\u00edtica a la Bienal del Whitney Museum de 2019, concluye: \u201cLa mayor debilidad general de esta Bienal es la pintura. (\u2026) Esta es una gran oportunidad perdida que lamentablemente descuida la extraordinaria vivacidad que ahora se vive en el medio pict\u00f3rico. \u00bfQu\u00e9 tienen los curadores en estos d\u00edas que los hace sentir tan inseguros o extra\u00f1amente reacios y desanimados ante las antiguas alquimias ps\u00edquicas basadas en la pintura? Este prejuicio acad\u00e9mico debe terminar\u201d.<br \/> <\/span><br \/> <span style=\"font-size: large;\">De una forma u otra el arte consiste en el descubrimiento. Y es cada vez m\u00e1s necesario aguzar la mirada y el entendimiento para discernir lo original de lo derivativo. De la Jara es un artista que se puede descubrir y revelar una y otra vez en cada obra.<\/span><\/p>\n<p style=\"text-align: center;\"><strong>Fietta Jarque, Escritora<\/strong><\/p>\n<p><span style=\"font-family: Cormorant Infant; font-weight: normal; font-size: large;\"><\/span><\/p>\n<p>[\/et_pb_text][\/et_pb_column][\/et_pb_row][\/et_pb_section][et_pb_section fb_built=&#8221;1&#8243; admin_label=&#8221;About Me&#8221; module_id=&#8221;indivi_es&#8221; _builder_version=&#8221;4.0.7&#8243;][et_pb_row _builder_version=&#8221;3.26.3&#8243; custom_padding=&#8221;0px|||||&#8221; locked=&#8221;off&#8221;][et_pb_column type=&#8221;4_4&#8243; _builder_version=&#8221;3.25&#8243; custom_padding=&#8221;|||&#8221; custom_padding__hover=&#8221;|||&#8221;][et_pb_text _builder_version=&#8221;3.27.4&#8243; text_font=&#8221;||||||||&#8221; text_font_size=&#8221;17px&#8221; header_font=&#8221;||||||||&#8221; text_orientation=&#8221;justify&#8221; width_tablet=&#8221;100%&#8221; width_last_edited=&#8221;off|desktop&#8221; module_alignment=&#8221;left&#8221; text_font_size_tablet=&#8221;&#8221; text_font_size_phone=&#8221;15px&#8221; text_font_size_last_edited=&#8221;on|desktop&#8221; text_line_height_tablet=&#8221;&#8221; text_line_height_phone=&#8221;1.6em&#8221; text_line_height_last_edited=&#8221;on|desktop&#8221; text_text_align=&#8221;justify&#8221; saved_tabs=&#8221;all&#8221; inline_fonts=&#8221;Trebuchet,Cormorant Garamond,Cormorant Infant&#8221;]<\/p>\n<h1 style=\"text-align: center;\">exposici\u00f3nes Individuales<\/h1>\n<p>[\/et_pb_text][et_pb_text _builder_version=&#8221;4.6.3&#8243; text_font=&#8221;||||||||&#8221; text_font_size=&#8221;20px&#8221; text_line_height=&#8221;1.4em&#8221; header_font=&#8221;||||||||&#8221; background_position=&#8221;top_center&#8221; text_orientation=&#8221;justify&#8221; width_tablet=&#8221;100%&#8221; width_last_edited=&#8221;off|desktop&#8221; module_alignment=&#8221;left&#8221; custom_padding=&#8221;0px|||||&#8221; text_font_size_tablet=&#8221;&#8221; text_font_size_phone=&#8221;15px&#8221; text_font_size_last_edited=&#8221;on|phone&#8221; text_line_height_tablet=&#8221;&#8221; text_line_height_phone=&#8221;1.7em&#8221; text_line_height_last_edited=&#8221;on|desktop&#8221; text_text_align=&#8221;justify&#8221; global_module=&#8221;1191&#8243; saved_tabs=&#8221;all&#8221; inline_fonts=&#8221;Trebuchet,Cormorant Garamond,Cormorant Infant&#8221;]<\/p>\n<p style=\"text-align: center;\"><strong><\/strong><\/p>\n<p style=\"text-align: center;\">\n<p style=\"text-align: center;\"><strong> <\/strong><\/p>\n<p style=\"text-align: center;\">\n<p style=\"text-align: center;\"><strong>2019<br \/> <\/strong><span><\/span><span> Galer\u00eda Enlace, Lima, Per\u00fa. <em>El deseo y la memoria<\/em><br \/> <\/span><span><strong>2017<\/strong><br \/> Tage des offenen Ateliers, Oettingen<br \/> <strong>2015<\/strong><br \/> Galer\u00eda Enlace, Lima. <\/span><em><span>Celebraci\u00f3n<\/span><\/em><span><br \/> <strong>2013<\/strong><br \/> <\/span><span>Galerie Dr. Erdel, Regensburg. <em>Der Magische Moment<br \/> <\/em><strong>2012<\/strong><br \/> Salon Clemensstrase 9, M\u00fcnchen<br \/> <strong>2011<\/strong><br \/> Centro Cultural Inca Garcilaso del Ministerio de Relaciones Exteriores del Per\u00fa.<br \/> <em>Conversaci\u00f3n en silencio\u00a0<\/em>(con la poes\u00eda del poeta Per\u00faano-griego Symeon)<br \/> <strong>2011<\/strong><br \/> Galer\u00eda Luc\u00eda de la Puente, Lima, Per\u00fa. <em>De la Jara \u2013 Poes\u00eda Visual<br \/> <\/em><strong>2010<\/strong><br \/> Galer\u00eda de Arte del Cultural Peruano Norteamericano, Arequipa. <em>Pintura Poes\u00eda<\/em><br \/> <strong>2010<\/strong><br \/> Alte Schranne, N\u00f6rdlingen. <em>Ausflug <\/em><br \/> <strong>2010<\/strong><br \/> Salon Clemensstrasse 9, M\u00fcnchen. <em>Sommerausstellung<\/em><br \/> <strong>2009<\/strong><br \/> Galer\u00eda Luc\u00eda de la Puente, Lima. <em>T\u00fa Eres Piedra<\/em>, Sala de proyectos especiales<br \/> <strong>2009<\/strong><br \/> Salon Clemensstrasse 9, M\u00fcnchen<br \/> <strong>2008<\/strong><br \/> Galerie Sch\u00fcller, M\u00fcnchen<br \/> <strong>2007<\/strong><br \/> Consultor\u00eda de Arte Luc\u00eda de la Puente, Lima, Per\u00fa<br \/> <\/span><strong>2006<\/strong><br \/> KunstMuseum Donau-Ries, Wemding<br \/> <strong>2004<\/strong><br \/> Galerie am Neuen Rathaus, Wei\u00dfenburg<br \/> <strong>2004<\/strong><br \/> Galerie am Eichholz, Murnau<br \/> <strong>2004<\/strong><br \/> Schloss Windthurn, Windthurn<br \/> <strong>2003<\/strong><br \/> Kloster Heidenheim, Heidenheim<br \/> <strong>2003<\/strong><br \/> Stadtmuseum, Bad T\u00f6lz<br \/> <strong>2003<\/strong><br \/> Stadtmuseum, Gunzenhausen<br \/> <strong>2002<\/strong><br \/> Museum an der Stadtm\u00fchle, Pappenheim<br \/> <strong>1999<\/strong><br \/> Consultor\u00eda de Arte Luc\u00eda de la Puente, Lima, Per\u00fa<br \/> <strong>1997<\/strong><br \/> I. Bienal de Arte de Lima, Per\u00fa.<span>Invitado especial<br \/> <strong>1995<\/strong><br \/> Galerieim Schloss Bad Pyrmont, Bad Pyrmont\/ Hannover<br \/> <strong>1992<\/strong><br \/> Galerie Altes Feuerwehrhaus, Kreuztal Galerie ZAK,<br \/> Herford Galerie des Kulturamts, Maintal\/Frankfurt<br \/> <strong>1991<\/strong><br \/> GalerieGlasnost, N\u00fcrnberg<br \/> <strong>1990<\/strong><br \/> GalerieMicado, Bonn<br \/> <strong>1989<\/strong><br \/> GaleriaSa Pleta Freda, Mallorca. <\/span><span>Curada por Miguel Cervera,<br \/> Director de la Fundaci\u00f3n Joan Mir\u00f3, Mallorca <\/span><\/p>\n<p style=\"text-align: center;\">\n<p style=\"text-align: center;\"><span>\u00a0\u00a0\u00a0\u00a0\u00a0\u00a0\u00a0\u00a0\u00a0\u00a0\u00a0\u00a0\u00a0\u00a0 <\/span>Spanisches Kulturinstitut, M\u00fcnchen.<\/p>\n<p style=\"text-align: center;\">\n<p style=\"text-align: center;\"><span>\u00a0<\/span><em>Der Kanon des Windes.\u00a0<\/em>Haus des Gastes, Eichst\u00e4tt, Alemania<br \/> <span><strong>1988<\/strong><br \/> Galerieder Volksbank,Eichst\u00e4tt.<br \/> <\/span><strong>1981<\/strong><br \/> Galer\u00eda Yvonne Brice\u00f1o, Lima, Per\u00fa<br \/> <span><strong>1977<\/strong><br \/> Galer\u00eda Yvonne Brice\u00f1o, Lima, Per\u00fa<\/span><\/p>\n<p style=\"text-align: center;\">\n<p style=\"text-align: center;\"><span>INSTALACIONES<\/span><\/p>\n<p style=\"text-align: center;\">\n<p style=\"text-align: center;\"><span><strong>2011<\/strong><br \/> Videoinstalaci\u00f3n <em>Olas orantes olas<\/em>, Exposici\u00f3n <em>Conversaci\u00f3n en silencio<\/em>.<br \/> Centro Cultural Inca Garcilaso, Lima<br \/> <strong>2006<\/strong><br \/> Videoinstalaci\u00f3n <em>Das Lied des Blutes<\/em>, KunstMuseum\u00a0\u00a0 \u00a0\u00a0Donau-Ries<br \/> <strong>1997<\/strong><br \/> Videoinstalaci\u00f3n <em>Sangre Sabia<\/em>, I Bienal de Arte de Lima, Lima, Per\u00fa<br \/> <strong>1992<\/strong><br \/> Bonn, <em>Das Lied des Blutes<\/em>y <em>Die Uhr Videoinstallationen<\/em>.<br \/> <\/span>Galerie Glasnost, N\u00fcrnberg<span><br \/> <strong>1992<\/strong><br \/> Installation <em>Pachamama.\u00a0 Mutter-Erde<\/em>. Ingoldstadt, N\u00fcrnberg, und K\u00fcnstlerforum<br \/> <strong>1991<\/strong><br \/> Multimedia-Installation<em>Der vierte Blick<\/em>. <\/span><span>Galerie Micado, Sankt Augustin bei Bonn<\/span><\/p>\n<p style=\"text-align: center;\">\n<p style=\"text-align: center;\"><span>EXPOSICIONES COLECTIVAS<\/span><\/p>\n<p style=\"text-align: center;\">\n<p style=\"text-align: center;\"><span><strong>2018<\/strong><br \/> Galerie Fondation Taylor, <em>L\u2019art contemporain P\u00e9ruvien<br \/> <\/em><strong>2017<\/strong><br \/> Salon Clemensstrase 9, M\u00fcnchen<br \/> <strong>2017<\/strong><br \/> Galer\u00eda del Caf\u00e9 Literario Rilke, Lima. <em>Comparart 2017<\/em><br \/> <strong>2016<\/strong><br \/> Museo de la Naci\u00f3n, Lima<br \/> <strong>2015<\/strong><br \/> Grand Palais, Paris. <\/span><em><span>Comparaisons 2015<\/span><\/em><span><br \/> <strong>2014<\/strong><br \/> Museo de la Naci\u00f3n, Lima. <em>Comparart<\/em><br \/> <strong>2014<\/strong><br \/> Grand Palais, Paris. <em>Comparaisons 2014<br \/> <\/em><\/span><span><strong>2010<\/strong><br \/> Galeria Luc\u00eda de la Puente, Lima. <em>15. Aniversario de la galer\u00eda<\/em><br \/> <strong>2007<\/strong><br \/> Galerie Seidelstrasse, Murnau<br \/> <strong>2006<\/strong><br \/> Galerie Bernd D\u00fcrr, M\u00fcnchen<br \/> <strong>2005<\/strong><br \/> Galer\u00eda Luc\u00eda de la Puente, Lima, Per\u00fa<br \/> <strong>2005<\/strong><br \/> Museum an der Stadtm\u00fchle, Pappenheim<br \/> <strong>2005<\/strong><br \/> Galerie Seidlstrasse, Murnau<br \/> <strong>2004<\/strong><br \/> Galer\u00eda de la Embajada del Per\u00fa, Washington D.C.<br \/> <\/span><span><strong>2003<\/strong><br \/> Galerie Bernd D\u00fcrr, M\u00fcnchen<br \/> <strong>2000<\/strong><br \/> Elite Fine Arts, Coral Gables, Florida<br \/> <strong>2000<\/strong><br \/> Germanisches Nationalmuseum, N\u00fcrnberg<br \/> <strong>1993<\/strong><br \/> Haus der Kunst,M\u00fcnchen<br \/> <strong>1992<\/strong><br \/> Galerie des Gasteigs, M\u00fcnchen. <em>Mythen einer Identit\u00e4t<br \/> <\/em>Goethe Institut, Frankfurt<br \/> <em>Mythen einer Identit\u00e4t\u00a0<\/em>Autoren-Galerie, M\u00fcnchen<br \/> <em>Bilder, Briefe, Noten XXIII<\/em>, Galerie Harderbastei, Ingolstadt<br \/> K\u00fcnstlerforum,Bonn. <\/span><em><span>Pachamama- Mutter Erde<\/span><\/em><span><br \/> <strong>1991<\/strong><br \/> Galerie der Sparkasse, Ingolstadt.Spanisches Kulturinstitut, M\u00fcnchen<br \/> <strong>1990<\/strong><br \/> Arte Galerie N, M\u00fcnchen. <em>Kontakt<br \/> <\/em>Galerie Couleur, Rosenheim. <em>Grenzenlos<\/em><br \/> <strong>1989<\/strong><br \/> Haus des Gastes, Eichst\u00e4tt. <em>Art Experiment<\/em><br \/> <strong>1988<\/strong><br \/> Schlo\u00df Gr\u00fcnau, Neuburg an der Donau<br \/> <strong>1984<\/strong><br \/> Galer\u00eda La Molina, Lima, Per\u00fa<br \/> <strong>1983<\/strong><br \/> Galer\u00eda Trapecio, Lima, Per\u00fa. <\/span><em><span>Pintura realista contempor\u00e1nea<\/span><\/em><span><br \/> <strong>1982<\/strong><br \/> Galer\u00eda Trilce, Lima, Per\u00fa<br \/> <strong>1979<\/strong><br \/> Galer\u00eda La Rama Dorada, Lima, Per\u00fa<br \/> <strong>1978<\/strong><br \/> Galer\u00eda Banco Continental, Lima. El arte del dibujo<br \/> <strong>1977<\/strong><br \/> Galer\u00eda YvonneBrice\u00f1o, Lima. <em>J\u00f3venes pintores<br \/> <\/em><strong>1976<\/strong><br \/> Galer\u00eda Astrolabio, Lima<em>, El arte de la<\/em><em>Naturaleza muerta<\/em><br \/> <strong>1975<\/strong><br \/> Galer\u00eda Astrolabio, Lima, Per\u00fa. <em>Pintura Moderna peruana<\/em><br \/> <strong>1975<\/strong><br \/> XI Bienal de arte, Cuzco<\/span><\/p>\n<p style=\"text-align: center;\">\n<p style=\"text-align: center;\"><span>OBRA EN ESPACIO P\u00daBLICO<\/span><\/p>\n<p style=\"text-align: center;\">\n<p style=\"text-align: center;\"><span><strong>2003<\/strong><br \/> <em>Laufendes Kind (Ni\u00f1o caminando<\/em>),<br \/> Escultura en bronce y granito, Marktplatz, Bad T\u00f6lz, Alemania<br \/> <\/span><span><strong>2001<\/strong><br \/> <em>\u201a\u041f\u2019 (Chac\u00e1n<\/em>): Esculturaen m\u00e1rmol rojode<br \/> Verona (4,20 x 1,70 x 1,70m), T\u00fcbingen, Alemania<br \/> <\/span><strong>1999<\/strong><br \/> <em>El Deseo y la Memoria<\/em>. Escultura en granito.<br \/> Jardines de la Residencia, entrada al edificio del Instituto Max Plank, Munich<br \/> <strong>1996<\/strong><br \/> <em>Wandmalerei und Gestaltung der Eingangshalle<\/em>, Grundschule Langenaltheim<\/p>\n<p style=\"text-align: center;\">\n<p style=\"text-align: center;\"><span>ALGUNAS CUBIERTAS DE LIBROS<\/span><\/p>\n<p style=\"text-align: center;\">\n<p style=\"text-align: center;\"><span><strong>2004<\/strong><br \/> WitoldGombrowicz, <em>Pornographie<\/em>, Hanser Verlag, Munich<br \/> <strong>2003<\/strong><br \/> Per Olov Enquist, <em>LewisReise<\/em>, Hanser Verlag, Munich<br \/> <strong>2002<\/strong><br \/> Ivan Klima, <em>Liebesgespr\u00e4che<\/em>, Paul Zsolnay Verlag, Viena<br \/> <strong>1979<\/strong><br \/> Guillermo Thorndike, cubiertas de la tetralog\u00eda <em>1879:<br \/> El Viaje de Prado, Vienen los Chilenos<\/em><\/span><\/p>\n<p style=\"text-align: center;\">\n<p style=\"text-align: center;\"><span>\u00a0<\/span><\/p>\n<p style=\"text-align: center;\">\n[\/et_pb_text][\/et_pb_column][\/et_pb_row][\/et_pb_section][et_pb_section fb_built=&#8221;1&#8243; admin_label=&#8221;Video&#8221; module_id=&#8221;video_en&#8221; _builder_version=&#8221;3.26.3&#8243; custom_padding=&#8221;||90px|||&#8221; global_module=&#8221;611&#8243; saved_tabs=&#8221;all&#8221; locked=&#8221;off&#8221;][et_pb_row column_structure=&#8221;2_5,3_5&#8243; _builder_version=&#8221;3.25&#8243; custom_padding=&#8221;0px|40px|0px|40px|true|true&#8221; border_width_all=&#8221;1px&#8221; border_color_all=&#8221;rgba(0,0,0,0.18)&#8221;][et_pb_column type=&#8221;2_5&#8243; _builder_version=&#8221;3.25&#8243; custom_padding=&#8221;|||&#8221; custom_padding__hover=&#8221;|||&#8221;][et_pb_text _builder_version=&#8221;3.27.4&#8243; text_font=&#8221;Muli||||||||&#8221; text_font_size=&#8221;17px&#8221; text_line_height=&#8221;2em&#8221; header_font=&#8221;||||||||&#8221; header_3_font=&#8221;Montserrat|600|||||||&#8221; header_3_font_size=&#8221;70px&#8221; header_3_line_height=&#8221;1.2em&#8221; background_color=&#8221;#ffffff&#8221; background_color_gradient_direction=&#8221;90deg&#8221; max_width=&#8221;700px&#8221; custom_margin=&#8221;||80px|-70px||&#8221; custom_margin_tablet=&#8221;0px||20px&#8221; custom_margin_phone=&#8221;|||-56px&#8221; custom_margin_last_edited=&#8221;on|phone&#8221; custom_padding=&#8221;24px||24px||true|&#8221; text_font_size_tablet=&#8221;&#8221; text_font_size_phone=&#8221;15px&#8221; text_font_size_last_edited=&#8221;on|desktop&#8221; text_line_height_tablet=&#8221;&#8221; text_line_height_phone=&#8221;1.7em&#8221; text_line_height_last_edited=&#8221;on|phone&#8221; header_3_font_size_tablet=&#8221;50px&#8221; header_3_font_size_phone=&#8221;30px&#8221; header_3_font_size_last_edited=&#8221;on|phone&#8221; locked=&#8221;off&#8221;]<\/p>\n<h3><\/h3>\n<h4 class=\"et_pb_module_header et-fb-editable-element et-fb-editable-element__editing\" data-shortcode-id=\"6.3.0.0-1591963569013\" data-quickaccess-id=\"header\" contenteditable=\"true\"><span style=\"font-size: large;\">Das lied der frau<\/p>\n<p><\/span><\/h4>\n<p>[\/et_pb_text][\/et_pb_column][et_pb_column type=&#8221;3_5&#8243; _builder_version=&#8221;3.25&#8243; custom_padding=&#8221;|||&#8221; custom_padding__hover=&#8221;|||&#8221;][ba_video_popup image=&#8221;https:\/\/delajara.com\/wp-content\/uploads\/2019\/06\/gal04-flug-e1560416130130.jpg&#8221; icon=&#8221;5&#8243; type=&#8221;vm&#8221; video_link=&#8221;https:\/\/vimeo.com\/518776719&#8243; img_height=&#8221;382px&#8221; icon_color=&#8221;#e02b20&#8243; _builder_version=&#8221;4.6.3&#8243; _module_preset=&#8221;default&#8221;][\/ba_video_popup][\/et_pb_column][\/et_pb_row][et_pb_row _builder_version=&#8221;4.0.7&#8243;][et_pb_column type=&#8221;4_4&#8243; _builder_version=&#8221;4.0.7&#8243;][\/et_pb_column][\/et_pb_row][et_pb_row column_structure=&#8221;2_5,3_5&#8243; _builder_version=&#8221;3.25&#8243; custom_padding=&#8221;0px|40px|0px|40px|true|true&#8221; border_width_all=&#8221;1px&#8221; border_color_all=&#8221;rgba(0,0,0,0.18)&#8221;][et_pb_column type=&#8221;2_5&#8243; _builder_version=&#8221;3.25&#8243; custom_padding=&#8221;|||&#8221; custom_padding__hover=&#8221;|||&#8221;][et_pb_text _builder_version=&#8221;4.0.7&#8243; text_font=&#8221;Muli||||||||&#8221; text_font_size=&#8221;17px&#8221; text_line_height=&#8221;2em&#8221; header_font=&#8221;||||||||&#8221; header_3_font=&#8221;Montserrat|600|||||||&#8221; header_3_font_size=&#8221;70px&#8221; header_3_line_height=&#8221;1.2em&#8221; background_color=&#8221;#ffffff&#8221; background_color_gradient_direction=&#8221;90deg&#8221; max_width=&#8221;700px&#8221; custom_margin=&#8221;||80px|-70px||&#8221; custom_margin_tablet=&#8221;0px||20px&#8221; custom_margin_phone=&#8221;|||-56px&#8221; custom_margin_last_edited=&#8221;on|phone&#8221; custom_padding=&#8221;24px||24px||true|&#8221; text_font_size_tablet=&#8221;&#8221; text_font_size_phone=&#8221;15px&#8221; text_font_size_last_edited=&#8221;on|desktop&#8221; text_line_height_tablet=&#8221;&#8221; text_line_height_phone=&#8221;1.7em&#8221; text_line_height_last_edited=&#8221;on|phone&#8221; header_3_font_size_tablet=&#8221;50px&#8221; header_3_font_size_phone=&#8221;30px&#8221; header_3_font_size_last_edited=&#8221;on|phone&#8221; locked=&#8221;off&#8221;]<\/p>\n<h3><\/h3>\n<h4 class=\"et_pb_module_header et-fb-editable-element et-fb-editable-element__editing\" data-shortcode-id=\"6.3.0.0-1591963569013\" data-quickaccess-id=\"header\" contenteditable=\"true\"><span style=\"font-size: large;\">CELEBRACI\u00d3N<\/span><\/h4>\n<p>&nbsp;<\/p>\n<p>[\/et_pb_text][\/et_pb_column][et_pb_column type=&#8221;3_5&#8243; _builder_version=&#8221;3.25&#8243; custom_padding=&#8221;|||&#8221; custom_padding__hover=&#8221;|||&#8221;][ba_video_popup image=&#8221;https:\/\/delajara.com\/wp-content\/uploads\/2019\/07\/La-noche-201446x45x10.jpg&#8221; icon=&#8221;5&#8243; type=&#8221;vm&#8221; video_link=&#8221;https:\/\/vimeo.com\/518776719&#8243; img_height=&#8221;382px&#8221; icon_color=&#8221;#e02b20&#8243; _builder_version=&#8221;4.6.3&#8243; _module_preset=&#8221;default&#8221;][\/ba_video_popup][\/et_pb_column][\/et_pb_row][et_pb_row column_structure=&#8221;2_5,3_5&#8243; _builder_version=&#8221;3.25&#8243; min_height=&#8221;318px&#8221; custom_margin=&#8221;61px|auto||auto||&#8221; custom_padding=&#8221;0px|40px|0px|40px|true|true&#8221; border_width_all=&#8221;1px&#8221; border_color_all=&#8221;rgba(0,0,0,0.18)&#8221;][et_pb_column type=&#8221;2_5&#8243; _builder_version=&#8221;3.25&#8243; custom_padding=&#8221;|||&#8221; custom_padding__hover=&#8221;|||&#8221;][et_pb_text _builder_version=&#8221;4.0.7&#8243; text_font=&#8221;Muli||||||||&#8221; text_font_size=&#8221;17px&#8221; text_line_height=&#8221;2em&#8221; header_font=&#8221;||||||||&#8221; header_3_font=&#8221;Montserrat|600|||||||&#8221; header_3_font_size=&#8221;70px&#8221; header_3_line_height=&#8221;1.2em&#8221; background_color=&#8221;#ffffff&#8221; background_color_gradient_direction=&#8221;90deg&#8221; max_width=&#8221;700px&#8221; custom_margin=&#8221;||80px|-70px||&#8221; custom_margin_tablet=&#8221;0px||20px&#8221; custom_margin_phone=&#8221;|||-56px&#8221; custom_margin_last_edited=&#8221;on|phone&#8221; custom_padding=&#8221;24px||24px||true|&#8221; text_font_size_tablet=&#8221;&#8221; text_font_size_phone=&#8221;15px&#8221; text_font_size_last_edited=&#8221;on|desktop&#8221; text_line_height_tablet=&#8221;&#8221; text_line_height_phone=&#8221;1.7em&#8221; text_line_height_last_edited=&#8221;on|phone&#8221; header_3_font_size_tablet=&#8221;50px&#8221; header_3_font_size_phone=&#8221;30px&#8221; header_3_font_size_last_edited=&#8221;on|phone&#8221; locked=&#8221;off&#8221;]<\/p>\n<h3><\/h3>\n<h4 class=\"et_pb_module_header et-fb-editable-element et-fb-editable-element__editing\" data-shortcode-id=\"6.3.0.0-1591963569013\" data-quickaccess-id=\"header\" contenteditable=\"true\"><span style=\"font-size: large;\">ALL THE ANGELS COME<\/span><\/h4>\n<p>&nbsp;<\/p>\n<p>[\/et_pb_text][\/et_pb_column][et_pb_column type=&#8221;3_5&#8243; _builder_version=&#8221;3.25&#8243; custom_padding=&#8221;|||&#8221; custom_padding__hover=&#8221;|||&#8221;][\/et_pb_column][\/et_pb_row][\/et_pb_section][et_pb_section fb_built=&#8221;1&#8243; module_id=&#8221;contacto&#8221; _builder_version=&#8221;4.0.7&#8243;][et_pb_row _builder_version=&#8221;4.0.7&#8243;][et_pb_column type=&#8221;4_4&#8243; _builder_version=&#8221;4.0.7&#8243;][et_pb_text _builder_version=&#8221;4.0.7&#8243;]<\/p>\n<h1>Contacto<\/h1>\n<p><a href=\"mailto:info@delajara.com\">info@delajara.com<\/a><\/p>\n<p>&nbsp;<\/p>\n<p>[\/et_pb_text][et_pb_contact_form email=&#8221;info@delajara.com&#8221; submit_button_text=&#8221;Enviar&#8221; admin_label=&#8221;kontakt&#8221; _builder_version=&#8221;4.0.7&#8243; custom_button=&#8221;on&#8221; button_text_color=&#8221;#e09900&#8243;][et_pb_contact_field field_id=&#8221;Saludo&#8221; field_title=&#8221;Saludo&#8221; max_length=&#8221;4&#8243; required_mark=&#8221;off&#8221; fullwidth_field=&#8221;on&#8221; _builder_version=&#8221;4.0.7&#8243; max_width=&#8221;20%&#8221;][\/et_pb_contact_field][et_pb_contact_field field_id=&#8221;Primer_nombre&#8221; field_title=&#8221;Primer nombre&#8221; max_length=&#8221;20&#8243; required_mark=&#8221;off&#8221; _builder_version=&#8221;4.0.7&#8243; max_width=&#8221;50%&#8221;][\/et_pb_contact_field][et_pb_contact_field field_id=&#8221;Apellido&#8221; field_title=&#8221;Appelido&#8221; max_length=&#8221;20&#8243; required_mark=&#8221;off&#8221; _builder_version=&#8221;4.0.7&#8243; width=&#8221;100%&#8221; max_width=&#8221;50%&#8221; module_alignment=&#8221;left&#8221;][\/et_pb_contact_field][et_pb_contact_field field_id=&#8221;Calle&#8221; field_title=&#8221;Calle&#8221; max_length=&#8221;20&#8243; allowed_symbols=&#8221;letters&#8221; required_mark=&#8221;off&#8221; _builder_version=&#8221;4.0.7&#8243; max_width=&#8221;50%&#8221;][\/et_pb_contact_field][et_pb_contact_field field_id=&#8221;CP_\/Ciudad&#8221; field_title=&#8221;CP \/Ciudad&#8221; max_length=&#8221;25&#8243; allowed_symbols=&#8221;alphanumeric&#8221; required_mark=&#8221;off&#8221; _builder_version=&#8221;4.0.7&#8243; max_width=&#8221;50%&#8221;][\/et_pb_contact_field][et_pb_contact_field field_id=&#8221;E-Mail&#8221; field_title=&#8221;E-Mail&#8221; field_type=&#8221;email&#8221; _builder_version=&#8221;4.0.7&#8243; button_text_size__hover_enabled=&#8221;off&#8221; button_one_text_size__hover_enabled=&#8221;off&#8221; button_two_text_size__hover_enabled=&#8221;off&#8221; button_text_color__hover_enabled=&#8221;off&#8221; button_one_text_color__hover_enabled=&#8221;off&#8221; button_two_text_color__hover_enabled=&#8221;off&#8221; button_border_width__hover_enabled=&#8221;off&#8221; button_one_border_width__hover_enabled=&#8221;off&#8221; button_two_border_width__hover_enabled=&#8221;off&#8221; button_border_color__hover_enabled=&#8221;off&#8221; button_one_border_color__hover_enabled=&#8221;off&#8221; button_two_border_color__hover_enabled=&#8221;off&#8221; button_border_radius__hover_enabled=&#8221;off&#8221; button_one_border_radius__hover_enabled=&#8221;off&#8221; button_two_border_radius__hover_enabled=&#8221;off&#8221; button_letter_spacing__hover_enabled=&#8221;off&#8221; button_one_letter_spacing__hover_enabled=&#8221;off&#8221; button_two_letter_spacing__hover_enabled=&#8221;off&#8221; button_bg_color__hover_enabled=&#8221;off&#8221; button_one_bg_color__hover_enabled=&#8221;off&#8221; button_two_bg_color__hover_enabled=&#8221;off&#8221;][\/et_pb_contact_field][et_pb_contact_field field_id=&#8221;Pa\u00eds&#8221; field_title=&#8221;Pa\u00eds&#8221; max_length=&#8221;25&#8243; required_mark=&#8221;off&#8221; _builder_version=&#8221;4.0.7&#8243; max_width=&#8221;50%&#8221;][\/et_pb_contact_field][et_pb_contact_field field_id=&#8221;Tel\u00e9fono&#8221; field_title=&#8221;Tel\u00e9fono&#8221; fullwidth_field=&#8221;on&#8221; _builder_version=&#8221;4.0.7&#8243;][\/et_pb_contact_field][et_pb_contact_field field_id=&#8221;Mensaje&#8221; field_title=&#8221;Mensaje&#8221; field_type=&#8221;text&#8221; fullwidth_field=&#8221;on&#8221; _builder_version=&#8221;4.0.7&#8243; button_text_size__hover_enabled=&#8221;off&#8221; button_one_text_size__hover_enabled=&#8221;off&#8221; button_two_text_size__hover_enabled=&#8221;off&#8221; button_text_color__hover_enabled=&#8221;off&#8221; button_one_text_color__hover_enabled=&#8221;off&#8221; button_two_text_color__hover_enabled=&#8221;off&#8221; button_border_width__hover_enabled=&#8221;off&#8221; button_one_border_width__hover_enabled=&#8221;off&#8221; button_two_border_width__hover_enabled=&#8221;off&#8221; button_border_color__hover_enabled=&#8221;off&#8221; button_one_border_color__hover_enabled=&#8221;off&#8221; button_two_border_color__hover_enabled=&#8221;off&#8221; button_border_radius__hover_enabled=&#8221;off&#8221; button_one_border_radius__hover_enabled=&#8221;off&#8221; button_two_border_radius__hover_enabled=&#8221;off&#8221; button_letter_spacing__hover_enabled=&#8221;off&#8221; button_one_letter_spacing__hover_enabled=&#8221;off&#8221; button_two_letter_spacing__hover_enabled=&#8221;off&#8221; button_bg_color__hover_enabled=&#8221;off&#8221; button_one_bg_color__hover_enabled=&#8221;off&#8221; button_two_bg_color__hover_enabled=&#8221;off&#8221;][\/et_pb_contact_field][\/et_pb_contact_form][\/et_pb_column][\/et_pb_row][\/et_pb_section]<\/p>\n","protected":false},"excerpt":{"rendered":"<p>[et_pb_section fb_built=&#8221;1&#8243; admin_label=&#8221;About Me&#8221; module_id=&#8221;paint_en&#8221; _builder_version=&#8221;4.0.7&#8243; width=&#8221;100%&#8221; custom_padding=&#8221;||0px|||&#8221; global_module=&#8221;606&#8243; saved_tabs=&#8221;all&#8221;][et_pb_row _builder_version=&#8221;4.6.3&#8243; custom_margin=&#8221;-1px|auto|20px|auto|false|false&#8221; custom_padding=&#8221;3px|||||&#8221;][et_pb_column type=&#8221;4_4&#8243; _builder_version=&#8221;4.6.3&#8243; custom_padding=&#8221;|||&#8221; custom_padding__hover=&#8221;|||&#8221;][et_pb_blurb title=&#8221;siesta II (Work in progress)&#8221; url=&#8221;https:\/\/delajara.com\/wp-content\/uploads\/2021\/12\/GRM2826-scaled-e1639318807877.jpg&#8221; url_new_window=&#8221;on&#8221; image=&#8221;https:\/\/delajara.com\/wp-content\/uploads\/2021\/12\/GRM2826-scaled-e1639318807877.jpg&#8221; image_max_width=&#8221;70%&#8221; content_max_width=&#8221;100%&#8221; _builder_version=&#8221;4.6.3&#8243; text_orientation=&#8221;center&#8221; custom_margin=&#8221;||20px||false|false&#8221; child_filter_brightness=&#8221;120%&#8221; link_option_url=&#8221;https:\/\/delajara.com\/wp-content\/uploads\/2021\/12\/GRM2826-scaled-e1639318807877.jpg&#8221; link_option_url_new_window=&#8221;on&#8221; box_shadow_style_image=&#8221;preset3&#8243;] \u00d3leo sobre lino 140 x 130 cm 2021 [\/et_pb_blurb][et_pb_blurb title=&#8221;es regnet (llueve)&#8221; url=&#8221;https:\/\/delajara.com\/wp-content\/uploads\/2021\/12\/Lueve-scaled-e1639318884822.jpg&#8221; url_new_window=&#8221;on&#8221; image=&#8221;https:\/\/delajara.com\/wp-content\/uploads\/2021\/12\/Lueve-scaled-e1639318884822.jpg&#8221; image_max_width=&#8221;50%&#8221; content_max_width=&#8221;100%&#8221; _builder_version=&#8221;4.6.3&#8243; text_orientation=&#8221;center&#8221; custom_margin=&#8221;50px||||false|false&#8221; link_option_url=&#8221;https:\/\/delajara.com\/wp-content\/uploads\/2021\/12\/Lueve-scaled-e1639318884822.jpg&#8221; [&hellip;]<\/p>\n","protected":false},"author":1,"featured_media":0,"parent":0,"menu_order":0,"comment_status":"closed","ping_status":"closed","template":"","meta":{"_et_pb_use_builder":"on","_et_pb_old_content":"","_et_gb_content_width":"","footnotes":""},"_links":{"self":[{"href":"https:\/\/delajara.com\/index.php?rest_route=\/wp\/v2\/pages\/78"}],"collection":[{"href":"https:\/\/delajara.com\/index.php?rest_route=\/wp\/v2\/pages"}],"about":[{"href":"https:\/\/delajara.com\/index.php?rest_route=\/wp\/v2\/types\/page"}],"author":[{"embeddable":true,"href":"https:\/\/delajara.com\/index.php?rest_route=\/wp\/v2\/users\/1"}],"replies":[{"embeddable":true,"href":"https:\/\/delajara.com\/index.php?rest_route=%2Fwp%2Fv2%2Fcomments&post=78"}],"version-history":[{"count":56,"href":"https:\/\/delajara.com\/index.php?rest_route=\/wp\/v2\/pages\/78\/revisions"}],"predecessor-version":[{"id":1266,"href":"https:\/\/delajara.com\/index.php?rest_route=\/wp\/v2\/pages\/78\/revisions\/1266"}],"wp:attachment":[{"href":"https:\/\/delajara.com\/index.php?rest_route=%2Fwp%2Fv2%2Fmedia&parent=78"}],"curies":[{"name":"wp","href":"https:\/\/api.w.org\/{rel}","templated":true}]}}