{"id":76,"date":"2019-06-13T10:34:53","date_gmt":"2019-06-13T10:34:53","guid":{"rendered":"http:\/\/delajara.com\/?page_id=76"},"modified":"2024-03-27T11:06:57","modified_gmt":"2024-03-27T11:06:57","slug":"76-2","status":"publish","type":"page","link":"https:\/\/delajara.com\/","title":{"rendered":"Main_English"},"content":{"rendered":"<p>[et_pb_section fb_built=&#8221;1&#8243; admin_label=&#8221;About Me&#8221; module_id=&#8221;paint_en&#8221; _builder_version=&#8221;4.0.7&#8243; width=&#8221;100%&#8221; custom_padding=&#8221;||0px|||&#8221; global_module=&#8221;606&#8243; saved_tabs=&#8221;all&#8221;][et_pb_row _builder_version=&#8221;4.6.3&#8243; custom_margin=&#8221;-1px|auto|20px|auto|false|false&#8221; custom_padding=&#8221;3px|||||&#8221;][et_pb_column type=&#8221;4_4&#8243; _builder_version=&#8221;4.6.3&#8243; custom_padding=&#8221;|||&#8221; custom_padding__hover=&#8221;|||&#8221;][et_pb_blurb title=&#8221;siesta II (Work in progress)&#8221; url=&#8221;https:\/\/delajara.com\/wp-content\/uploads\/2021\/12\/GRM2826-scaled-e1639318807877.jpg&#8221; url_new_window=&#8221;on&#8221; image=&#8221;https:\/\/delajara.com\/wp-content\/uploads\/2021\/12\/GRM2826-scaled-e1639318807877.jpg&#8221; image_max_width=&#8221;70%&#8221; content_max_width=&#8221;100%&#8221; _builder_version=&#8221;4.6.3&#8243; text_orientation=&#8221;center&#8221; custom_margin=&#8221;||20px||false|false&#8221; child_filter_brightness=&#8221;120%&#8221; link_option_url=&#8221;https:\/\/delajara.com\/wp-content\/uploads\/2021\/12\/GRM2826-scaled-e1639318807877.jpg&#8221; link_option_url_new_window=&#8221;on&#8221; box_shadow_style_image=&#8221;preset3&#8243;]<\/p>\n<p>\u00d3leo sobre lino<br \/> 140 x 130 cm<br \/> <strong>2021<\/strong><\/p>\n<p>[\/et_pb_blurb][et_pb_blurb title=&#8221;es regnet (llueve)&#8221; url=&#8221;https:\/\/delajara.com\/wp-content\/uploads\/2021\/12\/Lueve-scaled-e1639318884822.jpg&#8221; url_new_window=&#8221;on&#8221; image=&#8221;https:\/\/delajara.com\/wp-content\/uploads\/2021\/12\/Lueve-scaled-e1639318884822.jpg&#8221; image_max_width=&#8221;50%&#8221; content_max_width=&#8221;100%&#8221; _builder_version=&#8221;4.6.3&#8243; text_orientation=&#8221;center&#8221; custom_margin=&#8221;50px||||false|false&#8221; link_option_url=&#8221;https:\/\/delajara.com\/wp-content\/uploads\/2021\/12\/Lueve-scaled-e1639318884822.jpg&#8221; link_option_url_new_window=&#8221;on&#8221; box_shadow_style_image=&#8221;preset3&#8243;]<\/p>\n<p>\u00d3leo sobre lino<br \/> 110 x 100 cm<br \/> Colecci\u00f3n privada<strong><br \/> 2021<\/strong><\/p>\n<p>[\/et_pb_blurb][\/et_pb_column][\/et_pb_row][et_pb_row _builder_version=&#8221;4.6.3&#8243; custom_margin=&#8221;50px||||false|false&#8221;][et_pb_column type=&#8221;4_4&#8243; _builder_version=&#8221;4.6.3&#8243; custom_padding=&#8221;|||&#8221; custom_padding__hover=&#8221;|||&#8221;][et_pb_blurb title=&#8221;all the an&#8217;gels come&#8221; url=&#8221;https:\/\/delajara.com\/wp-content\/uploads\/2019\/07\/HarkThe-Angels-Come2019_d-3.jpg&#8221; url_new_window=&#8221;on&#8221; image=&#8221;https:\/\/delajara.com\/wp-content\/uploads\/2019\/07\/HarkThe-Angels-Come2019_d-3.jpg&#8221; content_max_width=&#8221;100%&#8221; _builder_version=&#8221;4.6.3&#8243; text_orientation=&#8221;center&#8221; link_option_url=&#8221;https:\/\/delajara.com\/wp-content\/uploads\/2019\/07\/HarkThe-Angels-Come2019_d-3.jpg&#8221; link_option_url_new_window=&#8221;on&#8221;]<\/p>\n<p>\u00d3leo sobre lienzo<br \/> 135 x 300 cm<br \/> Colecci\u00f3n privada<strong><br \/> 2019<\/strong><\/p>\n<p>[\/et_pb_blurb][\/et_pb_column][\/et_pb_row][et_pb_row _builder_version=&#8221;3.25&#8243; custom_padding=&#8221;50px||&#8221;][et_pb_column type=&#8221;4_4&#8243; _builder_version=&#8221;3.25&#8243; custom_padding=&#8221;|||&#8221; custom_padding__hover=&#8221;|||&#8221;][et_pb_blurb title=&#8221;im spiegel&#8221; url=&#8221;https:\/\/delajara.com\/wp-content\/uploads\/2019\/07\/Im-Spiegel-2019.jpg&#8221; url_new_window=&#8221;on&#8221; image=&#8221;https:\/\/delajara.com\/wp-content\/uploads\/2019\/07\/Im-Spiegel-2019.jpg&#8221; content_max_width=&#8221;50%&#8221; _builder_version=&#8221;4.0.7&#8243; text_orientation=&#8221;center&#8221; link_option_url=&#8221;https:\/\/delajara.com\/wp-content\/uploads\/2019\/07\/Im-Spiegel-2019.jpg&#8221; link_option_url_new_window=&#8221;on&#8221; box_shadow_style_image=&#8221;preset3&#8243;]<\/p>\n<p>Instalaci\u00f3n<br \/>\u00d3leo sobre madera,<br \/> l\u00e1mpara led, madera, tela,<br \/> alambre y perla cultivada,<br \/> 100 x 65 x 28 cm<strong><br \/> 2019<\/strong><\/p>\n<p>[\/et_pb_blurb][\/et_pb_column][\/et_pb_row][et_pb_row _builder_version=&#8221;3.25&#8243; custom_padding=&#8221;50px||&#8221;][et_pb_column type=&#8221;4_4&#8243; _builder_version=&#8221;3.25&#8243; custom_padding=&#8221;|||&#8221; custom_padding__hover=&#8221;|||&#8221;][et_pb_blurb title=&#8221;El rubor&#8221; url=&#8221;https:\/\/delajara.com\/wp-content\/uploads\/2019\/07\/EL-RUBOR-2019.jpg&#8221; url_new_window=&#8221;on&#8221; image=&#8221;https:\/\/delajara.com\/wp-content\/uploads\/2019\/07\/EL-RUBOR-2019.jpg&#8221; content_max_width=&#8221;78%&#8221; _builder_version=&#8221;3.24.1&#8243; text_orientation=&#8221;center&#8221; link_option_url=&#8221;https:\/\/delajara.com\/wp-content\/uploads\/2019\/07\/EL-RUBOR-2019.jpg&#8221; link_option_url_new_window=&#8221;on&#8221; box_shadow_style_image=&#8221;preset3&#8243;]<\/p>\n<p>\u00d3leo sobre lino<br \/> 120 x 140 cm<br \/>Colecci\u00f3n privada<strong><\/strong><br \/> <strong>2019<\/strong><\/p>\n<p>[\/et_pb_blurb][\/et_pb_column][\/et_pb_row][et_pb_row _builder_version=&#8221;3.25&#8243; custom_padding=&#8221;50px||&#8221;][et_pb_column type=&#8221;4_4&#8243; _builder_version=&#8221;3.25&#8243; custom_padding=&#8221;|||&#8221; custom_padding__hover=&#8221;|||&#8221;][et_pb_blurb title=&#8221;Neblina&#8221; url=&#8221;https:\/\/delajara.com\/wp-content\/uploads\/2019\/07\/Neblina.jpg&#8221; url_new_window=&#8221;on&#8221; image=&#8221;https:\/\/delajara.com\/wp-content\/uploads\/2019\/07\/Neblina.jpg&#8221; content_max_width=&#8221;78%&#8221; _builder_version=&#8221;3.24.1&#8243; text_orientation=&#8221;center&#8221; link_option_url=&#8221;https:\/\/delajara.com\/wp-content\/uploads\/2019\/07\/Neblina.jpg&#8221; link_option_url_new_window=&#8221;on&#8221; box_shadow_style_image=&#8221;preset3&#8243;]<\/p>\n<p>\u00d3leo sobre lino<br \/> 90 x 100 cm<br \/>Colecci\u00f3n privada<strong><\/strong><br \/> <strong>2019<\/strong><\/p>\n<p>[\/et_pb_blurb][\/et_pb_column][\/et_pb_row][et_pb_row _builder_version=&#8221;3.25&#8243; custom_padding=&#8221;50px||&#8221;][et_pb_column type=&#8221;4_4&#8243; _builder_version=&#8221;3.25&#8243; custom_padding=&#8221;|||&#8221; custom_padding__hover=&#8221;|||&#8221;][et_pb_blurb title=&#8221;2 Uhr Morgens&#8221; url=&#8221;https:\/\/delajara.com\/wp-content\/uploads\/2019\/07\/Morgens.jpg&#8221; url_new_window=&#8221;on&#8221; image=&#8221;https:\/\/delajara.com\/wp-content\/uploads\/2019\/07\/Morgens.jpg&#8221; content_max_width=&#8221;78%&#8221; _builder_version=&#8221;3.24.1&#8243; text_orientation=&#8221;center&#8221; link_option_url=&#8221;https:\/\/delajara.com\/wp-content\/uploads\/2019\/07\/Morgens.jpg&#8221; link_option_url_new_window=&#8221;on&#8221; box_shadow_style_image=&#8221;preset3&#8243;]<\/p>\n<p>\u00d3leo sobre lino<br \/> 79.5\u00a0 x\u00a0 100 cm<strong><br \/><\/strong>Colecci\u00f3n privada<strong><br \/> 2015<\/strong><\/p>\n<p>[\/et_pb_blurb][\/et_pb_column][\/et_pb_row][et_pb_row _builder_version=&#8221;3.25&#8243; custom_padding=&#8221;50px||&#8221;][et_pb_column type=&#8221;4_4&#8243; _builder_version=&#8221;3.25&#8243; custom_padding=&#8221;|||&#8221; custom_padding__hover=&#8221;|||&#8221;][et_pb_blurb title=&#8221;Seda&#8221; url=&#8221;https:\/\/delajara.com\/wp-content\/uploads\/2019\/07\/2015.-SEDA-\u00d3LEO-SOBRE-LINO-65X515cm.jpg&#8221; url_new_window=&#8221;on&#8221; image=&#8221;https:\/\/delajara.com\/wp-content\/uploads\/2019\/07\/2015.-SEDA-\u00d3LEO-SOBRE-LINO-65X515cm.jpg&#8221; content_max_width=&#8221;50%&#8221; _builder_version=&#8221;4.0.7&#8243; text_orientation=&#8221;center&#8221; link_option_url=&#8221;https:\/\/delajara.com\/wp-content\/uploads\/2019\/07\/2015.-SEDA-\u00d3LEO-SOBRE-LINO-65X515cm.jpg&#8221; link_option_url_new_window=&#8221;on&#8221; box_shadow_style_image=&#8221;preset3&#8243;]<\/p>\n<p>\u00d3leo sobre lino<br \/> 65\u00a0 x\u00a0 51,5 cm<br \/>Colecci\u00f3n privada<strong><\/strong><strong><br \/> 2015<\/strong><\/p>\n<p>[\/et_pb_blurb][\/et_pb_column][\/et_pb_row][et_pb_row _builder_version=&#8221;3.25&#8243; custom_margin=&#8221;50px||&#8221; custom_padding=&#8221;50px||&#8221; box_shadow_style=&#8221;preset3&#8243;][et_pb_column type=&#8221;4_4&#8243; _builder_version=&#8221;3.25&#8243; custom_padding=&#8221;|||&#8221; custom_padding__hover=&#8221;|||&#8221;][et_pb_blurb title=&#8221;Conversaci\u00f3n en silencio&#8221; url=&#8221;https:\/\/delajara.com\/wp-content\/uploads\/2019\/07\/Garci1.jpg&#8221; url_new_window=&#8221;on&#8221; image=&#8221;https:\/\/delajara.com\/wp-content\/uploads\/2019\/07\/Garci1.jpg&#8221; content_max_width=&#8221;78%&#8221; _builder_version=&#8221;4.0.7&#8243; text_orientation=&#8221;center&#8221; link_option_url=&#8221;https:\/\/delajara.com\/wp-content\/uploads\/2019\/07\/Garci1.jpg&#8221; link_option_url_new_window=&#8221;on&#8221; box_shadow_style_image=&#8221;preset3&#8243;]<\/p>\n<p>Casa Garcilaso, Lima<br \/> <strong> 2012<\/strong><br \/> <strong><\/strong><\/p>\n<p><img loading=\"lazy\" decoding=\"async\" src=\"https:\/\/delajara.com\/wp-content\/uploads\/2019\/07\/Garci3-300x223.jpg\" alt=\"\" class=\"wp-image-258 alignnone size-medium\" width=\"300\" height=\"223\" \/>\u00a0\u00a0\u00a0\u00a0 <img loading=\"lazy\" decoding=\"async\" src=\"https:\/\/delajara.com\/wp-content\/uploads\/2019\/07\/Garci2-300x225.jpg\" alt=\"\" class=\"wp-image-257 alignnone size-medium\" width=\"300\" height=\"225\" \/><\/p>\n<p>[\/et_pb_blurb][\/et_pb_column][\/et_pb_row][et_pb_row _builder_version=&#8221;3.25&#8243; custom_padding=&#8221;50px||&#8221;][et_pb_column type=&#8221;4_4&#8243; _builder_version=&#8221;3.25&#8243; custom_padding=&#8221;|||&#8221; custom_padding__hover=&#8221;|||&#8221;][et_pb_blurb title=&#8221;La piscina&#8221; url=&#8221;https:\/\/delajara.com\/wp-content\/uploads\/2019\/07\/Piscina.jpg&#8221; url_new_window=&#8221;on&#8221; image=&#8221;https:\/\/delajara.com\/wp-content\/uploads\/2019\/07\/Piscina.jpg&#8221; content_max_width=&#8221;90%&#8221; _builder_version=&#8221;3.24.1&#8243; text_orientation=&#8221;center&#8221; link_option_url=&#8221;https:\/\/delajara.com\/wp-content\/uploads\/2019\/07\/Piscina.jpg&#8221; link_option_url_new_window=&#8221;on&#8221;]<\/p>\n<p>(Tri\u0301ptico) Oleo-lino,<br \/> 146 x 352 cm<br \/>Colecci\u00f3n privada<strong><\/strong><br \/> <strong>2011<\/strong><\/p>\n<p>[\/et_pb_blurb][\/et_pb_column][\/et_pb_row][et_pb_row _builder_version=&#8221;3.25&#8243; custom_padding=&#8221;50px||&#8221; box_shadow_style=&#8221;preset3&#8243;][et_pb_column type=&#8221;4_4&#8243; _builder_version=&#8221;3.25&#8243; custom_padding=&#8221;|||&#8221; custom_padding__hover=&#8221;|||&#8221;][et_pb_blurb title=&#8221;Exposici\u00f3n T\u00fa eres piedra&#8221; url=&#8221;https:\/\/delajara.com\/wp-content\/uploads\/2019\/07\/Lucia1.jpg&#8221; url_new_window=&#8221;on&#8221; image=&#8221;https:\/\/delajara.com\/wp-content\/uploads\/2019\/07\/Lucia1.jpg&#8221; content_max_width=&#8221;78%&#8221; _builder_version=&#8221;3.24.1&#8243; text_orientation=&#8221;center&#8221; link_option_url=&#8221;https:\/\/delajara.com\/wp-content\/uploads\/2019\/07\/Lucia1.jpg&#8221; link_option_url_new_window=&#8221;on&#8221; box_shadow_style_image=&#8221;preset3&#8243;]<\/p>\n<p>Galer\u00eda Luc\u00eda de la Puente, Lima<br \/><strong> 2011<\/strong><\/p>\n<p>&nbsp;<\/p>\n<p><img loading=\"lazy\" decoding=\"async\" src=\"https:\/\/delajara.com\/wp-content\/uploads\/2019\/07\/Lucia3-300x233.jpg\" alt=\"\" class=\"wp-image-255 alignnone size-medium\" width=\"300\" height=\"233\" \/>\u00a0\u00a0\u00a0\u00a0 <img loading=\"lazy\" decoding=\"async\" src=\"https:\/\/delajara.com\/wp-content\/uploads\/2019\/07\/Lucia2-300x223.jpg\" alt=\"\" class=\"wp-image-254 alignnone size-medium\" width=\"300\" height=\"223\" \/><\/p>\n<p><strong><\/strong><\/p>\n<p>[\/et_pb_blurb][\/et_pb_column][\/et_pb_row][et_pb_row _builder_version=&#8221;3.25&#8243; custom_padding=&#8221;50px||&#8221;][et_pb_column type=&#8221;4_4&#8243; _builder_version=&#8221;3.25&#8243; custom_padding=&#8221;|||&#8221; custom_padding__hover=&#8221;|||&#8221;][et_pb_blurb title=&#8221;El sof\u00e1&#8221; url=&#8221;https:\/\/delajara.com\/wp-content\/uploads\/2019\/07\/El-Sof\u00e1-detalle.jpg&#8221; url_new_window=&#8221;on&#8221; image=&#8221;https:\/\/delajara.com\/wp-content\/uploads\/2019\/07\/El-Sof\u00e1-2011.jpg&#8221; content_max_width=&#8221;50%&#8221; _builder_version=&#8221;3.24.1&#8243; text_orientation=&#8221;center&#8221; link_option_url=&#8221;https:\/\/delajara.com\/wp-content\/uploads\/2019\/07\/El-Sof\u00e1-detalle.jpg&#8221; link_option_url_new_window=&#8221;on&#8221; box_shadow_style_image=&#8221;preset3&#8243;]<\/p>\n<p>\u00d3leo sobre<br \/> madera tallada<br \/> 130 x 100 cm<strong><br \/><\/strong>Colecci\u00f3n privada<strong><br \/> 2011<\/strong><\/p>\n<p>[\/et_pb_blurb][\/et_pb_column][\/et_pb_row][et_pb_row _builder_version=&#8221;3.25&#8243; custom_margin=&#8221;50px||&#8221; custom_padding=&#8221;50px||&#8221; box_shadow_style=&#8221;preset6&#8243;][et_pb_column type=&#8221;4_4&#8243; _builder_version=&#8221;3.25&#8243; custom_padding=&#8221;|||&#8221; custom_padding__hover=&#8221;|||&#8221;][et_pb_image src=&#8221;https:\/\/delajara.com\/wp-content\/uploads\/2020\/08\/OLAS-ORANTES-OLAS-2011-c.jpg&#8221; _builder_version=&#8221;4.0.7&#8243; width=&#8221;78%&#8221; max_width=&#8221;78%&#8221; module_alignment=&#8221;center&#8221;][\/et_pb_image][et_pb_blurb title=&#8221;Olas ardientes olas&#8221; url=&#8221;https:\/\/delajara.com\/wp-content\/uploads\/2019\/12\/OLAS-ORANTES.jpg&#8221; url_new_window=&#8221;on&#8221; image=&#8221;https:\/\/delajara.com\/wp-content\/uploads\/2020\/08\/OLAS-ORANTES-OLAS-2011-a.jpg&#8221; content_max_width=&#8221;78%&#8221; _builder_version=&#8221;4.0.7&#8243; text_orientation=&#8221;center&#8221; link_option_url=&#8221;https:\/\/delajara.com\/wp-content\/uploads\/2019\/12\/OLAS-ORANTES.jpg&#8221; link_option_url_new_window=&#8221;on&#8221; box_shadow_style_image=&#8221;preset3&#8243;]<\/p>\n<p>Instalaci\u00f3n multimedia,<br \/> esposici\u00f3n &#8220;Conservaci\u00f3n en silencio&#8221;<br \/> con poemas del Hieromonje Symeon.<br \/> Casa Garcilaso, Lima<strong><br \/> 2011<\/strong><\/p>\n<p>[\/et_pb_blurb][\/et_pb_column][\/et_pb_row][et_pb_row _builder_version=&#8221;3.25&#8243; custom_padding=&#8221;50px|||||&#8221;][et_pb_column type=&#8221;4_4&#8243; _builder_version=&#8221;3.25&#8243; custom_padding=&#8221;|||&#8221; custom_padding__hover=&#8221;|||&#8221;][et_pb_blurb title=&#8221;La hora del t\u00e9&#8221; url=&#8221;https:\/\/delajara.com\/wp-content\/uploads\/2019\/07\/La-hora-del-t\u00e9-2010-.jpg&#8221; url_new_window=&#8221;on&#8221; image=&#8221;https:\/\/delajara.com\/wp-content\/uploads\/2019\/07\/La-hora-del-t\u00e9-2010-.jpg&#8221; content_max_width=&#8221;78%&#8221; _builder_version=&#8221;3.24.1&#8243; text_orientation=&#8221;center&#8221; link_option_url=&#8221;https:\/\/delajara.com\/wp-content\/uploads\/2019\/07\/La-hora-del-t\u00e9-2010-.jpg&#8221; link_option_url_new_window=&#8221;on&#8221; box_shadow_style_image=&#8221;preset3&#8243;]<\/p>\n<p><strong><\/strong>\u00d3leo sobre lino<br \/> 130 x 150 cm<br \/>Colecci\u00f3n privada<strong><br \/>2010<\/strong><\/p>\n<p>[\/et_pb_blurb][\/et_pb_column][\/et_pb_row][et_pb_row _builder_version=&#8221;3.25&#8243; custom_padding=&#8221;50px||&#8221;][et_pb_column type=&#8221;4_4&#8243; _builder_version=&#8221;3.25&#8243; custom_padding=&#8221;|||&#8221; custom_padding__hover=&#8221;|||&#8221;][et_pb_blurb title=&#8221;La casa del padre&#8221; url=&#8221;https:\/\/delajara.com\/wp-content\/uploads\/2019\/07\/LA-CASA-DEL-PADRE-2009-1-1.jpg&#8221; url_new_window=&#8221;on&#8221; image=&#8221;https:\/\/delajara.com\/wp-content\/uploads\/2019\/07\/LA-CASA-DEL-PADRE-2009-1-1.jpg&#8221; content_max_width=&#8221;50%&#8221; _builder_version=&#8221;3.24.1&#8243; text_orientation=&#8221;center&#8221; link_option_url=&#8221;https:\/\/delajara.com\/wp-content\/uploads\/2019\/07\/LA-CASA-DEL-PADRE-2009-1-1.jpg&#8221; link_option_url_new_window=&#8221;on&#8221; box_shadow_style_image=&#8221;preset3&#8243;]<\/p>\n<p>\u00d3leo sobre lino<br \/> 190 x 140 cm.<br \/> Colecci\u00f3n Hochschild<br \/> (Lima)<strong><br \/> 2009<\/strong><\/p>\n<p>[\/et_pb_blurb][\/et_pb_column][\/et_pb_row][et_pb_row _builder_version=&#8221;3.25&#8243; custom_padding=&#8221;50px||&#8221; box_shadow_style=&#8221;preset3&#8243;][et_pb_column type=&#8221;4_4&#8243; _builder_version=&#8221;3.25&#8243; custom_padding=&#8221;|||&#8221; custom_padding__hover=&#8221;|||&#8221;][et_pb_blurb title=&#8221;Galerie Clemensstrasse 9&#8243; url=&#8221;https:\/\/delajara.com\/wp-content\/uploads\/2019\/07\/Munich.jpg&#8221; url_new_window=&#8221;on&#8221; image=&#8221;https:\/\/delajara.com\/wp-content\/uploads\/2019\/07\/Munich.jpg&#8221; content_max_width=&#8221;78%&#8221; _builder_version=&#8221;4.0.7&#8243; text_orientation=&#8221;center&#8221; link_option_url=&#8221;https:\/\/delajara.com\/wp-content\/uploads\/2019\/07\/Munich.jpg&#8221; link_option_url_new_window=&#8221;on&#8221; box_shadow_style_image=&#8221;preset3&#8243;]<\/p>\n<p>de Rosa Ronstedt, Munich<br \/> <strong> 2009<\/strong><\/p>\n<p>[\/et_pb_blurb][\/et_pb_column][\/et_pb_row][et_pb_row _builder_version=&#8221;3.25&#8243; custom_padding=&#8221;50px||&#8221;][et_pb_column type=&#8221;4_4&#8243; _builder_version=&#8221;3.25&#8243; custom_padding=&#8221;|||&#8221; custom_padding__hover=&#8221;|||&#8221;][et_pb_blurb title=&#8221;PILCO&#8221; url=&#8221;https:\/\/delajara.com\/wp-content\/uploads\/2020\/08\/Pilco.jpg&#8221; url_new_window=&#8221;on&#8221; image=&#8221;https:\/\/delajara.com\/wp-content\/uploads\/2020\/08\/Pilco.jpg&#8221; content_max_width=&#8221;78%&#8221; _builder_version=&#8221;4.0.7&#8243; text_orientation=&#8221;center&#8221; link_option_url=&#8221;https:\/\/delajara.com\/wp-content\/uploads\/2020\/08\/Pilco.jpg&#8221; link_option_url_new_window=&#8221;on&#8221; box_shadow_style_image=&#8221;preset3&#8243;]<\/p>\n<p>\u00d3leo sobre lino<br \/> 160&#215;130 cm<br \/> Colecci\u00f3n privada<br \/> Lima<strong><br \/> 2008<br \/> <\/strong><\/p>\n<p>[\/et_pb_blurb][\/et_pb_column][\/et_pb_row][et_pb_row _builder_version=&#8221;3.25&#8243; custom_padding=&#8221;50px||&#8221;][et_pb_column type=&#8221;4_4&#8243; _builder_version=&#8221;3.25&#8243; custom_padding=&#8221;|||&#8221; custom_padding__hover=&#8221;|||&#8221;][et_pb_blurb title=&#8221;Juego de dados&#8221; url=&#8221;https:\/\/delajara.com\/wp-content\/uploads\/2019\/07\/2008.-W\u00fcrfelspiele-.jpg&#8221; url_new_window=&#8221;on&#8221; image=&#8221;https:\/\/delajara.com\/wp-content\/uploads\/2019\/07\/2008.-W\u00fcrfelspiele-.jpg&#8221; content_max_width=&#8221;78%&#8221; _builder_version=&#8221;3.24.1&#8243; text_orientation=&#8221;center&#8221; link_option_url=&#8221;https:\/\/delajara.com\/wp-content\/uploads\/2019\/07\/2008.-W\u00fcrfelspiele-.jpg&#8221; link_option_url_new_window=&#8221;on&#8221; box_shadow_style_image=&#8221;preset3&#8243;]<\/p>\n<p>\u00d3leo sobre lino<br \/> 130&#215;150 cm<br \/> Colecci\u00f3n Volksbank<br \/> Alemania<strong><br \/> 2008<br \/> <\/strong><\/p>\n<p>[\/et_pb_blurb][\/et_pb_column][\/et_pb_row][et_pb_row _builder_version=&#8221;3.25&#8243; custom_padding=&#8221;50px||&#8221; box_shadow_style=&#8221;preset3&#8243;][et_pb_column type=&#8221;4_4&#8243; _builder_version=&#8221;3.25&#8243; custom_padding=&#8221;|||&#8221; custom_padding__hover=&#8221;|||&#8221;][et_pb_blurb title=&#8221;Ausflug&#8221; url=&#8221;https:\/\/delajara.com\/wp-content\/uploads\/2019\/07\/Ausflug.jpg&#8221; url_new_window=&#8221;on&#8221; image=&#8221;https:\/\/delajara.com\/wp-content\/uploads\/2019\/07\/Ausflug.jpg&#8221; content_max_width=&#8221;78%&#8221; _builder_version=&#8221;3.24.1&#8243; text_orientation=&#8221;center&#8221; link_option_url=&#8221;https:\/\/delajara.com\/wp-content\/uploads\/2019\/07\/Ausflug.jpg&#8221; link_option_url_new_window=&#8221;on&#8221; box_shadow_style_image=&#8221;preset3&#8243;]<\/p>\n<p>Galer\u00eda Alte Schranne,<br \/> N\u00f6rdlingen, Alemania<br \/> <strong>2012<\/strong><\/p>\n<p>[\/et_pb_blurb][\/et_pb_column][\/et_pb_row][et_pb_row _builder_version=&#8221;3.25&#8243; custom_margin=&#8221;50px||&#8221; custom_padding=&#8221;50px||&#8221; box_shadow_style=&#8221;preset6&#8243;][et_pb_column type=&#8221;4_4&#8243; _builder_version=&#8221;3.25&#8243; custom_padding=&#8221;|||&#8221; custom_padding__hover=&#8221;|||&#8221;][et_pb_blurb title=&#8221;Sangre Sab\u00cda&#8221; url=&#8221;https:\/\/delajara.com\/wp-content\/uploads\/2019\/12\/Sangre-Sabia-scaled.jpg&#8221; url_new_window=&#8221;on&#8221; image=&#8221;https:\/\/delajara.com\/wp-content\/uploads\/2019\/12\/Sangre-Sabia-scaled.jpg&#8221; content_max_width=&#8221;75%&#8221; _builder_version=&#8221;4.0.7&#8243; text_orientation=&#8221;center&#8221; link_option_url=&#8221;https:\/\/delajara.com\/wp-content\/uploads\/2019\/12\/Sangre-Sabia-scaled.jpg&#8221; link_option_url_new_window=&#8221;on&#8221; box_shadow_style_image=&#8221;preset3&#8243;]<\/p>\n<p>Videoinstalaci\u00f3n multimedia<br \/>Kunstmuseum, Wemding<strong><br \/> 2006<\/strong><\/p>\n<p>[\/et_pb_blurb][\/et_pb_column][\/et_pb_row][et_pb_row _builder_version=&#8221;3.25&#8243; custom_padding=&#8221;100px|||||&#8221;][et_pb_column type=&#8221;4_4&#8243; _builder_version=&#8221;3.25&#8243; custom_padding=&#8221;|||&#8221; custom_padding__hover=&#8221;|||&#8221;][et_pb_blurb title=&#8221;Billar&#8221; url=&#8221;https:\/\/delajara.com\/wp-content\/uploads\/2019\/07\/billar.jpg&#8221; url_new_window=&#8221;on&#8221; image=&#8221;https:\/\/delajara.com\/wp-content\/uploads\/2019\/07\/billar.jpg&#8221; content_max_width=&#8221;90%&#8221; _builder_version=&#8221;3.24.1&#8243; text_orientation=&#8221;center&#8221; link_option_url=&#8221;https:\/\/delajara.com\/wp-content\/uploads\/2019\/07\/billar.jpg&#8221; link_option_url_new_window=&#8221;on&#8221; box_shadow_style_image=&#8221;preset3&#8243;]<\/p>\n<p>Fresco en secco<br \/> sobre lino<br \/> 90 x 220 cm<br \/>Colecci\u00f3n privada<strong><br \/> 2006<br \/> <\/strong><\/p>\n<p>[\/et_pb_blurb][\/et_pb_column][\/et_pb_row][et_pb_row _builder_version=&#8221;3.25&#8243; custom_padding=&#8221;100px|||||&#8221;][et_pb_column type=&#8221;4_4&#8243; _builder_version=&#8221;3.25&#8243; custom_padding=&#8221;|||&#8221; custom_padding__hover=&#8221;|||&#8221;][et_pb_blurb title=&#8221;La puerta II&#8221; url=&#8221;https:\/\/delajara.com\/wp-content\/uploads\/2019\/07\/puerta2-1.jpg&#8221; url_new_window=&#8221;on&#8221; image=&#8221;https:\/\/delajara.com\/wp-content\/uploads\/2019\/07\/puerta2-1.jpg&#8221; content_max_width=&#8221;90%&#8221; _builder_version=&#8221;3.24.1&#8243; text_orientation=&#8221;center&#8221; link_option_url=&#8221;https:\/\/delajara.com\/wp-content\/uploads\/2019\/07\/puerta2-1.jpg&#8221; link_option_url_new_window=&#8221;on&#8221; box_shadow_style_image=&#8221;preset3&#8243;]<\/p>\n<p>90 x 210 cm<br \/>Colecci\u00f3n particular<br \/>Lima<strong><br \/>2005<br \/> <\/strong><\/p>\n<p>[\/et_pb_blurb][\/et_pb_column][\/et_pb_row][et_pb_row _builder_version=&#8221;3.25&#8243; custom_padding=&#8221;100px|||||&#8221;][et_pb_column type=&#8221;4_4&#8243; _builder_version=&#8221;3.25&#8243; custom_padding=&#8221;|||&#8221; custom_padding__hover=&#8221;|||&#8221;][et_pb_blurb title=&#8221;A trav\u00e9s del d\u00eda&#8221; url=&#8221;https:\/\/delajara.com\/wp-content\/uploads\/2019\/07\/2004.-Throughout-the-day-and-night.jpg&#8221; url_new_window=&#8221;on&#8221; image=&#8221;https:\/\/delajara.com\/wp-content\/uploads\/2019\/07\/2004.-Throughout-the-day-and-night.jpg&#8221; content_max_width=&#8221;78%&#8221; _builder_version=&#8221;3.24.1&#8243; text_orientation=&#8221;center&#8221; link_option_url=&#8221;https:\/\/delajara.com\/wp-content\/uploads\/2019\/07\/2004.-Throughout-the-day-and-night.jpg&#8221; link_option_url_new_window=&#8221;on&#8221;]<\/p>\n<p>\u00d3leo sobre tabla, placa<br \/>giratoria de acero<br \/>90 cm di\u00e1metro<br \/>Colecci\u00f3n privada, Munich<strong><br \/>2004<br \/> <\/strong><\/p>\n<p>[\/et_pb_blurb][\/et_pb_column][\/et_pb_row][et_pb_row _builder_version=&#8221;3.25&#8243; custom_padding=&#8221;50px||&#8221;][et_pb_column type=&#8221;4_4&#8243; _builder_version=&#8221;3.25&#8243; custom_padding=&#8221;|||&#8221; custom_padding__hover=&#8221;|||&#8221;][et_pb_blurb title=&#8221;Flug&#8221; url=&#8221;https:\/\/delajara.com\/wp-content\/uploads\/2019\/07\/Flug-2003-copia.jpg&#8221; url_new_window=&#8221;on&#8221; image=&#8221;https:\/\/delajara.com\/wp-content\/uploads\/2019\/07\/Flug-2003-copia.jpg&#8221; content_max_width=&#8221;60%&#8221; _builder_version=&#8221;4.6.3&#8243; text_orientation=&#8221;center&#8221; link_option_url=&#8221;https:\/\/delajara.com\/wp-content\/uploads\/2019\/07\/Flug-2003-copia.jpg&#8221; link_option_url_new_window=&#8221;on&#8221; box_shadow_style_image=&#8221;preset3&#8243;]<\/p>\n<p>\u00d3leo sobre madera<br \/> 80 x 60 cm<br \/>Colecci\u00f3n privada<strong><br \/> 2003<br \/> <\/strong><\/p>\n<p>[\/et_pb_blurb][\/et_pb_column][\/et_pb_row][et_pb_row _builder_version=&#8221;3.25&#8243; custom_padding=&#8221;50px||&#8221;][et_pb_column type=&#8221;4_4&#8243; _builder_version=&#8221;3.25&#8243; custom_padding=&#8221;|||&#8221; custom_padding__hover=&#8221;|||&#8221;][et_pb_blurb title=&#8221;La Giganta (Irina)&#8221; url=&#8221;https:\/\/delajara.com\/wp-content\/uploads\/2019\/07\/giganta.jpg&#8221; url_new_window=&#8221;on&#8221; image=&#8221;https:\/\/delajara.com\/wp-content\/uploads\/2019\/07\/giganta.jpg&#8221; content_max_width=&#8221;50%&#8221; _builder_version=&#8221;4.0.7&#8243; text_orientation=&#8221;center&#8221; link_option_url=&#8221;https:\/\/delajara.com\/wp-content\/uploads\/2019\/07\/giganta.jpg&#8221; link_option_url_new_window=&#8221;on&#8221; box_shadow_style_image=&#8221;preset3&#8243;]<\/p>\n<p>\u00d3leo sobre lino<br \/>120 x 90 cm<strong><br \/><\/strong>Colecci\u00f3n privada<strong><br \/> 2002<br \/> <\/strong><\/p>\n<p>[\/et_pb_blurb][\/et_pb_column][\/et_pb_row][et_pb_row _builder_version=&#8221;3.25&#8243; custom_padding=&#8221;50px||&#8221;][et_pb_column type=&#8221;4_4&#8243; _builder_version=&#8221;3.25&#8243; custom_padding=&#8221;|||&#8221; custom_padding__hover=&#8221;|||&#8221;][et_pb_blurb title=&#8221;Cypraea&#8221; url=&#8221;https:\/\/delajara.com\/wp-content\/uploads\/2019\/07\/Bodeg\u00f3n-2002-.jpg&#8221; url_new_window=&#8221;on&#8221; image=&#8221;https:\/\/delajara.com\/wp-content\/uploads\/2019\/07\/Bodeg\u00f3n-2002-.jpg&#8221; content_max_width=&#8221;50%&#8221; _builder_version=&#8221;3.24.1&#8243; text_orientation=&#8221;center&#8221; link_option_url=&#8221;https:\/\/delajara.com\/wp-content\/uploads\/2019\/07\/Bodeg\u00f3n-2002-.jpg&#8221; link_option_url_new_window=&#8221;on&#8221; box_shadow_style_image=&#8221;preset3&#8243;]<\/p>\n<p>\u00d3leo sobre madera<br \/> 80 x 60 cm<br \/> Colecci\u00f3n privada<br \/> Alemania<strong><br \/> 2002<br \/> <\/strong><\/p>\n<p>[\/et_pb_blurb][\/et_pb_column][\/et_pb_row][et_pb_row _builder_version=&#8221;3.25&#8243; custom_padding=&#8221;50px||&#8221;][et_pb_column type=&#8221;4_4&#8243; _builder_version=&#8221;3.25&#8243; custom_padding=&#8221;|||&#8221; custom_padding__hover=&#8221;|||&#8221;][et_pb_blurb title=&#8221;FUN\u00c1MBULO I&#8221; url=&#8221;https:\/\/delajara.com\/wp-content\/uploads\/2020\/08\/Seilt\u00e4nzer-I-web-scaled.jpg&#8221; url_new_window=&#8221;on&#8221; image=&#8221;https:\/\/delajara.com\/wp-content\/uploads\/2020\/08\/Seilt\u00e4nzer-I-web-scaled.jpg&#8221; content_max_width=&#8221;90%&#8221; _builder_version=&#8221;4.0.7&#8243; text_orientation=&#8221;center&#8221; link_option_url=&#8221;https:\/\/delajara.com\/wp-content\/uploads\/2020\/08\/Seilt\u00e4nzer-I-web-scaled.jpg&#8221; link_option_url_new_window=&#8221;on&#8221; box_shadow_style_image=&#8221;preset3&#8243;]<\/p>\n<p>\u00d3leo sobre lino<br \/> 90 x 140 cm<br \/> Colecci\u00f3n privada<br \/> Pappenheim<strong><br \/> 2001<br \/> <\/strong><\/p>\n<p>[\/et_pb_blurb][\/et_pb_column][\/et_pb_row][et_pb_row _builder_version=&#8221;3.25&#8243; custom_padding=&#8221;50px||&#8221; box_shadow_style=&#8221;preset6&#8243;][et_pb_column type=&#8221;4_4&#8243; _builder_version=&#8221;3.25&#8243; custom_padding=&#8221;|||&#8221; custom_padding__hover=&#8221;|||&#8221;][et_pb_blurb title=&#8221;Chacan Pi&#8221; url=&#8221;https:\/\/delajara.com\/wp-content\/uploads\/2019\/07\/Pi.jpg&#8221; url_new_window=&#8221;on&#8221; image=&#8221;https:\/\/delajara.com\/wp-content\/uploads\/2019\/07\/Pi.jpg&#8221; content_max_width=&#8221;78%&#8221; _builder_version=&#8221;3.24.1&#8243; text_orientation=&#8221;center&#8221; link_option_url=&#8221;https:\/\/delajara.com\/wp-content\/uploads\/2019\/07\/Pi.jpg&#8221; link_option_url_new_window=&#8221;on&#8221; box_shadow_style_image=&#8221;preset3&#8243;]<\/p>\n<p>Escultura en m\u00e1rmol Rosso de Verona<br \/>4,2 \u00d7 1,7 \u00d7 1,7 m<br \/>T\u00fcbingen<strong><br \/> 2001<\/strong><\/p>\n<p>[\/et_pb_blurb][\/et_pb_column][\/et_pb_row][et_pb_row _builder_version=&#8221;3.25&#8243; custom_margin=&#8221;50px||&#8221; custom_padding=&#8221;50px||&#8221; box_shadow_style=&#8221;preset6&#8243;][et_pb_column type=&#8221;4_4&#8243; _builder_version=&#8221;3.25&#8243; custom_padding=&#8221;|||&#8221; custom_padding__hover=&#8221;|||&#8221;][et_pb_blurb title=&#8221;Chacan Pi&#8221; url=&#8221;https:\/\/delajara.com\/wp-content\/uploads\/2019\/07\/pi2.jpg&#8221; url_new_window=&#8221;on&#8221; image=&#8221;https:\/\/delajara.com\/wp-content\/uploads\/2019\/07\/pi2.jpg&#8221; content_max_width=&#8221;78%&#8221; _builder_version=&#8221;3.24.1&#8243; text_orientation=&#8221;center&#8221; link_option_url=&#8221;https:\/\/delajara.com\/wp-content\/uploads\/2019\/07\/pi2.jpg&#8221; link_option_url_new_window=&#8221;on&#8221; box_shadow_style_image=&#8221;preset3&#8243;]<\/p>\n<p>Detalle interior | inner detail<\/p>\n<p>[\/et_pb_blurb][\/et_pb_column][\/et_pb_row][et_pb_row _builder_version=&#8221;3.25&#8243; custom_padding=&#8221;114px|||||&#8221;][et_pb_column type=&#8221;4_4&#8243; _builder_version=&#8221;3.25&#8243; custom_padding=&#8221;|||&#8221; custom_padding__hover=&#8221;|||&#8221;][et_pb_blurb title=&#8221;Jard\u00edn cerrado&#8221; url=&#8221;https:\/\/delajara.com\/wp-content\/uploads\/2019\/07\/JARD\u00cdN-CERRADO-2000.png&#8221; url_new_window=&#8221;on&#8221; image=&#8221;https:\/\/delajara.com\/wp-content\/uploads\/2019\/07\/JARD\u00cdN-CERRADO-2000.png&#8221; content_max_width=&#8221;90%&#8221; _builder_version=&#8221;3.24.1&#8243; text_orientation=&#8221;center&#8221; link_option_url=&#8221;https:\/\/delajara.com\/wp-content\/uploads\/2019\/07\/JARD\u00cdN-CERRADO-2000.png&#8221; link_option_url_new_window=&#8221;on&#8221;]<\/p>\n<p>\u00d3leo sobre lino<br \/>montado en tabla<br \/>117,5 x 183 cm<br \/>Colecci\u00f3n privada<br \/><strong>Munich<br \/>2000<br \/> <\/strong><\/p>\n<p>[\/et_pb_blurb][\/et_pb_column][\/et_pb_row][et_pb_row _builder_version=&#8221;3.25&#8243; custom_padding=&#8221;50px||&#8221;][et_pb_column type=&#8221;4_4&#8243; _builder_version=&#8221;3.25&#8243; custom_padding=&#8221;|||&#8221; custom_padding__hover=&#8221;|||&#8221;][et_pb_blurb title=&#8221;\u00c1ngela ad\u00f3nica&#8221; url=&#8221;https:\/\/delajara.com\/wp-content\/uploads\/2019\/07\/\u00c1ngea-ad\u00f3nica-detalle.jpg&#8221; url_new_window=&#8221;on&#8221; image=&#8221;https:\/\/delajara.com\/wp-content\/uploads\/2019\/12\/Angela-Adonica2-1.jpg&#8221; content_max_width=&#8221;85%&#8221; _builder_version=&#8221;4.6.3&#8243; text_orientation=&#8221;center&#8221; link_option_url=&#8221;https:\/\/delajara.com\/wp-content\/uploads\/2019\/07\/\u00c1ngea-ad\u00f3nica-detalle.jpg&#8221; link_option_url_new_window=&#8221;on&#8221;]<\/p>\n<p>\u00d3leo sobre<br \/> madera, seda, bronce,<br \/> pan de oro<strong><br \/> <\/strong>57.5 x 81 cm<br \/>Colecci\u00f3n privada<strong><br \/> 2000<\/strong><\/p>\n<p>[\/et_pb_blurb][\/et_pb_column][\/et_pb_row][et_pb_row _builder_version=&#8221;3.25&#8243; custom_margin=&#8221;50px||&#8221; custom_padding=&#8221;50px||&#8221; box_shadow_style=&#8221;preset6&#8243;][et_pb_column type=&#8221;4_4&#8243; _builder_version=&#8221;3.25&#8243; custom_padding=&#8221;|||&#8221; custom_padding__hover=&#8221;|||&#8221;][et_pb_blurb title=&#8221;CHACAN PI&#8221; url=&#8221;https:\/\/delajara.com\/wp-content\/uploads\/2019\/07\/pi3.jpg&#8221; url_new_window=&#8221;on&#8221; image=&#8221;https:\/\/delajara.com\/wp-content\/uploads\/2019\/07\/pi3.jpg&#8221; content_max_width=&#8221;78%&#8221; _builder_version=&#8221;4.0.7&#8243; text_orientation=&#8221;center&#8221; link_option_url=&#8221;https:\/\/delajara.com\/wp-content\/uploads\/2019\/07\/pi3.jpg&#8221; link_option_url_new_window=&#8221;on&#8221; box_shadow_style_image=&#8221;preset3&#8243;]<\/p>\n<p>Taller Laboratoio Nicoli<br \/>Carrara<br \/><strong>2000<\/p>\n<p>Work in progress <br \/><\/strong><\/p>\n<p>[\/et_pb_blurb][\/et_pb_column][\/et_pb_row][et_pb_row _builder_version=&#8221;3.25&#8243; custom_margin=&#8221;50px||&#8221; custom_padding=&#8221;50px||&#8221; box_shadow_style=&#8221;preset6&#8243;][et_pb_column type=&#8221;4_4&#8243; _builder_version=&#8221;3.25&#8243; custom_padding=&#8221;|||&#8221; custom_padding__hover=&#8221;|||&#8221;][et_pb_blurb title=&#8221;Wunsch und Ged\u00e4chtnis&#8221; url=&#8221;https:\/\/delajara.com\/wp-content\/uploads\/2019\/12\/Minerva-scaled.jpg&#8221; url_new_window=&#8221;on&#8221; image=&#8221;https:\/\/delajara.com\/wp-content\/uploads\/2020\/07\/Wunsch_k.jpg&#8221; content_max_width=&#8221;75%&#8221; _builder_version=&#8221;4.0.7&#8243; text_orientation=&#8221;center&#8221; link_option_url=&#8221;https:\/\/delajara.com\/wp-content\/uploads\/2019\/12\/Minerva-scaled.jpg&#8221; link_option_url_new_window=&#8221;on&#8221; box_shadow_style_image=&#8221;preset3&#8243;]<\/p>\n<p>Deseo y Memoria | Desire and Memory<\/p>\n<p><span style=\"font-size: 14px;\">Granit &#8220;Cape Green&#8221;<br \/><\/span><span style=\"font-size: 14px;\">Max-Planck-Gesellschaft<br \/><\/span><strong> 1999<\/strong><\/p>\n<p>[\/et_pb_blurb][\/et_pb_column][\/et_pb_row][et_pb_row _builder_version=&#8221;3.25&#8243; custom_padding=&#8221;50px||&#8221;][et_pb_column type=&#8221;4_4&#8243; _builder_version=&#8221;3.25&#8243; custom_padding=&#8221;|||&#8221; custom_padding__hover=&#8221;|||&#8221;][et_pb_blurb title=&#8221;Dos mujeres&#8221; url=&#8221;https:\/\/delajara.com\/wp-content\/uploads\/2019\/07\/2-MUjERES-1998-copia.jpg&#8221; url_new_window=&#8221;on&#8221; image=&#8221;https:\/\/delajara.com\/wp-content\/uploads\/2019\/07\/2-MUjERES-1998-copia.jpg&#8221; content_max_width=&#8221;90%&#8221; _builder_version=&#8221;4.6.3&#8243; text_orientation=&#8221;center&#8221; link_option_url=&#8221;https:\/\/delajara.com\/wp-content\/uploads\/2019\/07\/2-MUjERES-1998-copia.jpg&#8221; link_option_url_new_window=&#8221;on&#8221; box_shadow_style_image=&#8221;preset3&#8243;]<\/p>\n<p>\u00d3leo sobre tela<br \/> 100 x 185 cm<br \/> Colecci\u00f3n privada, Miami, USA<strong><br \/> 1998-1999<\/strong><\/p>\n<p>[\/et_pb_blurb][\/et_pb_column][\/et_pb_row][\/et_pb_section][et_pb_section fb_built=&#8221;1&#8243; admin_label=&#8221;About Me&#8221; module_id=&#8221;sculpt_en&#8221; _builder_version=&#8221;3.26.3&#8243; custom_margin=&#8221;-1px|||||&#8221; global_module=&#8221;607&#8243; saved_tabs=&#8221;all&#8221;][et_pb_row _builder_version=&#8221;3.25&#8243; custom_margin=&#8221;50px||&#8221; custom_padding=&#8221;50px||&#8221; box_shadow_style=&#8221;preset6&#8243;][et_pb_column type=&#8221;4_4&#8243; _builder_version=&#8221;3.25&#8243; custom_padding=&#8221;|||&#8221; custom_padding__hover=&#8221;|||&#8221;][et_pb_blurb title=&#8221;Ni\u00f1o con fuego y agua&#8221; url=&#8221;https:\/\/delajara.com\/wp-content\/uploads\/2020\/07\/Nino.jpg&#8221; url_new_window=&#8221;on&#8221; image=&#8221;https:\/\/delajara.com\/wp-content\/uploads\/2020\/07\/Nino.jpg&#8221; content_max_width=&#8221;78%&#8221; _builder_version=&#8221;4.0.7&#8243; text_orientation=&#8221;center&#8221; link_option_url=&#8221;https:\/\/delajara.com\/wp-content\/uploads\/2020\/07\/Nino.jpg&#8221; link_option_url_new_window=&#8221;on&#8221; box_shadow_style_image=&#8221;preset3&#8243;]<\/p>\n<p>Bronze, Wasser, Feuer<br \/> 90 \u00d7 30 \u00d7 30 cm<br \/> Auflage 7<strong><br \/> 1992<\/strong><\/p>\n<p>[\/et_pb_blurb][\/et_pb_column][\/et_pb_row][et_pb_row _builder_version=&#8221;3.25&#8243; custom_padding=&#8221;95px|||||&#8221;][et_pb_column type=&#8221;4_4&#8243; _builder_version=&#8221;3.25&#8243; custom_padding=&#8221;|||&#8221; custom_padding__hover=&#8221;|||&#8221;][et_pb_blurb title=&#8221;El Caf\u00e9&#8221; url=&#8221;https:\/\/delajara.com\/wp-content\/uploads\/2019\/12\/El-Caf\u00e92.jpg&#8221; url_new_window=&#8221;on&#8221; image=&#8221;https:\/\/delajara.com\/wp-content\/uploads\/2019\/12\/El-Caf\u00e92.jpg&#8221; content_max_width=&#8221;78%&#8221; _builder_version=&#8221;4.0.7&#8243; text_orientation=&#8221;center&#8221; link_option_url=&#8221;https:\/\/delajara.com\/wp-content\/uploads\/2019\/12\/El-Caf\u00e92.jpg&#8221; link_option_url_new_window=&#8221;on&#8221;]<\/p>\n<p>\u00d3leo sobre madera<br \/> 180 x 230 cm<br \/> Colecci\u00f3n del Museo de Arte<br \/> del Banco Central de Reserva del Per\u00fa<strong><br \/> 1997<\/strong><\/p>\n<p>[\/et_pb_blurb][\/et_pb_column][\/et_pb_row][et_pb_row _builder_version=&#8221;3.25&#8243; custom_padding=&#8221;28px|||||&#8221;][et_pb_column type=&#8221;4_4&#8243; _builder_version=&#8221;3.25&#8243; custom_padding=&#8221;|||&#8221; custom_padding__hover=&#8221;|||&#8221;][et_pb_blurb title=&#8221;TRAUM I (Sue\u00f1o I)&#8221; url=&#8221;https:\/\/delajara.com\/wp-content\/uploads\/2020\/08\/Traum_I.jpg&#8221; url_new_window=&#8221;on&#8221; image=&#8221;https:\/\/delajara.com\/wp-content\/uploads\/2020\/08\/Traum_I.jpg&#8221; content_max_width=&#8221;78%&#8221; _builder_version=&#8221;4.0.7&#8243; text_orientation=&#8221;center&#8221; link_option_url=&#8221;https:\/\/delajara.com\/wp-content\/uploads\/2020\/08\/Traum_I.jpg&#8221; link_option_url_new_window=&#8221;on&#8221;]<\/p>\n<p>T\u00e9chnica mixta sobre lino<br \/>175 x 170 cm<br \/> Propiedad privada<br \/> Munich<strong><br \/> 1986-88<\/strong><\/p>\n<p>[\/et_pb_blurb][\/et_pb_column][\/et_pb_row][et_pb_row _builder_version=&#8221;3.25&#8243; custom_padding=&#8221;28px|||||&#8221;][et_pb_column type=&#8221;4_4&#8243; _builder_version=&#8221;3.25&#8243; custom_padding=&#8221;|||&#8221; custom_padding__hover=&#8221;|||&#8221;][et_pb_blurb title=&#8221;Pol\u00edptico del bar&#8221; url=&#8221;https:\/\/delajara.com\/wp-content\/uploads\/2020\/08\/Pol\u00edptico-del-bar.jpg&#8221; url_new_window=&#8221;on&#8221; image=&#8221;https:\/\/delajara.com\/wp-content\/uploads\/2020\/08\/Pol\u00edptico-del-bar.jpg&#8221; content_max_width=&#8221;100%&#8221; _builder_version=&#8221;4.0.7&#8243; text_orientation=&#8221;center&#8221; link_option_url=&#8221;https:\/\/delajara.com\/wp-content\/uploads\/2020\/08\/Pol\u00edptico-del-bar.jpg&#8221; link_option_url_new_window=&#8221;on&#8221;]<\/p>\n<p>\u00d3leo sobre lino, meddias variables<br \/> ca. 170 x 500 cm<br \/> Colecci\u00f3n Privada<br \/> Abu Dabi<strong><br \/> 1985-86<\/strong><\/p>\n<p>[\/et_pb_blurb][\/et_pb_column][\/et_pb_row][\/et_pb_section][et_pb_section fb_built=&#8221;1&#8243; admin_label=&#8221;About Me&#8221; module_id=&#8221;obra_en&#8221; _builder_version=&#8221;4.0.7&#8243; global_module=&#8221;609&#8243; saved_tabs=&#8221;all&#8221;][et_pb_row _builder_version=&#8221;3.25&#8243; custom_padding=&#8221;50px||&#8221;][et_pb_column type=&#8221;4_4&#8243; _builder_version=&#8221;3.25&#8243; custom_padding=&#8221;|||&#8221; custom_padding__hover=&#8221;|||&#8221;][et_pb_text _builder_version=&#8221;4.0.7&#8243;]<\/p>\n<h1 style=\"text-align: center;\"><a href=\"https:\/\/delajara.com\/wp-content\/uploads\/2020\/07\/Nino.jpg\">P<\/a>RINTS<\/h1>\n<p>[\/et_pb_text][\/et_pb_column][\/et_pb_row][et_pb_row _builder_version=&#8221;3.25&#8243; custom_padding=&#8221;50px||&#8221;][et_pb_column type=&#8221;4_4&#8243; _builder_version=&#8221;3.25&#8243; custom_padding=&#8221;|||&#8221; custom_padding__hover=&#8221;|||&#8221;][et_pb_blurb title=&#8221;Flug&#8221; url=&#8221;https:\/\/delajara.com\/wp-content\/uploads\/2019\/12\/Flug-2003_2.jpg&#8221; url_new_window=&#8221;on&#8221; image=&#8221;https:\/\/delajara.com\/wp-content\/uploads\/2019\/12\/Flug-2003_2.jpg&#8221; content_max_width=&#8221;60%&#8221; _builder_version=&#8221;4.0.7&#8243; text_orientation=&#8221;center&#8221; link_option_url=&#8221;https:\/\/delajara.com\/wp-content\/uploads\/2019\/12\/Flug-2003_2.jpg&#8221; link_option_url_new_window=&#8221;on&#8221; box_shadow_style_image=&#8221;preset3&#8243;]<\/p>\n<p>variable size<br \/> Original Fineart Glicl\u00e8e Print<strong><br \/> <\/strong><\/p>\n<p>[\/et_pb_blurb][\/et_pb_column][\/et_pb_row][et_pb_row _builder_version=&#8221;3.25&#8243; custom_padding=&#8221;50px||&#8221;][et_pb_column type=&#8221;4_4&#8243; _builder_version=&#8221;3.25&#8243; custom_padding=&#8221;|||&#8221; custom_padding__hover=&#8221;|||&#8221;][et_pb_blurb title=&#8221;Seilt\u00e4nzer&#8221; url=&#8221;https:\/\/delajara.com\/wp-content\/uploads\/2019\/12\/seiltaenzer.jpg&#8221; url_new_window=&#8221;on&#8221; image=&#8221;https:\/\/delajara.com\/wp-content\/uploads\/2019\/12\/seiltaenzer.jpg&#8221; content_max_width=&#8221;75%&#8221; _builder_version=&#8221;4.0.7&#8243; text_orientation=&#8221;center&#8221; link_option_url=&#8221;https:\/\/delajara.com\/wp-content\/uploads\/2019\/12\/seiltaenzer.jpg&#8221; link_option_url_new_window=&#8221;on&#8221; box_shadow_style_image=&#8221;preset3&#8243;]<\/p>\n<p>variable size<br \/> Original Fineart Glicl\u00e8e Print<\/p>\n<p>[\/et_pb_blurb][\/et_pb_column][\/et_pb_row][et_pb_row _builder_version=&#8221;3.25&#8243; custom_padding=&#8221;50px||&#8221;][et_pb_column type=&#8221;4_4&#8243; _builder_version=&#8221;3.25&#8243; custom_padding=&#8221;|||&#8221; custom_padding__hover=&#8221;|||&#8221;][et_pb_blurb title=&#8221;Onsen&#8221; url=&#8221;https:\/\/delajara.com\/wp-content\/uploads\/2019\/12\/Onsen-scaled.jpg&#8221; url_new_window=&#8221;on&#8221; image=&#8221;https:\/\/delajara.com\/wp-content\/uploads\/2019\/12\/Onsen-scaled.jpg&#8221; content_max_width=&#8221;45%&#8221; _builder_version=&#8221;4.0.7&#8243; text_orientation=&#8221;center&#8221; link_option_url=&#8221;https:\/\/delajara.com\/wp-content\/uploads\/2019\/12\/Onsen-scaled.jpg&#8221; link_option_url_new_window=&#8221;on&#8221; box_shadow_style_image=&#8221;preset3&#8243;]<\/p>\n<p>variable size<br \/> Original Fineart Glicl\u00e8e Print<\/p>\n<p>[\/et_pb_blurb][\/et_pb_column][\/et_pb_row][et_pb_row _builder_version=&#8221;3.25&#8243; custom_padding=&#8221;50px||&#8221;][et_pb_column type=&#8221;4_4&#8243; _builder_version=&#8221;3.25&#8243; custom_padding=&#8221;|||&#8221; custom_padding__hover=&#8221;|||&#8221;][et_pb_blurb title=&#8221;Mujer y mono&#8221; url=&#8221;https:\/\/delajara.com\/wp-content\/uploads\/2019\/12\/Mujer-y-mono-Schicksal.jpg&#8221; url_new_window=&#8221;on&#8221; image=&#8221;https:\/\/delajara.com\/wp-content\/uploads\/2019\/12\/Mujer-y-mono-Schicksal.jpg&#8221; content_max_width=&#8221;75%&#8221; _builder_version=&#8221;4.0.7&#8243; text_orientation=&#8221;center&#8221; link_option_url=&#8221;https:\/\/delajara.com\/wp-content\/uploads\/2019\/12\/Mujer-y-mono-Schicksal.jpg&#8221; link_option_url_new_window=&#8221;on&#8221; box_shadow_style_image=&#8221;preset3&#8243;]<\/p>\n<p>variable size<br \/> Original Fineart Glicl\u00e8e Print<\/p>\n<p>[\/et_pb_blurb][\/et_pb_column][\/et_pb_row][et_pb_row _builder_version=&#8221;3.25&#8243; custom_padding=&#8221;50px||&#8221;][et_pb_column type=&#8221;4_4&#8243; _builder_version=&#8221;3.25&#8243; custom_padding=&#8221;|||&#8221; custom_padding__hover=&#8221;|||&#8221;][et_pb_blurb title=&#8221;Ausflug&#8221; url=&#8221;https:\/\/delajara.com\/wp-content\/uploads\/2019\/12\/AUSFLUG.jpg&#8221; url_new_window=&#8221;on&#8221; image=&#8221;https:\/\/delajara.com\/wp-content\/uploads\/2019\/12\/AUSFLUG.jpg&#8221; content_max_width=&#8221;55%&#8221; _builder_version=&#8221;4.0.7&#8243; text_orientation=&#8221;center&#8221; link_option_url=&#8221;https:\/\/delajara.com\/wp-content\/uploads\/2019\/12\/AUSFLUG.jpg&#8221; link_option_url_new_window=&#8221;on&#8221; box_shadow_style_image=&#8221;preset3&#8243;]<\/p>\n<p>variable size<br \/> Original Fineart Glicl\u00e8e Print<\/p>\n<p>[\/et_pb_blurb][\/et_pb_column][\/et_pb_row][et_pb_row _builder_version=&#8221;3.25&#8243; custom_padding=&#8221;50px||&#8221;][et_pb_column type=&#8221;4_4&#8243; _builder_version=&#8221;3.25&#8243; custom_padding=&#8221;|||&#8221; custom_padding__hover=&#8221;|||&#8221;][et_pb_blurb title=&#8221;Das Feuer&#8221; url=&#8221;https:\/\/delajara.com\/wp-content\/uploads\/2019\/12\/gal04-das-feuer.jpg&#8221; url_new_window=&#8221;on&#8221; image=&#8221;https:\/\/delajara.com\/wp-content\/uploads\/2019\/12\/gal04-das-feuer.jpg&#8221; content_max_width=&#8221;75%&#8221; _builder_version=&#8221;4.0.7&#8243; text_orientation=&#8221;center&#8221; link_option_url=&#8221;https:\/\/delajara.com\/wp-content\/uploads\/2019\/12\/gal04-das-feuer.jpg&#8221; link_option_url_new_window=&#8221;on&#8221; box_shadow_style_image=&#8221;preset3&#8243;]<\/p>\n<p>Litographie,<br \/>Edici\u00f3n especial de 21 ejemplares<br \/>18 x 22 cm<\/p>\n<p>[\/et_pb_blurb][\/et_pb_column][\/et_pb_row][\/et_pb_section][et_pb_section fb_built=&#8221;1&#8243; admin_label=&#8221;About Me&#8221; module_id=&#8221;statement_en&#8221; _builder_version=&#8221;4.0.7&#8243;][et_pb_row _builder_version=&#8221;4.0.7&#8243;][et_pb_column type=&#8221;4_4&#8243; _builder_version=&#8221;4.0.7&#8243;][et_pb_text _builder_version=&#8221;4.0.7&#8243;]<\/p>\n<h1 style=\"text-align: center;\">Statement<\/h1>\n<p>&nbsp;<\/p>\n<p>[\/et_pb_text][\/et_pb_column][\/et_pb_row][et_pb_row module_id=&#8221;statement_de&#8221; _builder_version=&#8221;4.0.7&#8243; custom_margin=&#8221;|auto||auto||&#8221; locked=&#8221;off&#8221;][et_pb_column type=&#8221;4_4&#8243; _builder_version=&#8221;3.25&#8243; custom_padding=&#8221;|||&#8221; custom_padding__hover=&#8221;|||&#8221;][et_pb_image src=&#8221;https:\/\/delajara.com\/wp-content\/uploads\/2019\/07\/Fernando-DE-LA-JARA.jpg&#8221; align=&#8221;center&#8221; align_tablet=&#8221;center&#8221; align_phone=&#8221;&#8221; align_last_edited=&#8221;on|desktop&#8221; module_id=&#8221;present_en&#8221; _builder_version=&#8221;4.0.7&#8243; background_size=&#8221;initial&#8221; width=&#8221;30%&#8221; custom_margin=&#8221;-5px|||||&#8221; custom_padding=&#8221;||31px&#8221; filter_opacity=&#8221;83%&#8221; box_shadow_style=&#8221;preset3&#8243;][\/et_pb_image][\/et_pb_column][\/et_pb_row][et_pb_row _builder_version=&#8221;3.26.3&#8243; custom_margin=&#8221;-20px|auto||auto||&#8221; locked=&#8221;off&#8221;][et_pb_column type=&#8221;4_4&#8243; _builder_version=&#8221;3.25&#8243; custom_padding=&#8221;|||&#8221; custom_padding__hover=&#8221;|||&#8221;][et_pb_text _builder_version=&#8221;3.27.4&#8243; text_font=&#8221;||||||||&#8221; text_font_size=&#8221;17px&#8221; text_line_height=&#8221;1.5em&#8221; header_font=&#8221;||||||||&#8221; text_orientation=&#8221;justify&#8221; width_tablet=&#8221;100%&#8221; width_last_edited=&#8221;off|desktop&#8221; module_alignment=&#8221;left&#8221; custom_padding=&#8221;0px||&#8221; text_font_size_tablet=&#8221;&#8221; text_font_size_phone=&#8221;15px&#8221; text_font_size_last_edited=&#8221;on|desktop&#8221; text_line_height_tablet=&#8221;&#8221; text_line_height_phone=&#8221;1.6em&#8221; text_line_height_last_edited=&#8221;on|desktop&#8221; text_text_align=&#8221;justify&#8221; saved_tabs=&#8221;all&#8221; inline_fonts=&#8221;Trebuchet,Cormorant Garamond,Cormorant Infant&#8221;]<\/p>\n<p>I understand painting and all of the visual arts that I practice, essentially, as a means of making poetry with images. Poetry expressed through form, words, sounds or movement. Poetry also charged with the sensorial, in which beings and objects are caressed by the gaze, are touched, smelt, simply are there. There is mystery, suspense, something is happening in every scene, because scenes are, sometimes, of an instant held fast so as to make it eternal. Not as a fleeting snapshot of the real but an affirmation of the endless continuity of experience. Vermeer\u2019s milkmaid never finishes emptying her pitcher, it flows perpetually and that flow waits for us to understand the wonder of what it is to flow, that flow that tells us: \u201cYou think you\u2019ve grasped it all? Well, no. I am still here, I continue to flow and I continue to fascinate you.\u201d This paradox is what drives my painting.<\/p>\n<p>As a painter not trained in academia, launching myself into the conquest of the profession meant seeking it out in museums all over the world, in the workshops of the masters of contemporary painting, as well as in research centers for new technologies. I have paid close attention to the currents of contemporary art and still do not subscribe to any particular ism. I think I would paint the same way even if I were born 400 years ago or a hundred from now. My learning process is in every work and in the way that each one discovers itself. And so while in art schools they teach that a landscape should be horizontal and a portrait should be vertical, I, without considering these classical dictates, find myself making vertical and round landscapes, as well as creating what I call \u201cmoral form\u201d works, polyptychs that crop off and fragment, spreading into space like a cinematographic panning out in all directions, always according to their essential need for composition and pictorial experience.<\/p>\n<p>This is the route that, as long as I can remember, I have taken in creating my work, whether in painting, sculpture or my video installations. Always captivated or amazed by the variety of possibilities that open up in realizing a visual poem with no other resource than the image. That is, to show the pre-verbal essence of everything visible prior to language, prior to the idea or even to thought, that place we are only able to reach with a humble paintbrush. All this is why I take up, amid this secular and mechanized world, the beautiful profession of painting by hand and by memory, allied with the \u201csister clumsiness\u201d that allows us to recognize ourselves as human beings and to never stop yearning.<\/p>\n<p>Out of this precarious enterprise, stubborn and loving, my paintings, my sculpted stones, even my multidisciplinary installations are born like small miracles. A body of work that, as San Augustine succinctly put it: \u201cIf no one asks me, I know. If I try to explain it, I know not.\u201d And it is fine that way, above all for me and also for anyone else who wants to enjoy it.<\/p>\n<p><em>Fernando de la Jara<\/em><\/p>\n<p><span style=\"font-family: Cormorant Infant; font-weight: normal; font-size: large;\">\u00a0<\/span><\/p>\n<p><span style=\"font-family: Cormorant Infant; font-weight: normal; font-size: large;\"><\/span><\/p>\n<p>[\/et_pb_text][\/et_pb_column][\/et_pb_row][et_pb_row _builder_version=&#8221;4.0.7&#8243; width=&#8221;29%&#8221; width_tablet=&#8221;&#8221; width_phone=&#8221;100%&#8221; width_last_edited=&#8221;on|phone&#8221; custom_margin=&#8221;|auto||auto||&#8221; custom_padding=&#8221;0px|||||&#8221; locked=&#8221;off&#8221;][et_pb_column type=&#8221;4_4&#8243; _builder_version=&#8221;3.25&#8243; custom_padding=&#8221;|||&#8221; custom_padding__hover=&#8221;|||&#8221;][et_pb_text _builder_version=&#8221;3.27.4&#8243; text_font=&#8221;||||||||&#8221; text_font_size=&#8221;17px&#8221; text_line_height=&#8221;1.5em&#8221; header_font=&#8221;||||||||&#8221; background_image=&#8221;https:\/\/delajara.com\/wp-content\/uploads\/2019\/07\/2015.-SEDA-light.jpg&#8221; background_position=&#8221;top_center&#8221; text_orientation=&#8221;justify&#8221; width_tablet=&#8221;100%&#8221; width_last_edited=&#8221;off|desktop&#8221; module_alignment=&#8221;left&#8221; custom_padding=&#8221;33px|30px|33px|30px|true|true&#8221; text_font_size_tablet=&#8221;&#8221; text_font_size_phone=&#8221;15px&#8221; text_font_size_last_edited=&#8221;on|desktop&#8221; text_line_height_tablet=&#8221;&#8221; text_line_height_phone=&#8221;1.6em&#8221; text_line_height_last_edited=&#8221;on|desktop&#8221; text_text_align=&#8221;justify&#8221; saved_tabs=&#8221;all&#8221; inline_fonts=&#8221;Trebuchet,Cormorant Garamond,Cormorant Infant&#8221;]<\/p>\n<h1 style=\"text-align: center;\"><span style=\"font-size: x-large;\">The Painting<\/span><\/h1>\n<h2 style=\"text-align: center;\"><span style=\"font-size: x-large;\"><span class=\"headline\">of <\/span><span class=\"headline\">FERNANDO DE LA JARA<\/span><\/span><\/h2>\n<p style=\"text-align: center;\"><span style=\"font-size: large;\"><em>Eagerness of wonder.<br \/> Delicate sensitivity and exquisite recreation of the sensitive.<br \/> A manner of poetry, with forms and colours,<br \/> in constant evolution, from the complex to the simple.<br \/> A purity of line that mesmerizes and enchants.<\/em><\/span><\/p>\n<p style=\"text-align: center;\"><span style=\"font-size: large;\"><em>Within the western tradition,<br \/> expression of an essentially Latin American sensibility,<br \/> Peruvian, Lime\u00f1a, with Nordic traces from Europe<br \/> and nostalgia for the Mediterranean.<\/em><\/span><\/p>\n<p style=\"text-align: center;\"><span style=\"font-size: large;\"><em>Now and forever<br \/> &#8211; between the child and the adolescent-<br \/> amazement at the mystery of things.<\/em><\/span><\/p>\n<p style=\"text-align: center;\"><span style=\"font-size: large;\"><em>Attention to detail,<br \/> meticulously recreated for the pleasure of miracle,<br \/> from the visible to the invisible.<br \/> Fascination for embroideries and underskirts.<br \/> Exaltation of the damsel,<br \/> gate to garden of delights illuminated.<\/em><\/span><\/p>\n<p style=\"text-align: center;\"><span style=\"font-size: large;\"><em>Realistic, yet re-creates reality<br \/> only as it resonates in his heart<br \/> -in this way going through abstraction. Fragile creation,<br \/> in this contemporary world where resonance is avoided.<br \/> &#8220;May nothing resound within our hearts&#8221;<br \/> seems to be the common message.<\/em><\/span><\/p>\n<p style=\"text-align: center;\"><span style=\"font-size: large;\"><em>Gallant painter, how he feels the wonders life lets him see;<br \/> so candid, so seductive!\u2026<\/em><\/span><\/p>\n<p style=\"text-align: center;\"><span style=\"font-size: large;\"><em>Using brushes and colours, mostly in oils,<br \/> he paints with love and rhythm; in the last years,<br \/> he resorts to Greek wisdom in painting<br \/> and learns with Polignoto.<br \/> His colour fasting; a banquet of harmony.<\/em><\/span><\/p>\n<p style=\"text-align: center;\"><span style=\"font-size: large;\"><em>There is something there like an unravished promise of spring.<\/em><\/span><\/p>\n<p style=\"text-align: center;\"><span style=\"font-size: large;\"><strong><em>Symeon<\/em><\/strong><\/span><br \/><span style=\"font-size: large;\"> <strong><em>September 4th 2001<\/em><\/strong><\/span><br \/><span style=\"font-size: large;\"> <strong><em>Puri, Bali<\/em><\/strong><\/span><\/p>\n<p>[\/et_pb_text][\/et_pb_column][\/et_pb_row][et_pb_row _builder_version=&#8221;4.0.7&#8243; width=&#8221;29%&#8221; width_tablet=&#8221;80%&#8221; width_phone=&#8221;80%&#8221; width_last_edited=&#8221;on|desktop&#8221; custom_margin=&#8221;|auto||auto||&#8221; custom_padding=&#8221;60px|||||&#8221; locked=&#8221;off&#8221;][et_pb_column type=&#8221;4_4&#8243; _builder_version=&#8221;3.25&#8243; custom_padding=&#8221;|||&#8221; custom_padding__hover=&#8221;|||&#8221;][et_pb_text _builder_version=&#8221;3.27.4&#8243; text_font=&#8221;||||||||&#8221; text_font_size=&#8221;17px&#8221; header_font=&#8221;||||||||&#8221; text_orientation=&#8221;justify&#8221; width_tablet=&#8221;100%&#8221; width_last_edited=&#8221;off|desktop&#8221; module_alignment=&#8221;left&#8221; text_font_size_tablet=&#8221;&#8221; text_font_size_phone=&#8221;15px&#8221; text_font_size_last_edited=&#8221;on|desktop&#8221; text_line_height_tablet=&#8221;&#8221; text_line_height_phone=&#8221;1.6em&#8221; text_line_height_last_edited=&#8221;on|desktop&#8221; text_text_align=&#8221;justify&#8221; saved_tabs=&#8221;all&#8221; inline_fonts=&#8221;Trebuchet,Cormorant Garamond,Cormorant Infant&#8221;]<\/p>\n<h1 style=\"text-align: center;\">Heterodoxy and Permanence<\/h1>\n<h1 style=\"text-align: center;\">Fernando de la Jara<\/h1>\n<p>[\/et_pb_text][et_pb_text _builder_version=&#8221;3.27.4&#8243; text_font=&#8221;||||||||&#8221; text_font_size=&#8221;17px&#8221; text_line_height=&#8221;1.5em&#8221; header_font=&#8221;||||||||&#8221; text_orientation=&#8221;justify&#8221; width_tablet=&#8221;100%&#8221; width_last_edited=&#8221;off|desktop&#8221; module_alignment=&#8221;left&#8221; custom_padding=&#8221;0px||&#8221; text_font_size_tablet=&#8221;&#8221; text_font_size_phone=&#8221;15px&#8221; text_font_size_last_edited=&#8221;on|desktop&#8221; text_line_height_tablet=&#8221;&#8221; text_line_height_phone=&#8221;1.6em&#8221; text_line_height_last_edited=&#8221;on|desktop&#8221; text_text_align=&#8221;justify&#8221; saved_tabs=&#8221;all&#8221; inline_fonts=&#8221;Trebuchet,Cormorant Garamond,Cormorant Infant&#8221;]<\/p>\n<p>Heterodoxy in the art world is often a solitary and rocky road. But without those original artists, determined to travel that road in their own way, the very History of Art would be nothing more than a modulated succession of transitory tendencies. A standard encephalogram, alive but lacking peaks and summits. Giorgio Morandi, Balthus, Edward Hopper, Georgia O\u2019Keefe, Frida Kahlo, De Chirico, Louise Bourgeois, El Bosco, El Greco, all toiled long misunderstood or long undervalued, creating worlds of their own through their art.<\/p>\n<p>On that unbeaten path we can situate the work and personality of Fernando de la Jara (Lima, 1948).<\/p>\n<p>\u201cIn today\u2019s world, where two-dimensional painting is the target of reductive readings when compared with other visual media whose images exist in motion, Fernando de la Jara is an exceptional case among creators,\u201d writes the critic and curator Jorge Villacorta. \u201cDe la Jara sees himself above all as a painter, both by calling and conviction. Nevertheless, art for him is not merely his own subjectivity but the world of experimentation and the discovery of vital coordinates. The world that is his own, which he constructs each day putting preconceptions concerning the art of painting to the test, is based in an ethically adopted practice of employing figurative representation to reintroduce the surprise of a gaze that strives to recover and reflect upon the real, and in doing so, to give it new meaning.\u201d<\/p>\n<p>Another distinguished intellectual and art critic, Mirko Lauer, writes: \u201cFernando de la Jara is an artist who has pursued truth and beauty through strange times and spaces. (\u2026) It is he who has created, among all the figurative painters of our Republic\u2019s history, the most varied, eloquent and hermetic world of representations. The visual impact of his realism is at the service of stories that are always disquieting, always poetic. Viewed as a whole, De la Jara\u2019s work exudes unheimlichkeit, in the sense of estrangement in the face of a world born of wonder. His paintings elicit the spectator\u2019s complicity, but they do so without ever fully revealing their secrets.\u201d<\/p>\n<p>True heterodoxists are not always easy to recognize. Their transgression and strangeness emanate from a personal calling, not by calculated strategy. It is advisable, then, not to give in to the facile notion of evaluating this artist according to the recalcitrant logic of those who feel nostalgic of realist painting for its own sake. Conservators of essences already withered. The work of Fernando de la Jara is based not only in the appearance of reality but in its meaning, in its depth and mystery. This is why he is inspired, not ingenious. Knowledgeable and studious of the painting profession and, for this very reason, removed from hollow virtuosity. Open to the wellspring of what he calls \u201csister clumsiness,\u201d accepting imperfection when necessary to bolster pictorial precision. Approaching his work requires an unhurried gaze, a spectatorial complicity. It is painting to be seen, to be lived with.<\/p>\n<p>Perhaps the time has come for painting to come out of the corner, according to Jerry Saltz, veteran \u2013 and heterodox \u2013 art critic for The New Yorker and The Village Voice. In his recent review of the Whitney Museum\u2019s Biennial, he concludes: \u201cThe biggest overall weakness of this Biennial is painting. (\u2026) This is a big missed opportunity that sadly neglects the extraordinary liveliness now afoot in the medium. What is it about curators these days that makes them unsure of or oddly averse to or put off by painting\u2019s much older, more chemical-based psychic alchemies? This academic prejudice needs to end.\u201d<\/p>\n<p>In one way or another, art is about discovery. And it is increasingly necessary to sharpen one\u2019s gaze and perception to discern between what is original and what is derivative. De la Jara is an artist who can be discovered and revealed time and again in every work.<\/p>\n<p>Fietta Jarque, Writer<\/p>\n<p>&nbsp;<\/p>\n<p><span style=\"font-family: Cormorant Infant; font-weight: normal; font-size: large;\"><\/span><\/p>\n<p>[\/et_pb_text][\/et_pb_column][\/et_pb_row][\/et_pb_section][et_pb_section fb_built=&#8221;1&#8243; admin_label=&#8221;About Me&#8221; module_id=&#8221;indivi_en&#8221; _builder_version=&#8221;4.0.7&#8243; custom_padding=&#8221;0px|||||&#8221;][et_pb_row module_id=&#8221;exhibit&#8221; _builder_version=&#8221;4.6.3&#8243; width=&#8221;29%&#8221; width_tablet=&#8221;90%&#8221; width_phone=&#8221;90%&#8221; width_last_edited=&#8221;on|tablet&#8221; custom_margin=&#8221;|auto||auto||&#8221; custom_padding=&#8221;0px||8px|||&#8221; locked=&#8221;off&#8221;][et_pb_column type=&#8221;4_4&#8243; _builder_version=&#8221;3.25&#8243; custom_padding=&#8221;|||&#8221; custom_padding__hover=&#8221;|||&#8221;][et_pb_text _builder_version=&#8221;4.0.7&#8243; text_font=&#8221;||||||||&#8221; text_font_size=&#8221;17px&#8221; header_font=&#8221;||||||||&#8221; text_orientation=&#8221;justify&#8221; width_tablet=&#8221;100%&#8221; width_last_edited=&#8221;off|desktop&#8221; module_alignment=&#8221;left&#8221; custom_padding=&#8221;24px|||||&#8221; text_font_size_tablet=&#8221;&#8221; text_font_size_phone=&#8221;15px&#8221; text_font_size_last_edited=&#8221;on|desktop&#8221; text_line_height_tablet=&#8221;&#8221; text_line_height_phone=&#8221;1.6em&#8221; text_line_height_last_edited=&#8221;on|desktop&#8221; text_text_align=&#8221;justify&#8221; saved_tabs=&#8221;all&#8221; inline_fonts=&#8221;Trebuchet,Cormorant Garamond,Cormorant Infant&#8221;]<\/p>\n<h1 style=\"text-align: center;\">Individual Exhibitions<\/h1>\n<p>[\/et_pb_text][\/et_pb_column][\/et_pb_row][et_pb_row _builder_version=&#8221;4.6.3&#8243; width_tablet=&#8221;90%&#8221; width_phone=&#8221;90%&#8221; width_last_edited=&#8221;on|tablet&#8221; custom_padding=&#8221;0px||0px|||&#8221; locked=&#8221;off&#8221;][et_pb_column type=&#8221;4_4&#8243; _builder_version=&#8221;3.25&#8243; custom_padding=&#8221;|||&#8221; custom_padding__hover=&#8221;|||&#8221;][et_pb_text _builder_version=&#8221;4.6.3&#8243; text_font=&#8221;||||||||&#8221; text_font_size=&#8221;20px&#8221; text_line_height=&#8221;1.4em&#8221; header_font=&#8221;||||||||&#8221; background_position=&#8221;top_center&#8221; text_orientation=&#8221;justify&#8221; width_tablet=&#8221;100%&#8221; width_last_edited=&#8221;off|desktop&#8221; module_alignment=&#8221;left&#8221; custom_padding=&#8221;0px|||||&#8221; text_font_size_tablet=&#8221;&#8221; text_font_size_phone=&#8221;15px&#8221; text_font_size_last_edited=&#8221;on|phone&#8221; text_line_height_tablet=&#8221;&#8221; text_line_height_phone=&#8221;1.7em&#8221; text_line_height_last_edited=&#8221;on|desktop&#8221; text_text_align=&#8221;justify&#8221; global_module=&#8221;1191&#8243; saved_tabs=&#8221;all&#8221; inline_fonts=&#8221;Trebuchet,Cormorant Garamond,Cormorant Infant&#8221;]<\/p>\n<p style=\"text-align: center;\"><strong><\/strong><\/p>\n<p style=\"text-align: center;\"><strong> <\/strong><\/p>\n<p style=\"text-align: center;\"><strong>2021<\/strong><strong><br \/><\/strong><span><em>Museum Stadtm\u00fchle, Pappenheim<br \/><\/em><\/span><strong>2019<br \/> <\/strong><span><\/span><span> Galer\u00eda Enlace, Lima, Per\u00fa. <em>El deseo y la memoria<\/em><br \/> <\/span><span><strong>2017<\/strong><br \/> Tage des offenen Ateliers, Oettingen<br \/> <strong>2015<\/strong><br \/> Galer\u00eda Enlace, Lima. <\/span><em><span>Celebraci\u00f3n<\/span><\/em><span><br \/> <strong>2013<\/strong><br \/> <\/span><span>Galerie Dr. Erdel, Regensburg. <em>Der Magische Moment<br \/> <\/em><strong>2012<\/strong><br \/> Salon Clemensstrase 9, M\u00fcnchen<br \/> <strong>2011<\/strong><br \/> Centro Cultural Inca Garcilaso del Ministerio de Relaciones Exteriores del Per\u00fa.<br \/> <em>Conversaci\u00f3n en silencio\u00a0<\/em>(con la poes\u00eda del poeta Per\u00faano-griego Symeon)<br \/> <strong>2011<\/strong><br \/> Galer\u00eda Luc\u00eda de la Puente, Lima, Per\u00fa. <em>De la Jara \u2013 Poes\u00eda Visual<br \/> <\/em><strong>2010<\/strong><br \/> Galer\u00eda de Arte del Cultural Peruano Norteamericano, Arequipa. <em>Pintura Poes\u00eda<\/em><br \/> <strong>2010<\/strong><br \/> Alte Schranne, N\u00f6rdlingen. <em>Ausflug <\/em><br \/> <strong>2010<\/strong><br \/> Salon Clemensstrasse 9, M\u00fcnchen. <em>Sommerausstellung<\/em><br \/> <strong>2009<\/strong><br \/> Galer\u00eda Luc\u00eda de la Puente, Lima. <em>T\u00fa Eres Piedra<\/em>, Sala de proyectos especiales<br \/> <strong>2009<\/strong><br \/> Salon Clemensstrasse 9, M\u00fcnchen<br \/> <strong>2008<\/strong><br \/> Galerie Sch\u00fcller, M\u00fcnchen<br \/> <strong>2007<\/strong><br \/> Consultor\u00eda de Arte Luc\u00eda de la Puente, Lima, Per\u00fa<br \/> <\/span><strong>2006<\/strong><br \/> KunstMuseum Donau-Ries, Wemding<br \/> <strong>2004<\/strong><br \/> Galerie am Neuen Rathaus, Wei\u00dfenburg<br \/> <strong>2004<\/strong><br \/> Galerie am Eichholz, Murnau<br \/> <strong>2004<\/strong><br \/> Schloss Windthurn, Windthurn<br \/> <strong>2003<\/strong><br \/> Kloster Heidenheim, Heidenheim<br \/> <strong>2003<\/strong><br \/> Stadtmuseum, Bad T\u00f6lz<br \/> <strong>2003<\/strong><br \/> Stadtmuseum, Gunzenhausen<br \/> <strong>2002<\/strong><br \/> Museum an der Stadtm\u00fchle, Pappenheim<br \/> <strong>1999<\/strong><br \/> Consultor\u00eda de Arte Luc\u00eda de la Puente, Lima, Per\u00fa<br \/> <strong>1997<\/strong><br \/> I. Bienal de Arte de Lima, Per\u00fa.<span>Invitado especial<br \/> <strong>1995<\/strong><br \/> Galerieim Schloss Bad Pyrmont, Bad Pyrmont\/ Hannover<br \/> <strong>1992<\/strong><br \/> Galerie Altes Feuerwehrhaus, Kreuztal Galerie ZAK,<br \/> Herford Galerie des Kulturamts, Maintal\/Frankfurt<br \/> <strong>1991<\/strong><br \/> GalerieGlasnost, N\u00fcrnberg<br \/> <strong>1990<\/strong><br \/> GalerieMicado, Bonn<br \/> <strong>1989<\/strong><br \/> GaleriaSa Pleta Freda, Mallorca. <\/span><span>Curada por Miguel Cervera,<br \/> Director de la Fundaci\u00f3n Joan Mir\u00f3, Mallorca <\/span><\/p>\n<p style=\"text-align: center;\"><span>\u00a0\u00a0\u00a0\u00a0\u00a0\u00a0\u00a0\u00a0\u00a0\u00a0\u00a0\u00a0\u00a0\u00a0 <\/span>Spanisches Kulturinstitut, M\u00fcnchen.<\/p>\n<p style=\"text-align: center;\"><span>\u00a0<\/span><em>Der Kanon des Windes.\u00a0<\/em>Haus des Gastes, Eichst\u00e4tt, Alemania<br \/> <span><strong>1988<\/strong><br \/> Galerieder Volksbank,Eichst\u00e4tt.<br \/> <\/span><strong>1981<\/strong><br \/> Galer\u00eda Yvonne Brice\u00f1o, Lima, Per\u00fa<br \/> <span><strong>1977<\/strong><br \/> Galer\u00eda Yvonne Brice\u00f1o, Lima, Per\u00fa<\/span><\/p>\n<p style=\"text-align: center;\"><span>INSTALACIONES<\/span><\/p>\n<p style=\"text-align: center;\"><span><strong>2011<\/strong><br \/> Videoinstalaci\u00f3n <em>Olas orantes olas<\/em>, Exposici\u00f3n <em>Conversaci\u00f3n en silencio<\/em>.<br \/> Centro Cultural Inca Garcilaso, Lima<br \/> <strong>2006<\/strong><br \/> Videoinstalaci\u00f3n <em>Das Lied des Blutes<\/em>, KunstMuseum\u00a0\u00a0 \u00a0\u00a0Donau-Ries<br \/> <strong>1997<\/strong><br \/> Videoinstalaci\u00f3n <em>Sangre Sabia<\/em>, I Bienal de Arte de Lima, Lima, Per\u00fa<br \/> <strong>1992<\/strong><br \/> Bonn, <em>Das Lied des Blutes<\/em>y <em>Die Uhr Videoinstallationen<\/em>.<br \/> <\/span>Galerie Glasnost, N\u00fcrnberg<span><br \/> <strong>1992<\/strong><br \/> Installation <em>Pachamama.\u00a0 Mutter-Erde<\/em>. Ingoldstadt, N\u00fcrnberg, und K\u00fcnstlerforum<br \/> <strong>1991<\/strong><br \/> Multimedia-Installation<em>Der vierte Blick<\/em>. <\/span><span>Galerie Micado, Sankt Augustin bei Bonn<\/span><\/p>\n<p style=\"text-align: center;\"><span>EXPOSICIONES COLECTIVAS<\/span><\/p>\n<p style=\"text-align: center;\"><span><strong>2018<\/strong><br \/> Galerie Fondation Taylor, <em>L\u2019art contemporain P\u00e9ruvien<br \/> <\/em><strong>2017<\/strong><br \/> Salon Clemensstrase 9, M\u00fcnchen<br \/> <strong>2017<\/strong><br \/> Galer\u00eda del Caf\u00e9 Literario Rilke, Lima. <em>Comparart 2017<\/em><br \/> <strong>2016<\/strong><br \/> Museo de la Naci\u00f3n, Lima<br \/> <strong>2015<\/strong><br \/> Grand Palais, Paris. <\/span><em><span>Comparaisons 2015<\/span><\/em><span><br \/> <strong>2014<\/strong><br \/> Museo de la Naci\u00f3n, Lima. <em>Comparart<\/em><br \/> <strong>2014<\/strong><br \/> Grand Palais, Paris. <em>Comparaisons 2014<br \/> <\/em><\/span><span><strong>2010<\/strong><br \/> Galeria Luc\u00eda de la Puente, Lima. <em>15. Aniversario de la galer\u00eda<\/em><br \/> <strong>2007<\/strong><br \/> Galerie Seidelstrasse, Murnau<br \/> <strong>2006<\/strong><br \/> Galerie Bernd D\u00fcrr, M\u00fcnchen<br \/> <strong>2005<\/strong><br \/> Galer\u00eda Luc\u00eda de la Puente, Lima, Per\u00fa<br \/> <strong>2005<\/strong><br \/> Museum an der Stadtm\u00fchle, Pappenheim<br \/> <strong>2005<\/strong><br \/> Galerie Seidlstrasse, Murnau<br \/> <strong>2004<\/strong><br \/> Galer\u00eda de la Embajada del Per\u00fa, Washington D.C.<br \/> <\/span><span><strong>2003<\/strong><br \/> Galerie Bernd D\u00fcrr, M\u00fcnchen<br \/> <strong>2000<\/strong><br \/> Elite Fine Arts, Coral Gables, Florida<br \/> <strong>2000<\/strong><br \/> Germanisches Nationalmuseum, N\u00fcrnberg<br \/> <strong>1993<\/strong><br \/> Haus der Kunst,M\u00fcnchen<br \/> <strong>1992<\/strong><br \/> Galerie des Gasteigs, M\u00fcnchen. <em>Mythen einer Identit\u00e4t<br \/> <\/em>Goethe Institut, Frankfurt<br \/> <em>Mythen einer Identit\u00e4t\u00a0<\/em>Autoren-Galerie, M\u00fcnchen<br \/> <em>Bilder, Briefe, Noten XXIII<\/em>, Galerie Harderbastei, Ingolstadt<br \/> K\u00fcnstlerforum,Bonn. <\/span><em><span>Pachamama- Mutter Erde<\/span><\/em><span><br \/> <strong>1991<\/strong><br \/> Galerie der Sparkasse, Ingolstadt.Spanisches Kulturinstitut, M\u00fcnchen<br \/> <strong>1990<\/strong><br \/> Arte Galerie N, M\u00fcnchen. <em>Kontakt<br \/> <\/em>Galerie Couleur, Rosenheim. <em>Grenzenlos<\/em><br \/> <strong>1989<\/strong><br \/> Haus des Gastes, Eichst\u00e4tt. <em>Art Experiment<\/em><br \/> <strong>1988<\/strong><br \/> Schlo\u00df Gr\u00fcnau, Neuburg an der Donau<br \/> <strong>1984<\/strong><br \/> Galer\u00eda La Molina, Lima, Per\u00fa<br \/> <strong>1983<\/strong><br \/> Galer\u00eda Trapecio, Lima, Per\u00fa. <\/span><em><span>Pintura realista contempor\u00e1nea<\/span><\/em><span><br \/> <strong>1982<\/strong><br \/> Galer\u00eda Trilce, Lima, Per\u00fa<br \/> <strong>1979<\/strong><br \/> Galer\u00eda La Rama Dorada, Lima, Per\u00fa<br \/> <strong>1978<\/strong><br \/> Galer\u00eda Banco Continental, Lima. El arte del dibujo<br \/> <strong>1977<\/strong><br \/> Galer\u00eda YvonneBrice\u00f1o, Lima. <em>J\u00f3venes pintores<br \/> <\/em><strong>1976<\/strong><br \/> Galer\u00eda Astrolabio, Lima<em>, El arte de la<\/em><em>Naturaleza muerta<\/em><br \/> <strong>1975<\/strong><br \/> Galer\u00eda Astrolabio, Lima, Per\u00fa. <em>Pintura Moderna peruana<\/em><br \/> <strong>1975<\/strong><br \/> XI Bienal de arte, Cuzco<\/span><\/p>\n<p style=\"text-align: center;\"><span>OBRA EN ESPACIO P\u00daBLICO<\/span><\/p>\n<p style=\"text-align: center;\"><span><strong>2003<\/strong><br \/> <em>Laufendes Kind (Ni\u00f1o caminando<\/em>),<br \/> Escultura en bronce y granito, Marktplatz, Bad T\u00f6lz, Alemania<br \/> <\/span><span><strong>2001<\/strong><br \/> <em>\u201a\u041f\u2019 (Chac\u00e1n<\/em>): Esculturaen m\u00e1rmol rojode<br \/> Verona (4,20 x 1,70 x 1,70m), T\u00fcbingen, Alemania<br \/> <\/span><strong>1999<\/strong><br \/> <em>El Deseo y la Memoria<\/em>. Escultura en granito.<br \/> Jardines de la Residencia, entrada al edificio del Instituto Max Plank, Munich<br \/> <strong>1996<\/strong><br \/> <em>Wandmalerei und Gestaltung der Eingangshalle<\/em>, Grundschule Langenaltheim<\/p>\n<p style=\"text-align: center;\"><span>ALGUNAS CUBIERTAS DE LIBROS<\/span><\/p>\n<p style=\"text-align: center;\"><span><strong>2004<\/strong><br \/> WitoldGombrowicz, <em>Pornographie<\/em>, Hanser Verlag, Munich<br \/> <strong>2003<\/strong><br \/> Per Olov Enquist, <em>LewisReise<\/em>, Hanser Verlag, Munich<br \/> <strong>2002<\/strong><br \/> Ivan Klima, <em>Liebesgespr\u00e4che<\/em>, Paul Zsolnay Verlag, Viena<br \/> <strong>1979<\/strong><br \/> Guillermo Thorndike, cubiertas de la tetralog\u00eda <em>1879:<br \/> El Viaje de Prado, Vienen los Chilenos<\/em><\/span><\/p>\n<p style=\"text-align: center;\"><span>\u00a0<\/span><\/p>\n<p>[\/et_pb_text][\/et_pb_column][\/et_pb_row][\/et_pb_section][et_pb_section fb_built=&#8221;1&#8243; admin_label=&#8221;About Me&#8221; module_id=&#8221;expo_en&#8221; _builder_version=&#8221;3.26.3&#8243; custom_padding=&#8221;0px|||||&#8221; global_module=&#8221;610&#8243; saved_tabs=&#8221;all&#8221;][\/et_pb_section][et_pb_section fb_built=&#8221;1&#8243; admin_label=&#8221;Video&#8221; module_id=&#8221;video_en&#8221; _builder_version=&#8221;3.26.3&#8243; custom_padding=&#8221;||90px|||&#8221; global_module=&#8221;611&#8243; saved_tabs=&#8221;all&#8221; locked=&#8221;off&#8221;][et_pb_row column_structure=&#8221;2_5,3_5&#8243; _builder_version=&#8221;3.25&#8243; custom_padding=&#8221;0px|40px|0px|40px|true|true&#8221; border_width_all=&#8221;1px&#8221; border_color_all=&#8221;rgba(0,0,0,0.18)&#8221;][et_pb_column type=&#8221;2_5&#8243; _builder_version=&#8221;3.25&#8243; custom_padding=&#8221;|||&#8221; custom_padding__hover=&#8221;|||&#8221;][et_pb_text _builder_version=&#8221;3.27.4&#8243; text_font=&#8221;Muli||||||||&#8221; text_font_size=&#8221;17px&#8221; text_line_height=&#8221;2em&#8221; header_font=&#8221;||||||||&#8221; header_3_font=&#8221;Montserrat|600|||||||&#8221; header_3_font_size=&#8221;70px&#8221; header_3_line_height=&#8221;1.2em&#8221; background_color=&#8221;#ffffff&#8221; background_color_gradient_direction=&#8221;90deg&#8221; max_width=&#8221;700px&#8221; custom_margin=&#8221;||80px|-70px||&#8221; custom_margin_tablet=&#8221;0px||20px&#8221; custom_margin_phone=&#8221;|||-56px&#8221; custom_margin_last_edited=&#8221;on|phone&#8221; custom_padding=&#8221;24px||24px||true|&#8221; text_font_size_tablet=&#8221;&#8221; text_font_size_phone=&#8221;15px&#8221; text_font_size_last_edited=&#8221;on|desktop&#8221; text_line_height_tablet=&#8221;&#8221; text_line_height_phone=&#8221;1.7em&#8221; text_line_height_last_edited=&#8221;on|phone&#8221; header_3_font_size_tablet=&#8221;50px&#8221; header_3_font_size_phone=&#8221;30px&#8221; header_3_font_size_last_edited=&#8221;on|phone&#8221; locked=&#8221;off&#8221;]<\/p>\n<h3><\/h3>\n<h4 class=\"et_pb_module_header et-fb-editable-element et-fb-editable-element__editing\" data-shortcode-id=\"6.3.0.0-1591963569013\" data-quickaccess-id=\"header\" contenteditable=\"true\"><span style=\"font-size: large;\">Das lied der frau<\/p>\n<p><\/span><\/h4>\n<p>[\/et_pb_text][\/et_pb_column][et_pb_column type=&#8221;3_5&#8243; _builder_version=&#8221;3.25&#8243; custom_padding=&#8221;|||&#8221; custom_padding__hover=&#8221;|||&#8221;][ba_video_popup image=&#8221;https:\/\/delajara.com\/wp-content\/uploads\/2019\/06\/gal04-flug-e1560416130130.jpg&#8221; icon=&#8221;5&#8243; type=&#8221;vm&#8221; video_link=&#8221;https:\/\/vimeo.com\/518776719&#8243; img_height=&#8221;382px&#8221; icon_color=&#8221;#e02b20&#8243; _builder_version=&#8221;4.6.3&#8243; _module_preset=&#8221;default&#8221;][\/ba_video_popup][\/et_pb_column][\/et_pb_row][et_pb_row _builder_version=&#8221;4.0.7&#8243;][et_pb_column type=&#8221;4_4&#8243; _builder_version=&#8221;4.0.7&#8243;][\/et_pb_column][\/et_pb_row][et_pb_row column_structure=&#8221;2_5,3_5&#8243; _builder_version=&#8221;3.25&#8243; custom_padding=&#8221;0px|40px|0px|40px|true|true&#8221; border_width_all=&#8221;1px&#8221; border_color_all=&#8221;rgba(0,0,0,0.18)&#8221;][et_pb_column type=&#8221;2_5&#8243; _builder_version=&#8221;3.25&#8243; custom_padding=&#8221;|||&#8221; custom_padding__hover=&#8221;|||&#8221;][et_pb_text _builder_version=&#8221;4.0.7&#8243; text_font=&#8221;Muli||||||||&#8221; text_font_size=&#8221;17px&#8221; text_line_height=&#8221;2em&#8221; header_font=&#8221;||||||||&#8221; header_3_font=&#8221;Montserrat|600|||||||&#8221; header_3_font_size=&#8221;70px&#8221; header_3_line_height=&#8221;1.2em&#8221; background_color=&#8221;#ffffff&#8221; background_color_gradient_direction=&#8221;90deg&#8221; max_width=&#8221;700px&#8221; custom_margin=&#8221;||80px|-70px||&#8221; custom_margin_tablet=&#8221;0px||20px&#8221; custom_margin_phone=&#8221;|||-56px&#8221; custom_margin_last_edited=&#8221;on|phone&#8221; custom_padding=&#8221;24px||24px||true|&#8221; text_font_size_tablet=&#8221;&#8221; text_font_size_phone=&#8221;15px&#8221; text_font_size_last_edited=&#8221;on|desktop&#8221; text_line_height_tablet=&#8221;&#8221; text_line_height_phone=&#8221;1.7em&#8221; text_line_height_last_edited=&#8221;on|phone&#8221; header_3_font_size_tablet=&#8221;50px&#8221; header_3_font_size_phone=&#8221;30px&#8221; header_3_font_size_last_edited=&#8221;on|phone&#8221; locked=&#8221;off&#8221;]<\/p>\n<h3><\/h3>\n<h4 class=\"et_pb_module_header et-fb-editable-element et-fb-editable-element__editing\" data-shortcode-id=\"6.3.0.0-1591963569013\" data-quickaccess-id=\"header\" contenteditable=\"true\"><span style=\"font-size: large;\">CELEBRACI\u00d3N<\/span><\/h4>\n<p>&nbsp;<\/p>\n<p>[\/et_pb_text][\/et_pb_column][et_pb_column type=&#8221;3_5&#8243; _builder_version=&#8221;3.25&#8243; custom_padding=&#8221;|||&#8221; custom_padding__hover=&#8221;|||&#8221;][ba_video_popup image=&#8221;https:\/\/delajara.com\/wp-content\/uploads\/2019\/07\/La-noche-201446x45x10.jpg&#8221; icon=&#8221;5&#8243; type=&#8221;vm&#8221; video_link=&#8221;https:\/\/vimeo.com\/518776719&#8243; img_height=&#8221;382px&#8221; icon_color=&#8221;#e02b20&#8243; _builder_version=&#8221;4.6.3&#8243; _module_preset=&#8221;default&#8221;][\/ba_video_popup][\/et_pb_column][\/et_pb_row][et_pb_row column_structure=&#8221;2_5,3_5&#8243; _builder_version=&#8221;3.25&#8243; min_height=&#8221;318px&#8221; custom_margin=&#8221;61px|auto||auto||&#8221; custom_padding=&#8221;0px|40px|0px|40px|true|true&#8221; border_width_all=&#8221;1px&#8221; border_color_all=&#8221;rgba(0,0,0,0.18)&#8221;][et_pb_column type=&#8221;2_5&#8243; _builder_version=&#8221;3.25&#8243; custom_padding=&#8221;|||&#8221; custom_padding__hover=&#8221;|||&#8221;][et_pb_text _builder_version=&#8221;4.0.7&#8243; text_font=&#8221;Muli||||||||&#8221; text_font_size=&#8221;17px&#8221; text_line_height=&#8221;2em&#8221; header_font=&#8221;||||||||&#8221; header_3_font=&#8221;Montserrat|600|||||||&#8221; header_3_font_size=&#8221;70px&#8221; header_3_line_height=&#8221;1.2em&#8221; background_color=&#8221;#ffffff&#8221; background_color_gradient_direction=&#8221;90deg&#8221; max_width=&#8221;700px&#8221; custom_margin=&#8221;||80px|-70px||&#8221; custom_margin_tablet=&#8221;0px||20px&#8221; custom_margin_phone=&#8221;|||-56px&#8221; custom_margin_last_edited=&#8221;on|phone&#8221; custom_padding=&#8221;24px||24px||true|&#8221; text_font_size_tablet=&#8221;&#8221; text_font_size_phone=&#8221;15px&#8221; text_font_size_last_edited=&#8221;on|desktop&#8221; text_line_height_tablet=&#8221;&#8221; text_line_height_phone=&#8221;1.7em&#8221; text_line_height_last_edited=&#8221;on|phone&#8221; header_3_font_size_tablet=&#8221;50px&#8221; header_3_font_size_phone=&#8221;30px&#8221; header_3_font_size_last_edited=&#8221;on|phone&#8221; locked=&#8221;off&#8221;]<\/p>\n<h3><\/h3>\n<h4 class=\"et_pb_module_header et-fb-editable-element et-fb-editable-element__editing\" data-shortcode-id=\"6.3.0.0-1591963569013\" data-quickaccess-id=\"header\" contenteditable=\"true\"><span style=\"font-size: large;\">ALL THE ANGELS COME<\/span><\/h4>\n<p>&nbsp;<\/p>\n<p>[\/et_pb_text][\/et_pb_column][et_pb_column type=&#8221;3_5&#8243; _builder_version=&#8221;3.25&#8243; custom_padding=&#8221;|||&#8221; custom_padding__hover=&#8221;|||&#8221;][\/et_pb_column][\/et_pb_row][\/et_pb_section][et_pb_section fb_built=&#8221;1&#8243; module_id=&#8221;contact&#8221; _builder_version=&#8221;4.0.7&#8243;][et_pb_row _builder_version=&#8221;4.0.7&#8243;][et_pb_column type=&#8221;4_4&#8243; _builder_version=&#8221;4.0.7&#8243;][et_pb_text _builder_version=&#8221;4.0.7&#8243;]<\/p>\n<h1>Contact<\/h1>\n<p><a href=\"mailto:info@delajara.com\">info@delajara.com<\/a><\/p>\n<p>&nbsp;<\/p>\n<p>[\/et_pb_text][et_pb_contact_form email=&#8221;info@delajara.com&#8221; submit_button_text=&#8221;Send&#8221; admin_label=&#8221;kontakt&#8221; _builder_version=&#8221;4.6.3&#8243; custom_button=&#8221;on&#8221; button_text_color=&#8221;#e09900&#8243; hover_enabled=&#8221;0&#8243; sticky_enabled=&#8221;0&#8243;][et_pb_contact_field field_id=&#8221;Salutation&#8221; field_title=&#8221;Salutation&#8221; max_length=&#8221;4&#8243; required_mark=&#8221;off&#8221; fullwidth_field=&#8221;on&#8221; _builder_version=&#8221;4.0.7&#8243; max_width=&#8221;20%&#8221;][\/et_pb_contact_field][et_pb_contact_field field_id=&#8221;First_name&#8221; field_title=&#8221;First name&#8221; max_length=&#8221;20&#8243; required_mark=&#8221;off&#8221; _builder_version=&#8221;4.0.7&#8243; max_width=&#8221;50%&#8221;][\/et_pb_contact_field][et_pb_contact_field field_id=&#8221;Last_name&#8221; field_title=&#8221;Last name&#8221; max_length=&#8221;20&#8243; required_mark=&#8221;off&#8221; _builder_version=&#8221;4.0.7&#8243; width=&#8221;100%&#8221; max_width=&#8221;50%&#8221; module_alignment=&#8221;left&#8221;][\/et_pb_contact_field][et_pb_contact_field field_id=&#8221;Street&#8221; field_title=&#8221;Street&#8221; max_length=&#8221;20&#8243; allowed_symbols=&#8221;letters&#8221; required_mark=&#8221;off&#8221; _builder_version=&#8221;4.0.7&#8243; max_width=&#8221;50%&#8221;][\/et_pb_contact_field][et_pb_contact_field field_id=&#8221;ZIP_\/_Place&#8221; field_title=&#8221;ZIP \/ Place&#8221; max_length=&#8221;25&#8243; allowed_symbols=&#8221;alphanumeric&#8221; required_mark=&#8221;off&#8221; _builder_version=&#8221;4.0.7&#8243; max_width=&#8221;50%&#8221;][\/et_pb_contact_field][et_pb_contact_field field_id=&#8221;E-Mail&#8221; field_title=&#8221;E-Mail&#8221; field_type=&#8221;email&#8221; _builder_version=&#8221;4.0.7&#8243; button_text_size__hover_enabled=&#8221;off&#8221; button_one_text_size__hover_enabled=&#8221;off&#8221; button_two_text_size__hover_enabled=&#8221;off&#8221; button_text_color__hover_enabled=&#8221;off&#8221; button_one_text_color__hover_enabled=&#8221;off&#8221; button_two_text_color__hover_enabled=&#8221;off&#8221; button_border_width__hover_enabled=&#8221;off&#8221; button_one_border_width__hover_enabled=&#8221;off&#8221; button_two_border_width__hover_enabled=&#8221;off&#8221; button_border_color__hover_enabled=&#8221;off&#8221; button_one_border_color__hover_enabled=&#8221;off&#8221; button_two_border_color__hover_enabled=&#8221;off&#8221; button_border_radius__hover_enabled=&#8221;off&#8221; button_one_border_radius__hover_enabled=&#8221;off&#8221; button_two_border_radius__hover_enabled=&#8221;off&#8221; button_letter_spacing__hover_enabled=&#8221;off&#8221; button_one_letter_spacing__hover_enabled=&#8221;off&#8221; button_two_letter_spacing__hover_enabled=&#8221;off&#8221; button_bg_color__hover_enabled=&#8221;off&#8221; button_one_bg_color__hover_enabled=&#8221;off&#8221; button_two_bg_color__hover_enabled=&#8221;off&#8221;][\/et_pb_contact_field][et_pb_contact_field field_id=&#8221;land&#8221; field_title=&#8221;Land&#8221; max_length=&#8221;25&#8243; required_mark=&#8221;off&#8221; _builder_version=&#8221;4.0.7&#8243; max_width=&#8221;50%&#8221;][\/et_pb_contact_field][et_pb_contact_field field_id=&#8221;Phone&#8221; field_title=&#8221;Phone&#8221; fullwidth_field=&#8221;on&#8221; _builder_version=&#8221;4.0.7&#8243;][\/et_pb_contact_field][et_pb_contact_field field_id=&#8221;Message&#8221; field_title=&#8221;Message&#8221; field_type=&#8221;text&#8221; fullwidth_field=&#8221;on&#8221; _builder_version=&#8221;4.0.7&#8243; button_text_size__hover_enabled=&#8221;off&#8221; button_one_text_size__hover_enabled=&#8221;off&#8221; button_two_text_size__hover_enabled=&#8221;off&#8221; button_text_color__hover_enabled=&#8221;off&#8221; button_one_text_color__hover_enabled=&#8221;off&#8221; button_two_text_color__hover_enabled=&#8221;off&#8221; button_border_width__hover_enabled=&#8221;off&#8221; button_one_border_width__hover_enabled=&#8221;off&#8221; button_two_border_width__hover_enabled=&#8221;off&#8221; button_border_color__hover_enabled=&#8221;off&#8221; button_one_border_color__hover_enabled=&#8221;off&#8221; button_two_border_color__hover_enabled=&#8221;off&#8221; button_border_radius__hover_enabled=&#8221;off&#8221; button_one_border_radius__hover_enabled=&#8221;off&#8221; button_two_border_radius__hover_enabled=&#8221;off&#8221; button_letter_spacing__hover_enabled=&#8221;off&#8221; button_one_letter_spacing__hover_enabled=&#8221;off&#8221; button_two_letter_spacing__hover_enabled=&#8221;off&#8221; button_bg_color__hover_enabled=&#8221;off&#8221; button_one_bg_color__hover_enabled=&#8221;off&#8221; button_two_bg_color__hover_enabled=&#8221;off&#8221;][\/et_pb_contact_field][\/et_pb_contact_form][\/et_pb_column][\/et_pb_row][\/et_pb_section]<\/p>\n","protected":false},"excerpt":{"rendered":"<p>[et_pb_section fb_built=&#8221;1&#8243; admin_label=&#8221;About Me&#8221; module_id=&#8221;paint_en&#8221; _builder_version=&#8221;4.0.7&#8243; width=&#8221;100%&#8221; custom_padding=&#8221;||0px|||&#8221; global_module=&#8221;606&#8243; saved_tabs=&#8221;all&#8221;][et_pb_row _builder_version=&#8221;4.6.3&#8243; custom_margin=&#8221;-1px|auto|20px|auto|false|false&#8221; custom_padding=&#8221;3px|||||&#8221;][et_pb_column type=&#8221;4_4&#8243; _builder_version=&#8221;4.6.3&#8243; custom_padding=&#8221;|||&#8221; custom_padding__hover=&#8221;|||&#8221;][et_pb_blurb title=&#8221;siesta II (Work in progress)&#8221; url=&#8221;https:\/\/delajara.com\/wp-content\/uploads\/2021\/12\/GRM2826-scaled-e1639318807877.jpg&#8221; url_new_window=&#8221;on&#8221; image=&#8221;https:\/\/delajara.com\/wp-content\/uploads\/2021\/12\/GRM2826-scaled-e1639318807877.jpg&#8221; image_max_width=&#8221;70%&#8221; content_max_width=&#8221;100%&#8221; _builder_version=&#8221;4.6.3&#8243; text_orientation=&#8221;center&#8221; custom_margin=&#8221;||20px||false|false&#8221; child_filter_brightness=&#8221;120%&#8221; link_option_url=&#8221;https:\/\/delajara.com\/wp-content\/uploads\/2021\/12\/GRM2826-scaled-e1639318807877.jpg&#8221; link_option_url_new_window=&#8221;on&#8221; box_shadow_style_image=&#8221;preset3&#8243;] \u00d3leo sobre lino 140 x 130 cm 2021 [\/et_pb_blurb][et_pb_blurb title=&#8221;es regnet (llueve)&#8221; url=&#8221;https:\/\/delajara.com\/wp-content\/uploads\/2021\/12\/Lueve-scaled-e1639318884822.jpg&#8221; url_new_window=&#8221;on&#8221; image=&#8221;https:\/\/delajara.com\/wp-content\/uploads\/2021\/12\/Lueve-scaled-e1639318884822.jpg&#8221; image_max_width=&#8221;50%&#8221; content_max_width=&#8221;100%&#8221; _builder_version=&#8221;4.6.3&#8243; text_orientation=&#8221;center&#8221; custom_margin=&#8221;50px||||false|false&#8221; link_option_url=&#8221;https:\/\/delajara.com\/wp-content\/uploads\/2021\/12\/Lueve-scaled-e1639318884822.jpg&#8221; [&hellip;]<\/p>\n","protected":false},"author":1,"featured_media":0,"parent":0,"menu_order":0,"comment_status":"closed","ping_status":"closed","template":"","meta":{"_et_pb_use_builder":"on","_et_pb_old_content":"","_et_gb_content_width":"","footnotes":""},"_links":{"self":[{"href":"https:\/\/delajara.com\/index.php?rest_route=\/wp\/v2\/pages\/76"}],"collection":[{"href":"https:\/\/delajara.com\/index.php?rest_route=\/wp\/v2\/pages"}],"about":[{"href":"https:\/\/delajara.com\/index.php?rest_route=\/wp\/v2\/types\/page"}],"author":[{"embeddable":true,"href":"https:\/\/delajara.com\/index.php?rest_route=\/wp\/v2\/users\/1"}],"replies":[{"embeddable":true,"href":"https:\/\/delajara.com\/index.php?rest_route=%2Fwp%2Fv2%2Fcomments&post=76"}],"version-history":[{"count":95,"href":"https:\/\/delajara.com\/index.php?rest_route=\/wp\/v2\/pages\/76\/revisions"}],"predecessor-version":[{"id":1275,"href":"https:\/\/delajara.com\/index.php?rest_route=\/wp\/v2\/pages\/76\/revisions\/1275"}],"wp:attachment":[{"href":"https:\/\/delajara.com\/index.php?rest_route=%2Fwp%2Fv2%2Fmedia&parent=76"}],"curies":[{"name":"wp","href":"https:\/\/api.w.org\/{rel}","templated":true}]}}