{"id":16,"date":"2019-06-13T07:46:20","date_gmt":"2019-06-13T07:46:20","guid":{"rendered":"http:\/\/delajara.com\/?page_id=16"},"modified":"2021-12-12T15:28:58","modified_gmt":"2021-12-12T15:28:58","slug":"main","status":"publish","type":"page","link":"https:\/\/delajara.com\/?page_id=16&lang=de","title":{"rendered":"Main_Deutsch"},"content":{"rendered":"<p>[et_pb_section fb_built=&#8221;1&#8243; admin_label=&#8221;About Me&#8221; module_id=&#8221;paint_en&#8221; _builder_version=&#8221;4.0.7&#8243; width=&#8221;100%&#8221; custom_padding=&#8221;||0px|||&#8221; global_module=&#8221;606&#8243; saved_tabs=&#8221;all&#8221;][et_pb_row _builder_version=&#8221;4.6.3&#8243; custom_margin=&#8221;-1px|auto|20px|auto|false|false&#8221; custom_padding=&#8221;3px|||||&#8221;][et_pb_column type=&#8221;4_4&#8243; _builder_version=&#8221;4.6.3&#8243; custom_padding=&#8221;|||&#8221; custom_padding__hover=&#8221;|||&#8221;][et_pb_blurb title=&#8221;siesta II (Work in progress)&#8221; url=&#8221;https:\/\/delajara.com\/wp-content\/uploads\/2021\/12\/GRM2826-scaled-e1639318807877.jpg&#8221; url_new_window=&#8221;on&#8221; image=&#8221;https:\/\/delajara.com\/wp-content\/uploads\/2021\/12\/GRM2826-scaled-e1639318807877.jpg&#8221; image_max_width=&#8221;70%&#8221; content_max_width=&#8221;100%&#8221; _builder_version=&#8221;4.6.3&#8243; text_orientation=&#8221;center&#8221; custom_margin=&#8221;||20px||false|false&#8221; child_filter_brightness=&#8221;120%&#8221; link_option_url=&#8221;https:\/\/delajara.com\/wp-content\/uploads\/2021\/12\/GRM2826-scaled-e1639318807877.jpg&#8221; link_option_url_new_window=&#8221;on&#8221; box_shadow_style_image=&#8221;preset3&#8243;]<\/p>\n<p>\u00d3leo sobre lino<br \/> 140 x 130 cm<br \/> <strong>2021<\/strong><\/p>\n<p>[\/et_pb_blurb][et_pb_blurb title=&#8221;es regnet (llueve)&#8221; url=&#8221;https:\/\/delajara.com\/wp-content\/uploads\/2021\/12\/Lueve-scaled-e1639318884822.jpg&#8221; url_new_window=&#8221;on&#8221; image=&#8221;https:\/\/delajara.com\/wp-content\/uploads\/2021\/12\/Lueve-scaled-e1639318884822.jpg&#8221; image_max_width=&#8221;50%&#8221; content_max_width=&#8221;100%&#8221; _builder_version=&#8221;4.6.3&#8243; text_orientation=&#8221;center&#8221; custom_margin=&#8221;50px||||false|false&#8221; link_option_url=&#8221;https:\/\/delajara.com\/wp-content\/uploads\/2021\/12\/Lueve-scaled-e1639318884822.jpg&#8221; link_option_url_new_window=&#8221;on&#8221; box_shadow_style_image=&#8221;preset3&#8243;]<\/p>\n<p>\u00d3leo sobre lino<br \/> 110 x 100 cm<br \/> Colecci\u00f3n privada<strong><br \/> 2021<\/strong><\/p>\n<p>[\/et_pb_blurb][\/et_pb_column][\/et_pb_row][et_pb_row _builder_version=&#8221;4.6.3&#8243; custom_margin=&#8221;50px||||false|false&#8221;][et_pb_column type=&#8221;4_4&#8243; _builder_version=&#8221;4.6.3&#8243; custom_padding=&#8221;|||&#8221; custom_padding__hover=&#8221;|||&#8221;][et_pb_blurb title=&#8221;all the an&#8217;gels come&#8221; url=&#8221;https:\/\/delajara.com\/wp-content\/uploads\/2019\/07\/HarkThe-Angels-Come2019_d-3.jpg&#8221; url_new_window=&#8221;on&#8221; image=&#8221;https:\/\/delajara.com\/wp-content\/uploads\/2019\/07\/HarkThe-Angels-Come2019_d-3.jpg&#8221; content_max_width=&#8221;100%&#8221; _builder_version=&#8221;4.6.3&#8243; text_orientation=&#8221;center&#8221; link_option_url=&#8221;https:\/\/delajara.com\/wp-content\/uploads\/2019\/07\/HarkThe-Angels-Come2019_d-3.jpg&#8221; link_option_url_new_window=&#8221;on&#8221;]<\/p>\n<p>\u00d3leo sobre lienzo<br \/> 135 x 300 cm<br \/> Colecci\u00f3n privada<strong><br \/> 2019<\/strong><\/p>\n<p>[\/et_pb_blurb][\/et_pb_column][\/et_pb_row][et_pb_row _builder_version=&#8221;3.25&#8243; custom_padding=&#8221;50px||&#8221;][et_pb_column type=&#8221;4_4&#8243; _builder_version=&#8221;3.25&#8243; custom_padding=&#8221;|||&#8221; custom_padding__hover=&#8221;|||&#8221;][et_pb_blurb title=&#8221;im spiegel&#8221; url=&#8221;https:\/\/delajara.com\/wp-content\/uploads\/2019\/07\/Im-Spiegel-2019.jpg&#8221; url_new_window=&#8221;on&#8221; image=&#8221;https:\/\/delajara.com\/wp-content\/uploads\/2019\/07\/Im-Spiegel-2019.jpg&#8221; content_max_width=&#8221;50%&#8221; _builder_version=&#8221;4.0.7&#8243; text_orientation=&#8221;center&#8221; link_option_url=&#8221;https:\/\/delajara.com\/wp-content\/uploads\/2019\/07\/Im-Spiegel-2019.jpg&#8221; link_option_url_new_window=&#8221;on&#8221; box_shadow_style_image=&#8221;preset3&#8243;]<\/p>\n<p>Instalaci\u00f3n<br \/>\u00d3leo sobre madera,<br \/> l\u00e1mpara led, madera, tela,<br \/> alambre y perla cultivada,<br \/> 100 x 65 x 28 cm<strong><br \/> 2019<\/strong><\/p>\n<p>[\/et_pb_blurb][\/et_pb_column][\/et_pb_row][et_pb_row _builder_version=&#8221;3.25&#8243; custom_padding=&#8221;50px||&#8221;][et_pb_column type=&#8221;4_4&#8243; _builder_version=&#8221;3.25&#8243; custom_padding=&#8221;|||&#8221; custom_padding__hover=&#8221;|||&#8221;][et_pb_blurb title=&#8221;El rubor&#8221; url=&#8221;https:\/\/delajara.com\/wp-content\/uploads\/2019\/07\/EL-RUBOR-2019.jpg&#8221; url_new_window=&#8221;on&#8221; image=&#8221;https:\/\/delajara.com\/wp-content\/uploads\/2019\/07\/EL-RUBOR-2019.jpg&#8221; content_max_width=&#8221;78%&#8221; _builder_version=&#8221;3.24.1&#8243; text_orientation=&#8221;center&#8221; link_option_url=&#8221;https:\/\/delajara.com\/wp-content\/uploads\/2019\/07\/EL-RUBOR-2019.jpg&#8221; link_option_url_new_window=&#8221;on&#8221; box_shadow_style_image=&#8221;preset3&#8243;]<\/p>\n<p>\u00d3leo sobre lino<br \/> 120 x 140 cm<br \/>Colecci\u00f3n privada<strong><\/strong><br \/> <strong>2019<\/strong><\/p>\n<p>[\/et_pb_blurb][\/et_pb_column][\/et_pb_row][et_pb_row _builder_version=&#8221;3.25&#8243; custom_padding=&#8221;50px||&#8221;][et_pb_column type=&#8221;4_4&#8243; _builder_version=&#8221;3.25&#8243; custom_padding=&#8221;|||&#8221; custom_padding__hover=&#8221;|||&#8221;][et_pb_blurb title=&#8221;Neblina&#8221; url=&#8221;https:\/\/delajara.com\/wp-content\/uploads\/2019\/07\/Neblina.jpg&#8221; url_new_window=&#8221;on&#8221; image=&#8221;https:\/\/delajara.com\/wp-content\/uploads\/2019\/07\/Neblina.jpg&#8221; content_max_width=&#8221;78%&#8221; _builder_version=&#8221;3.24.1&#8243; text_orientation=&#8221;center&#8221; link_option_url=&#8221;https:\/\/delajara.com\/wp-content\/uploads\/2019\/07\/Neblina.jpg&#8221; link_option_url_new_window=&#8221;on&#8221; box_shadow_style_image=&#8221;preset3&#8243;]<\/p>\n<p>\u00d3leo sobre lino<br \/> 90 x 100 cm<br \/>Colecci\u00f3n privada<strong><\/strong><br \/> <strong>2019<\/strong><\/p>\n<p>[\/et_pb_blurb][\/et_pb_column][\/et_pb_row][et_pb_row _builder_version=&#8221;3.25&#8243; custom_padding=&#8221;50px||&#8221;][et_pb_column type=&#8221;4_4&#8243; _builder_version=&#8221;3.25&#8243; custom_padding=&#8221;|||&#8221; custom_padding__hover=&#8221;|||&#8221;][et_pb_blurb title=&#8221;2 Uhr Morgens&#8221; url=&#8221;https:\/\/delajara.com\/wp-content\/uploads\/2019\/07\/Morgens.jpg&#8221; url_new_window=&#8221;on&#8221; image=&#8221;https:\/\/delajara.com\/wp-content\/uploads\/2019\/07\/Morgens.jpg&#8221; content_max_width=&#8221;78%&#8221; _builder_version=&#8221;3.24.1&#8243; text_orientation=&#8221;center&#8221; link_option_url=&#8221;https:\/\/delajara.com\/wp-content\/uploads\/2019\/07\/Morgens.jpg&#8221; link_option_url_new_window=&#8221;on&#8221; box_shadow_style_image=&#8221;preset3&#8243;]<\/p>\n<p>\u00d3leo sobre lino<br \/> 79.5\u00a0 x\u00a0 100 cm<strong><br \/><\/strong>Colecci\u00f3n privada<strong><br \/> 2015<\/strong><\/p>\n<p>[\/et_pb_blurb][\/et_pb_column][\/et_pb_row][et_pb_row _builder_version=&#8221;3.25&#8243; custom_padding=&#8221;50px||&#8221;][et_pb_column type=&#8221;4_4&#8243; _builder_version=&#8221;3.25&#8243; custom_padding=&#8221;|||&#8221; custom_padding__hover=&#8221;|||&#8221;][et_pb_blurb title=&#8221;Seda&#8221; url=&#8221;https:\/\/delajara.com\/wp-content\/uploads\/2019\/07\/2015.-SEDA-\u00d3LEO-SOBRE-LINO-65X515cm.jpg&#8221; url_new_window=&#8221;on&#8221; image=&#8221;https:\/\/delajara.com\/wp-content\/uploads\/2019\/07\/2015.-SEDA-\u00d3LEO-SOBRE-LINO-65X515cm.jpg&#8221; content_max_width=&#8221;50%&#8221; _builder_version=&#8221;4.0.7&#8243; text_orientation=&#8221;center&#8221; link_option_url=&#8221;https:\/\/delajara.com\/wp-content\/uploads\/2019\/07\/2015.-SEDA-\u00d3LEO-SOBRE-LINO-65X515cm.jpg&#8221; link_option_url_new_window=&#8221;on&#8221; box_shadow_style_image=&#8221;preset3&#8243;]<\/p>\n<p>\u00d3leo sobre lino<br \/> 65\u00a0 x\u00a0 51,5 cm<br \/>Colecci\u00f3n privada<strong><\/strong><strong><br \/> 2015<\/strong><\/p>\n<p>[\/et_pb_blurb][\/et_pb_column][\/et_pb_row][et_pb_row _builder_version=&#8221;3.25&#8243; custom_margin=&#8221;50px||&#8221; custom_padding=&#8221;50px||&#8221; box_shadow_style=&#8221;preset3&#8243;][et_pb_column type=&#8221;4_4&#8243; _builder_version=&#8221;3.25&#8243; custom_padding=&#8221;|||&#8221; custom_padding__hover=&#8221;|||&#8221;][et_pb_blurb title=&#8221;Conversaci\u00f3n en silencio&#8221; url=&#8221;https:\/\/delajara.com\/wp-content\/uploads\/2019\/07\/Garci1.jpg&#8221; url_new_window=&#8221;on&#8221; image=&#8221;https:\/\/delajara.com\/wp-content\/uploads\/2019\/07\/Garci1.jpg&#8221; content_max_width=&#8221;78%&#8221; _builder_version=&#8221;4.0.7&#8243; text_orientation=&#8221;center&#8221; link_option_url=&#8221;https:\/\/delajara.com\/wp-content\/uploads\/2019\/07\/Garci1.jpg&#8221; link_option_url_new_window=&#8221;on&#8221; box_shadow_style_image=&#8221;preset3&#8243;]<\/p>\n<p>Casa Garcilaso, Lima<br \/> <strong> 2012<\/strong><br \/> <strong><\/strong><\/p>\n<p><img loading=\"lazy\" decoding=\"async\" src=\"https:\/\/delajara.com\/wp-content\/uploads\/2019\/07\/Garci3-300x223.jpg\" alt=\"\" class=\"wp-image-258 alignnone size-medium\" width=\"300\" height=\"223\" \/>\u00a0\u00a0\u00a0\u00a0 <img loading=\"lazy\" decoding=\"async\" src=\"https:\/\/delajara.com\/wp-content\/uploads\/2019\/07\/Garci2-300x225.jpg\" alt=\"\" class=\"wp-image-257 alignnone size-medium\" width=\"300\" height=\"225\" \/><\/p>\n<p>[\/et_pb_blurb][\/et_pb_column][\/et_pb_row][et_pb_row _builder_version=&#8221;3.25&#8243; custom_padding=&#8221;50px||&#8221;][et_pb_column type=&#8221;4_4&#8243; _builder_version=&#8221;3.25&#8243; custom_padding=&#8221;|||&#8221; custom_padding__hover=&#8221;|||&#8221;][et_pb_blurb title=&#8221;La piscina&#8221; url=&#8221;https:\/\/delajara.com\/wp-content\/uploads\/2019\/07\/Piscina.jpg&#8221; url_new_window=&#8221;on&#8221; image=&#8221;https:\/\/delajara.com\/wp-content\/uploads\/2019\/07\/Piscina.jpg&#8221; content_max_width=&#8221;90%&#8221; _builder_version=&#8221;3.24.1&#8243; text_orientation=&#8221;center&#8221; link_option_url=&#8221;https:\/\/delajara.com\/wp-content\/uploads\/2019\/07\/Piscina.jpg&#8221; link_option_url_new_window=&#8221;on&#8221;]<\/p>\n<p>(Tri\u0301ptico) Oleo-lino,<br \/> 146 x 352 cm<br \/>Colecci\u00f3n privada<strong><\/strong><br \/> <strong>2011<\/strong><\/p>\n<p>[\/et_pb_blurb][\/et_pb_column][\/et_pb_row][et_pb_row _builder_version=&#8221;3.25&#8243; custom_padding=&#8221;50px||&#8221; box_shadow_style=&#8221;preset3&#8243;][et_pb_column type=&#8221;4_4&#8243; _builder_version=&#8221;3.25&#8243; custom_padding=&#8221;|||&#8221; custom_padding__hover=&#8221;|||&#8221;][et_pb_blurb title=&#8221;Exposici\u00f3n T\u00fa eres piedra&#8221; url=&#8221;https:\/\/delajara.com\/wp-content\/uploads\/2019\/07\/Lucia1.jpg&#8221; url_new_window=&#8221;on&#8221; image=&#8221;https:\/\/delajara.com\/wp-content\/uploads\/2019\/07\/Lucia1.jpg&#8221; content_max_width=&#8221;78%&#8221; _builder_version=&#8221;3.24.1&#8243; text_orientation=&#8221;center&#8221; link_option_url=&#8221;https:\/\/delajara.com\/wp-content\/uploads\/2019\/07\/Lucia1.jpg&#8221; link_option_url_new_window=&#8221;on&#8221; box_shadow_style_image=&#8221;preset3&#8243;]<\/p>\n<p>Galer\u00eda Luc\u00eda de la Puente, Lima<br \/><strong> 2011<\/strong><\/p>\n<p>&nbsp;<\/p>\n<p><img loading=\"lazy\" decoding=\"async\" src=\"https:\/\/delajara.com\/wp-content\/uploads\/2019\/07\/Lucia3-300x233.jpg\" alt=\"\" class=\"wp-image-255 alignnone size-medium\" width=\"300\" height=\"233\" \/>\u00a0\u00a0\u00a0\u00a0 <img loading=\"lazy\" decoding=\"async\" src=\"https:\/\/delajara.com\/wp-content\/uploads\/2019\/07\/Lucia2-300x223.jpg\" alt=\"\" class=\"wp-image-254 alignnone size-medium\" width=\"300\" height=\"223\" \/><\/p>\n<p><strong><\/strong><\/p>\n<p>[\/et_pb_blurb][\/et_pb_column][\/et_pb_row][et_pb_row _builder_version=&#8221;3.25&#8243; custom_padding=&#8221;50px||&#8221;][et_pb_column type=&#8221;4_4&#8243; _builder_version=&#8221;3.25&#8243; custom_padding=&#8221;|||&#8221; custom_padding__hover=&#8221;|||&#8221;][et_pb_blurb title=&#8221;El sof\u00e1&#8221; url=&#8221;https:\/\/delajara.com\/wp-content\/uploads\/2019\/07\/El-Sof\u00e1-detalle.jpg&#8221; url_new_window=&#8221;on&#8221; image=&#8221;https:\/\/delajara.com\/wp-content\/uploads\/2019\/07\/El-Sof\u00e1-2011.jpg&#8221; content_max_width=&#8221;50%&#8221; _builder_version=&#8221;3.24.1&#8243; text_orientation=&#8221;center&#8221; link_option_url=&#8221;https:\/\/delajara.com\/wp-content\/uploads\/2019\/07\/El-Sof\u00e1-detalle.jpg&#8221; link_option_url_new_window=&#8221;on&#8221; box_shadow_style_image=&#8221;preset3&#8243;]<\/p>\n<p>\u00d3leo sobre<br \/> madera tallada<br \/> 130 x 100 cm<strong><br \/><\/strong>Colecci\u00f3n privada<strong><br \/> 2011<\/strong><\/p>\n<p>[\/et_pb_blurb][\/et_pb_column][\/et_pb_row][et_pb_row _builder_version=&#8221;3.25&#8243; custom_margin=&#8221;50px||&#8221; custom_padding=&#8221;50px||&#8221; box_shadow_style=&#8221;preset6&#8243;][et_pb_column type=&#8221;4_4&#8243; _builder_version=&#8221;3.25&#8243; custom_padding=&#8221;|||&#8221; custom_padding__hover=&#8221;|||&#8221;][et_pb_image src=&#8221;https:\/\/delajara.com\/wp-content\/uploads\/2020\/08\/OLAS-ORANTES-OLAS-2011-c.jpg&#8221; _builder_version=&#8221;4.0.7&#8243; width=&#8221;78%&#8221; max_width=&#8221;78%&#8221; module_alignment=&#8221;center&#8221;][\/et_pb_image][et_pb_blurb title=&#8221;Olas ardientes olas&#8221; url=&#8221;https:\/\/delajara.com\/wp-content\/uploads\/2019\/12\/OLAS-ORANTES.jpg&#8221; url_new_window=&#8221;on&#8221; image=&#8221;https:\/\/delajara.com\/wp-content\/uploads\/2020\/08\/OLAS-ORANTES-OLAS-2011-a.jpg&#8221; content_max_width=&#8221;78%&#8221; _builder_version=&#8221;4.0.7&#8243; text_orientation=&#8221;center&#8221; link_option_url=&#8221;https:\/\/delajara.com\/wp-content\/uploads\/2019\/12\/OLAS-ORANTES.jpg&#8221; link_option_url_new_window=&#8221;on&#8221; box_shadow_style_image=&#8221;preset3&#8243;]<\/p>\n<p>Instalaci\u00f3n multimedia,<br \/> esposici\u00f3n &#8220;Conservaci\u00f3n en silencio&#8221;<br \/> con poemas del Hieromonje Symeon.<br \/> Casa Garcilaso, Lima<strong><br \/> 2011<\/strong><\/p>\n<p>[\/et_pb_blurb][\/et_pb_column][\/et_pb_row][et_pb_row _builder_version=&#8221;3.25&#8243; custom_padding=&#8221;50px|||||&#8221;][et_pb_column type=&#8221;4_4&#8243; _builder_version=&#8221;3.25&#8243; custom_padding=&#8221;|||&#8221; custom_padding__hover=&#8221;|||&#8221;][et_pb_blurb title=&#8221;La hora del t\u00e9&#8221; url=&#8221;https:\/\/delajara.com\/wp-content\/uploads\/2019\/07\/La-hora-del-t\u00e9-2010-.jpg&#8221; url_new_window=&#8221;on&#8221; image=&#8221;https:\/\/delajara.com\/wp-content\/uploads\/2019\/07\/La-hora-del-t\u00e9-2010-.jpg&#8221; content_max_width=&#8221;78%&#8221; _builder_version=&#8221;3.24.1&#8243; text_orientation=&#8221;center&#8221; link_option_url=&#8221;https:\/\/delajara.com\/wp-content\/uploads\/2019\/07\/La-hora-del-t\u00e9-2010-.jpg&#8221; link_option_url_new_window=&#8221;on&#8221; box_shadow_style_image=&#8221;preset3&#8243;]<\/p>\n<p><strong><\/strong>\u00d3leo sobre lino<br \/> 130 x 150 cm<br \/>Colecci\u00f3n privada<strong><br \/>2010<\/strong><\/p>\n<p>[\/et_pb_blurb][\/et_pb_column][\/et_pb_row][et_pb_row _builder_version=&#8221;3.25&#8243; custom_padding=&#8221;50px||&#8221;][et_pb_column type=&#8221;4_4&#8243; _builder_version=&#8221;3.25&#8243; custom_padding=&#8221;|||&#8221; custom_padding__hover=&#8221;|||&#8221;][et_pb_blurb title=&#8221;La casa del padre&#8221; url=&#8221;https:\/\/delajara.com\/wp-content\/uploads\/2019\/07\/LA-CASA-DEL-PADRE-2009-1-1.jpg&#8221; url_new_window=&#8221;on&#8221; image=&#8221;https:\/\/delajara.com\/wp-content\/uploads\/2019\/07\/LA-CASA-DEL-PADRE-2009-1-1.jpg&#8221; content_max_width=&#8221;50%&#8221; _builder_version=&#8221;3.24.1&#8243; text_orientation=&#8221;center&#8221; link_option_url=&#8221;https:\/\/delajara.com\/wp-content\/uploads\/2019\/07\/LA-CASA-DEL-PADRE-2009-1-1.jpg&#8221; link_option_url_new_window=&#8221;on&#8221; box_shadow_style_image=&#8221;preset3&#8243;]<\/p>\n<p>\u00d3leo sobre lino<br \/> 190 x 140 cm.<br \/> Colecci\u00f3n Hochschild<br \/> (Lima)<strong><br \/> 2009<\/strong><\/p>\n<p>[\/et_pb_blurb][\/et_pb_column][\/et_pb_row][et_pb_row _builder_version=&#8221;3.25&#8243; custom_padding=&#8221;50px||&#8221; box_shadow_style=&#8221;preset3&#8243;][et_pb_column type=&#8221;4_4&#8243; _builder_version=&#8221;3.25&#8243; custom_padding=&#8221;|||&#8221; custom_padding__hover=&#8221;|||&#8221;][et_pb_blurb title=&#8221;Galerie Clemensstrasse 9&#8243; url=&#8221;https:\/\/delajara.com\/wp-content\/uploads\/2019\/07\/Munich.jpg&#8221; url_new_window=&#8221;on&#8221; image=&#8221;https:\/\/delajara.com\/wp-content\/uploads\/2019\/07\/Munich.jpg&#8221; content_max_width=&#8221;78%&#8221; _builder_version=&#8221;4.0.7&#8243; text_orientation=&#8221;center&#8221; link_option_url=&#8221;https:\/\/delajara.com\/wp-content\/uploads\/2019\/07\/Munich.jpg&#8221; link_option_url_new_window=&#8221;on&#8221; box_shadow_style_image=&#8221;preset3&#8243;]<\/p>\n<p>de Rosa Ronstedt, Munich<br \/> <strong> 2009<\/strong><\/p>\n<p>[\/et_pb_blurb][\/et_pb_column][\/et_pb_row][et_pb_row _builder_version=&#8221;3.25&#8243; custom_padding=&#8221;50px||&#8221;][et_pb_column type=&#8221;4_4&#8243; _builder_version=&#8221;3.25&#8243; custom_padding=&#8221;|||&#8221; custom_padding__hover=&#8221;|||&#8221;][et_pb_blurb title=&#8221;PILCO&#8221; url=&#8221;https:\/\/delajara.com\/wp-content\/uploads\/2020\/08\/Pilco.jpg&#8221; url_new_window=&#8221;on&#8221; image=&#8221;https:\/\/delajara.com\/wp-content\/uploads\/2020\/08\/Pilco.jpg&#8221; content_max_width=&#8221;78%&#8221; _builder_version=&#8221;4.0.7&#8243; text_orientation=&#8221;center&#8221; link_option_url=&#8221;https:\/\/delajara.com\/wp-content\/uploads\/2020\/08\/Pilco.jpg&#8221; link_option_url_new_window=&#8221;on&#8221; box_shadow_style_image=&#8221;preset3&#8243;]<\/p>\n<p>\u00d3leo sobre lino<br \/> 160&#215;130 cm<br \/> Colecci\u00f3n privada<br \/> Lima<strong><br \/> 2008<br \/> <\/strong><\/p>\n<p>[\/et_pb_blurb][\/et_pb_column][\/et_pb_row][et_pb_row _builder_version=&#8221;3.25&#8243; custom_padding=&#8221;50px||&#8221;][et_pb_column type=&#8221;4_4&#8243; _builder_version=&#8221;3.25&#8243; custom_padding=&#8221;|||&#8221; custom_padding__hover=&#8221;|||&#8221;][et_pb_blurb title=&#8221;Juego de dados&#8221; url=&#8221;https:\/\/delajara.com\/wp-content\/uploads\/2019\/07\/2008.-W\u00fcrfelspiele-.jpg&#8221; url_new_window=&#8221;on&#8221; image=&#8221;https:\/\/delajara.com\/wp-content\/uploads\/2019\/07\/2008.-W\u00fcrfelspiele-.jpg&#8221; content_max_width=&#8221;78%&#8221; _builder_version=&#8221;3.24.1&#8243; text_orientation=&#8221;center&#8221; link_option_url=&#8221;https:\/\/delajara.com\/wp-content\/uploads\/2019\/07\/2008.-W\u00fcrfelspiele-.jpg&#8221; link_option_url_new_window=&#8221;on&#8221; box_shadow_style_image=&#8221;preset3&#8243;]<\/p>\n<p>\u00d3leo sobre lino<br \/> 130&#215;150 cm<br \/> Colecci\u00f3n Volksbank<br \/> Alemania<strong><br \/> 2008<br \/> <\/strong><\/p>\n<p>[\/et_pb_blurb][\/et_pb_column][\/et_pb_row][et_pb_row _builder_version=&#8221;3.25&#8243; custom_padding=&#8221;50px||&#8221; box_shadow_style=&#8221;preset3&#8243;][et_pb_column type=&#8221;4_4&#8243; _builder_version=&#8221;3.25&#8243; custom_padding=&#8221;|||&#8221; custom_padding__hover=&#8221;|||&#8221;][et_pb_blurb title=&#8221;Ausflug&#8221; url=&#8221;https:\/\/delajara.com\/wp-content\/uploads\/2019\/07\/Ausflug.jpg&#8221; url_new_window=&#8221;on&#8221; image=&#8221;https:\/\/delajara.com\/wp-content\/uploads\/2019\/07\/Ausflug.jpg&#8221; content_max_width=&#8221;78%&#8221; _builder_version=&#8221;3.24.1&#8243; text_orientation=&#8221;center&#8221; link_option_url=&#8221;https:\/\/delajara.com\/wp-content\/uploads\/2019\/07\/Ausflug.jpg&#8221; link_option_url_new_window=&#8221;on&#8221; box_shadow_style_image=&#8221;preset3&#8243;]<\/p>\n<p>Galer\u00eda Alte Schranne,<br \/> N\u00f6rdlingen, Alemania<br \/> <strong>2012<\/strong><\/p>\n<p>[\/et_pb_blurb][\/et_pb_column][\/et_pb_row][et_pb_row _builder_version=&#8221;3.25&#8243; custom_margin=&#8221;50px||&#8221; custom_padding=&#8221;50px||&#8221; box_shadow_style=&#8221;preset6&#8243;][et_pb_column type=&#8221;4_4&#8243; _builder_version=&#8221;3.25&#8243; custom_padding=&#8221;|||&#8221; custom_padding__hover=&#8221;|||&#8221;][et_pb_blurb title=&#8221;Sangre Sab\u00cda&#8221; url=&#8221;https:\/\/delajara.com\/wp-content\/uploads\/2019\/12\/Sangre-Sabia-scaled.jpg&#8221; url_new_window=&#8221;on&#8221; image=&#8221;https:\/\/delajara.com\/wp-content\/uploads\/2019\/12\/Sangre-Sabia-scaled.jpg&#8221; content_max_width=&#8221;75%&#8221; _builder_version=&#8221;4.0.7&#8243; text_orientation=&#8221;center&#8221; link_option_url=&#8221;https:\/\/delajara.com\/wp-content\/uploads\/2019\/12\/Sangre-Sabia-scaled.jpg&#8221; link_option_url_new_window=&#8221;on&#8221; box_shadow_style_image=&#8221;preset3&#8243;]<\/p>\n<p>Videoinstalaci\u00f3n multimedia<br \/>Kunstmuseum, Wemding<strong><br \/> 2006<\/strong><\/p>\n<p>[\/et_pb_blurb][\/et_pb_column][\/et_pb_row][et_pb_row _builder_version=&#8221;3.25&#8243; custom_padding=&#8221;100px|||||&#8221;][et_pb_column type=&#8221;4_4&#8243; _builder_version=&#8221;3.25&#8243; custom_padding=&#8221;|||&#8221; custom_padding__hover=&#8221;|||&#8221;][et_pb_blurb title=&#8221;Billar&#8221; url=&#8221;https:\/\/delajara.com\/wp-content\/uploads\/2019\/07\/billar.jpg&#8221; url_new_window=&#8221;on&#8221; image=&#8221;https:\/\/delajara.com\/wp-content\/uploads\/2019\/07\/billar.jpg&#8221; content_max_width=&#8221;90%&#8221; _builder_version=&#8221;3.24.1&#8243; text_orientation=&#8221;center&#8221; link_option_url=&#8221;https:\/\/delajara.com\/wp-content\/uploads\/2019\/07\/billar.jpg&#8221; link_option_url_new_window=&#8221;on&#8221; box_shadow_style_image=&#8221;preset3&#8243;]<\/p>\n<p>Fresco en secco<br \/> sobre lino<br \/> 90 x 220 cm<br \/>Colecci\u00f3n privada<strong><br \/> 2006<br \/> <\/strong><\/p>\n<p>[\/et_pb_blurb][\/et_pb_column][\/et_pb_row][et_pb_row _builder_version=&#8221;3.25&#8243; custom_padding=&#8221;100px|||||&#8221;][et_pb_column type=&#8221;4_4&#8243; _builder_version=&#8221;3.25&#8243; custom_padding=&#8221;|||&#8221; custom_padding__hover=&#8221;|||&#8221;][et_pb_blurb title=&#8221;La puerta II&#8221; url=&#8221;https:\/\/delajara.com\/wp-content\/uploads\/2019\/07\/puerta2-1.jpg&#8221; url_new_window=&#8221;on&#8221; image=&#8221;https:\/\/delajara.com\/wp-content\/uploads\/2019\/07\/puerta2-1.jpg&#8221; content_max_width=&#8221;90%&#8221; _builder_version=&#8221;3.24.1&#8243; text_orientation=&#8221;center&#8221; link_option_url=&#8221;https:\/\/delajara.com\/wp-content\/uploads\/2019\/07\/puerta2-1.jpg&#8221; link_option_url_new_window=&#8221;on&#8221; box_shadow_style_image=&#8221;preset3&#8243;]<\/p>\n<p>90 x 210 cm<br \/>Colecci\u00f3n particular<br \/>Lima<strong><br \/>2005<br \/> <\/strong><\/p>\n<p>[\/et_pb_blurb][\/et_pb_column][\/et_pb_row][et_pb_row _builder_version=&#8221;3.25&#8243; custom_padding=&#8221;100px|||||&#8221;][et_pb_column type=&#8221;4_4&#8243; _builder_version=&#8221;3.25&#8243; custom_padding=&#8221;|||&#8221; custom_padding__hover=&#8221;|||&#8221;][et_pb_blurb title=&#8221;A trav\u00e9s del d\u00eda&#8221; url=&#8221;https:\/\/delajara.com\/wp-content\/uploads\/2019\/07\/2004.-Throughout-the-day-and-night.jpg&#8221; url_new_window=&#8221;on&#8221; image=&#8221;https:\/\/delajara.com\/wp-content\/uploads\/2019\/07\/2004.-Throughout-the-day-and-night.jpg&#8221; content_max_width=&#8221;78%&#8221; _builder_version=&#8221;3.24.1&#8243; text_orientation=&#8221;center&#8221; link_option_url=&#8221;https:\/\/delajara.com\/wp-content\/uploads\/2019\/07\/2004.-Throughout-the-day-and-night.jpg&#8221; link_option_url_new_window=&#8221;on&#8221;]<\/p>\n<p>\u00d3leo sobre tabla, placa<br \/>giratoria de acero<br \/>90 cm di\u00e1metro<br \/>Colecci\u00f3n privada, Munich<strong><br \/>2004<br \/> <\/strong><\/p>\n<p>[\/et_pb_blurb][\/et_pb_column][\/et_pb_row][et_pb_row _builder_version=&#8221;3.25&#8243; custom_padding=&#8221;50px||&#8221;][et_pb_column type=&#8221;4_4&#8243; _builder_version=&#8221;3.25&#8243; custom_padding=&#8221;|||&#8221; custom_padding__hover=&#8221;|||&#8221;][et_pb_blurb title=&#8221;Flug&#8221; url=&#8221;https:\/\/delajara.com\/wp-content\/uploads\/2019\/07\/Flug-2003-copia.jpg&#8221; url_new_window=&#8221;on&#8221; image=&#8221;https:\/\/delajara.com\/wp-content\/uploads\/2019\/07\/Flug-2003-copia.jpg&#8221; content_max_width=&#8221;60%&#8221; _builder_version=&#8221;4.6.3&#8243; text_orientation=&#8221;center&#8221; link_option_url=&#8221;https:\/\/delajara.com\/wp-content\/uploads\/2019\/07\/Flug-2003-copia.jpg&#8221; link_option_url_new_window=&#8221;on&#8221; box_shadow_style_image=&#8221;preset3&#8243;]<\/p>\n<p>\u00d3leo sobre madera<br \/> 80 x 60 cm<br \/>Colecci\u00f3n privada<strong><br \/> 2003<br \/> <\/strong><\/p>\n<p>[\/et_pb_blurb][\/et_pb_column][\/et_pb_row][et_pb_row _builder_version=&#8221;3.25&#8243; custom_padding=&#8221;50px||&#8221;][et_pb_column type=&#8221;4_4&#8243; _builder_version=&#8221;3.25&#8243; custom_padding=&#8221;|||&#8221; custom_padding__hover=&#8221;|||&#8221;][et_pb_blurb title=&#8221;La Giganta (Irina)&#8221; url=&#8221;https:\/\/delajara.com\/wp-content\/uploads\/2019\/07\/giganta.jpg&#8221; url_new_window=&#8221;on&#8221; image=&#8221;https:\/\/delajara.com\/wp-content\/uploads\/2019\/07\/giganta.jpg&#8221; content_max_width=&#8221;50%&#8221; _builder_version=&#8221;4.0.7&#8243; text_orientation=&#8221;center&#8221; link_option_url=&#8221;https:\/\/delajara.com\/wp-content\/uploads\/2019\/07\/giganta.jpg&#8221; link_option_url_new_window=&#8221;on&#8221; box_shadow_style_image=&#8221;preset3&#8243;]<\/p>\n<p>\u00d3leo sobre lino<br \/>120 x 90 cm<strong><br \/><\/strong>Colecci\u00f3n privada<strong><br \/> 2002<br \/> <\/strong><\/p>\n<p>[\/et_pb_blurb][\/et_pb_column][\/et_pb_row][et_pb_row _builder_version=&#8221;3.25&#8243; custom_padding=&#8221;50px||&#8221;][et_pb_column type=&#8221;4_4&#8243; _builder_version=&#8221;3.25&#8243; custom_padding=&#8221;|||&#8221; custom_padding__hover=&#8221;|||&#8221;][et_pb_blurb title=&#8221;Cypraea&#8221; url=&#8221;https:\/\/delajara.com\/wp-content\/uploads\/2019\/07\/Bodeg\u00f3n-2002-.jpg&#8221; url_new_window=&#8221;on&#8221; image=&#8221;https:\/\/delajara.com\/wp-content\/uploads\/2019\/07\/Bodeg\u00f3n-2002-.jpg&#8221; content_max_width=&#8221;50%&#8221; _builder_version=&#8221;3.24.1&#8243; text_orientation=&#8221;center&#8221; link_option_url=&#8221;https:\/\/delajara.com\/wp-content\/uploads\/2019\/07\/Bodeg\u00f3n-2002-.jpg&#8221; link_option_url_new_window=&#8221;on&#8221; box_shadow_style_image=&#8221;preset3&#8243;]<\/p>\n<p>\u00d3leo sobre madera<br \/> 80 x 60 cm<br \/> Colecci\u00f3n privada<br \/> Alemania<strong><br \/> 2002<br \/> <\/strong><\/p>\n<p>[\/et_pb_blurb][\/et_pb_column][\/et_pb_row][et_pb_row _builder_version=&#8221;3.25&#8243; custom_padding=&#8221;50px||&#8221;][et_pb_column type=&#8221;4_4&#8243; _builder_version=&#8221;3.25&#8243; custom_padding=&#8221;|||&#8221; custom_padding__hover=&#8221;|||&#8221;][et_pb_blurb title=&#8221;FUN\u00c1MBULO I&#8221; url=&#8221;https:\/\/delajara.com\/wp-content\/uploads\/2020\/08\/Seilt\u00e4nzer-I-web-scaled.jpg&#8221; url_new_window=&#8221;on&#8221; image=&#8221;https:\/\/delajara.com\/wp-content\/uploads\/2020\/08\/Seilt\u00e4nzer-I-web-scaled.jpg&#8221; content_max_width=&#8221;90%&#8221; _builder_version=&#8221;4.0.7&#8243; text_orientation=&#8221;center&#8221; link_option_url=&#8221;https:\/\/delajara.com\/wp-content\/uploads\/2020\/08\/Seilt\u00e4nzer-I-web-scaled.jpg&#8221; link_option_url_new_window=&#8221;on&#8221; box_shadow_style_image=&#8221;preset3&#8243;]<\/p>\n<p>\u00d3leo sobre lino<br \/> 90 x 140 cm<br \/> Colecci\u00f3n privada<br \/> Pappenheim<strong><br \/> 2001<br \/> <\/strong><\/p>\n<p>[\/et_pb_blurb][\/et_pb_column][\/et_pb_row][et_pb_row _builder_version=&#8221;3.25&#8243; custom_padding=&#8221;50px||&#8221; box_shadow_style=&#8221;preset6&#8243;][et_pb_column type=&#8221;4_4&#8243; _builder_version=&#8221;3.25&#8243; custom_padding=&#8221;|||&#8221; custom_padding__hover=&#8221;|||&#8221;][et_pb_blurb title=&#8221;Chacan Pi&#8221; url=&#8221;https:\/\/delajara.com\/wp-content\/uploads\/2019\/07\/Pi.jpg&#8221; url_new_window=&#8221;on&#8221; image=&#8221;https:\/\/delajara.com\/wp-content\/uploads\/2019\/07\/Pi.jpg&#8221; content_max_width=&#8221;78%&#8221; _builder_version=&#8221;3.24.1&#8243; text_orientation=&#8221;center&#8221; link_option_url=&#8221;https:\/\/delajara.com\/wp-content\/uploads\/2019\/07\/Pi.jpg&#8221; link_option_url_new_window=&#8221;on&#8221; box_shadow_style_image=&#8221;preset3&#8243;]<\/p>\n<p>Escultura en m\u00e1rmol Rosso de Verona<br \/>4,2 \u00d7 1,7 \u00d7 1,7 m<br \/>T\u00fcbingen<strong><br \/> 2001<\/strong><\/p>\n<p>[\/et_pb_blurb][\/et_pb_column][\/et_pb_row][et_pb_row _builder_version=&#8221;3.25&#8243; custom_margin=&#8221;50px||&#8221; custom_padding=&#8221;50px||&#8221; box_shadow_style=&#8221;preset6&#8243;][et_pb_column type=&#8221;4_4&#8243; _builder_version=&#8221;3.25&#8243; custom_padding=&#8221;|||&#8221; custom_padding__hover=&#8221;|||&#8221;][et_pb_blurb title=&#8221;Chacan Pi&#8221; url=&#8221;https:\/\/delajara.com\/wp-content\/uploads\/2019\/07\/pi2.jpg&#8221; url_new_window=&#8221;on&#8221; image=&#8221;https:\/\/delajara.com\/wp-content\/uploads\/2019\/07\/pi2.jpg&#8221; content_max_width=&#8221;78%&#8221; _builder_version=&#8221;3.24.1&#8243; text_orientation=&#8221;center&#8221; link_option_url=&#8221;https:\/\/delajara.com\/wp-content\/uploads\/2019\/07\/pi2.jpg&#8221; link_option_url_new_window=&#8221;on&#8221; box_shadow_style_image=&#8221;preset3&#8243;]<\/p>\n<p>Detalle interior | inner detail<\/p>\n<p>[\/et_pb_blurb][\/et_pb_column][\/et_pb_row][et_pb_row _builder_version=&#8221;3.25&#8243; custom_padding=&#8221;114px|||||&#8221;][et_pb_column type=&#8221;4_4&#8243; _builder_version=&#8221;3.25&#8243; custom_padding=&#8221;|||&#8221; custom_padding__hover=&#8221;|||&#8221;][et_pb_blurb title=&#8221;Jard\u00edn cerrado&#8221; url=&#8221;https:\/\/delajara.com\/wp-content\/uploads\/2019\/07\/JARD\u00cdN-CERRADO-2000.png&#8221; url_new_window=&#8221;on&#8221; image=&#8221;https:\/\/delajara.com\/wp-content\/uploads\/2019\/07\/JARD\u00cdN-CERRADO-2000.png&#8221; content_max_width=&#8221;90%&#8221; _builder_version=&#8221;3.24.1&#8243; text_orientation=&#8221;center&#8221; link_option_url=&#8221;https:\/\/delajara.com\/wp-content\/uploads\/2019\/07\/JARD\u00cdN-CERRADO-2000.png&#8221; link_option_url_new_window=&#8221;on&#8221;]<\/p>\n<p>\u00d3leo sobre lino<br \/>montado en tabla<br \/>117,5 x 183 cm<br \/>Colecci\u00f3n privada<br \/><strong>Munich<br \/>2000<br \/> <\/strong><\/p>\n<p>[\/et_pb_blurb][\/et_pb_column][\/et_pb_row][et_pb_row _builder_version=&#8221;3.25&#8243; custom_padding=&#8221;50px||&#8221;][et_pb_column type=&#8221;4_4&#8243; _builder_version=&#8221;3.25&#8243; custom_padding=&#8221;|||&#8221; custom_padding__hover=&#8221;|||&#8221;][et_pb_blurb title=&#8221;\u00c1ngela ad\u00f3nica&#8221; url=&#8221;https:\/\/delajara.com\/wp-content\/uploads\/2019\/07\/\u00c1ngea-ad\u00f3nica-detalle.jpg&#8221; url_new_window=&#8221;on&#8221; image=&#8221;https:\/\/delajara.com\/wp-content\/uploads\/2019\/12\/Angela-Adonica2-1.jpg&#8221; content_max_width=&#8221;85%&#8221; _builder_version=&#8221;4.6.3&#8243; text_orientation=&#8221;center&#8221; link_option_url=&#8221;https:\/\/delajara.com\/wp-content\/uploads\/2019\/07\/\u00c1ngea-ad\u00f3nica-detalle.jpg&#8221; link_option_url_new_window=&#8221;on&#8221;]<\/p>\n<p>\u00d3leo sobre<br \/> madera, seda, bronce,<br \/> pan de oro<strong><br \/> <\/strong>57.5 x 81 cm<br \/>Colecci\u00f3n privada<strong><br \/> 2000<\/strong><\/p>\n<p>[\/et_pb_blurb][\/et_pb_column][\/et_pb_row][et_pb_row _builder_version=&#8221;3.25&#8243; custom_margin=&#8221;50px||&#8221; custom_padding=&#8221;50px||&#8221; box_shadow_style=&#8221;preset6&#8243;][et_pb_column type=&#8221;4_4&#8243; _builder_version=&#8221;3.25&#8243; custom_padding=&#8221;|||&#8221; custom_padding__hover=&#8221;|||&#8221;][et_pb_blurb title=&#8221;CHACAN PI&#8221; url=&#8221;https:\/\/delajara.com\/wp-content\/uploads\/2019\/07\/pi3.jpg&#8221; url_new_window=&#8221;on&#8221; image=&#8221;https:\/\/delajara.com\/wp-content\/uploads\/2019\/07\/pi3.jpg&#8221; content_max_width=&#8221;78%&#8221; _builder_version=&#8221;4.0.7&#8243; text_orientation=&#8221;center&#8221; link_option_url=&#8221;https:\/\/delajara.com\/wp-content\/uploads\/2019\/07\/pi3.jpg&#8221; link_option_url_new_window=&#8221;on&#8221; box_shadow_style_image=&#8221;preset3&#8243;]<\/p>\n<p>Taller Laboratoio Nicoli<br \/>Carrara<br \/><strong>2000<\/p>\n<p>Work in progress <br \/><\/strong><\/p>\n<p>[\/et_pb_blurb][\/et_pb_column][\/et_pb_row][et_pb_row _builder_version=&#8221;3.25&#8243; custom_margin=&#8221;50px||&#8221; custom_padding=&#8221;50px||&#8221; box_shadow_style=&#8221;preset6&#8243;][et_pb_column type=&#8221;4_4&#8243; _builder_version=&#8221;3.25&#8243; custom_padding=&#8221;|||&#8221; custom_padding__hover=&#8221;|||&#8221;][et_pb_blurb title=&#8221;Wunsch und Ged\u00e4chtnis&#8221; url=&#8221;https:\/\/delajara.com\/wp-content\/uploads\/2019\/12\/Minerva-scaled.jpg&#8221; url_new_window=&#8221;on&#8221; image=&#8221;https:\/\/delajara.com\/wp-content\/uploads\/2020\/07\/Wunsch_k.jpg&#8221; content_max_width=&#8221;75%&#8221; _builder_version=&#8221;4.0.7&#8243; text_orientation=&#8221;center&#8221; link_option_url=&#8221;https:\/\/delajara.com\/wp-content\/uploads\/2019\/12\/Minerva-scaled.jpg&#8221; link_option_url_new_window=&#8221;on&#8221; box_shadow_style_image=&#8221;preset3&#8243;]<\/p>\n<p>Deseo y Memoria | Desire and Memory<\/p>\n<p><span style=\"font-size: 14px;\">Granit &#8220;Cape Green&#8221;<br \/><\/span><span style=\"font-size: 14px;\">Max-Planck-Gesellschaft<br \/><\/span><strong> 1999<\/strong><\/p>\n<p>[\/et_pb_blurb][\/et_pb_column][\/et_pb_row][et_pb_row _builder_version=&#8221;3.25&#8243; custom_padding=&#8221;50px||&#8221;][et_pb_column type=&#8221;4_4&#8243; _builder_version=&#8221;3.25&#8243; custom_padding=&#8221;|||&#8221; custom_padding__hover=&#8221;|||&#8221;][et_pb_blurb title=&#8221;Dos mujeres&#8221; url=&#8221;https:\/\/delajara.com\/wp-content\/uploads\/2019\/07\/2-MUjERES-1998-copia.jpg&#8221; url_new_window=&#8221;on&#8221; image=&#8221;https:\/\/delajara.com\/wp-content\/uploads\/2019\/07\/2-MUjERES-1998-copia.jpg&#8221; content_max_width=&#8221;90%&#8221; _builder_version=&#8221;4.6.3&#8243; text_orientation=&#8221;center&#8221; link_option_url=&#8221;https:\/\/delajara.com\/wp-content\/uploads\/2019\/07\/2-MUjERES-1998-copia.jpg&#8221; link_option_url_new_window=&#8221;on&#8221; box_shadow_style_image=&#8221;preset3&#8243;]<\/p>\n<p>\u00d3leo sobre tela<br \/> 100 x 185 cm<br \/> Colecci\u00f3n privada, Miami, USA<strong><br \/> 1998-1999<\/strong><\/p>\n<p>[\/et_pb_blurb][\/et_pb_column][\/et_pb_row][\/et_pb_section][et_pb_section fb_built=&#8221;1&#8243; admin_label=&#8221;About Me&#8221; module_id=&#8221;sculpt_en&#8221; _builder_version=&#8221;3.26.3&#8243; custom_margin=&#8221;-1px|||||&#8221; global_module=&#8221;607&#8243; saved_tabs=&#8221;all&#8221;][et_pb_row _builder_version=&#8221;3.25&#8243; custom_margin=&#8221;50px||&#8221; custom_padding=&#8221;50px||&#8221; box_shadow_style=&#8221;preset6&#8243;][et_pb_column type=&#8221;4_4&#8243; _builder_version=&#8221;3.25&#8243; custom_padding=&#8221;|||&#8221; custom_padding__hover=&#8221;|||&#8221;][et_pb_blurb title=&#8221;Ni\u00f1o con fuego y agua&#8221; url=&#8221;https:\/\/delajara.com\/wp-content\/uploads\/2020\/07\/Nino.jpg&#8221; url_new_window=&#8221;on&#8221; image=&#8221;https:\/\/delajara.com\/wp-content\/uploads\/2020\/07\/Nino.jpg&#8221; content_max_width=&#8221;78%&#8221; _builder_version=&#8221;4.0.7&#8243; text_orientation=&#8221;center&#8221; link_option_url=&#8221;https:\/\/delajara.com\/wp-content\/uploads\/2020\/07\/Nino.jpg&#8221; link_option_url_new_window=&#8221;on&#8221; box_shadow_style_image=&#8221;preset3&#8243;]<\/p>\n<p>Bronze, Wasser, Feuer<br \/> 90 \u00d7 30 \u00d7 30 cm<br \/> Auflage 7<strong><br \/> 1992<\/strong><\/p>\n<p>[\/et_pb_blurb][\/et_pb_column][\/et_pb_row][et_pb_row _builder_version=&#8221;3.25&#8243; custom_padding=&#8221;95px|||||&#8221;][et_pb_column type=&#8221;4_4&#8243; _builder_version=&#8221;3.25&#8243; custom_padding=&#8221;|||&#8221; custom_padding__hover=&#8221;|||&#8221;][et_pb_blurb title=&#8221;El Caf\u00e9&#8221; url=&#8221;https:\/\/delajara.com\/wp-content\/uploads\/2019\/12\/El-Caf\u00e92.jpg&#8221; url_new_window=&#8221;on&#8221; image=&#8221;https:\/\/delajara.com\/wp-content\/uploads\/2019\/12\/El-Caf\u00e92.jpg&#8221; content_max_width=&#8221;78%&#8221; _builder_version=&#8221;4.0.7&#8243; text_orientation=&#8221;center&#8221; link_option_url=&#8221;https:\/\/delajara.com\/wp-content\/uploads\/2019\/12\/El-Caf\u00e92.jpg&#8221; link_option_url_new_window=&#8221;on&#8221;]<\/p>\n<p>\u00d3leo sobre madera<br \/> 180 x 230 cm<br \/> Colecci\u00f3n del Museo de Arte<br \/> del Banco Central de Reserva del Per\u00fa<strong><br \/> 1997<\/strong><\/p>\n<p>[\/et_pb_blurb][\/et_pb_column][\/et_pb_row][et_pb_row _builder_version=&#8221;3.25&#8243; custom_padding=&#8221;28px|||||&#8221;][et_pb_column type=&#8221;4_4&#8243; _builder_version=&#8221;3.25&#8243; custom_padding=&#8221;|||&#8221; custom_padding__hover=&#8221;|||&#8221;][et_pb_blurb title=&#8221;TRAUM I (Sue\u00f1o I)&#8221; url=&#8221;https:\/\/delajara.com\/wp-content\/uploads\/2020\/08\/Traum_I.jpg&#8221; url_new_window=&#8221;on&#8221; image=&#8221;https:\/\/delajara.com\/wp-content\/uploads\/2020\/08\/Traum_I.jpg&#8221; content_max_width=&#8221;78%&#8221; _builder_version=&#8221;4.0.7&#8243; text_orientation=&#8221;center&#8221; link_option_url=&#8221;https:\/\/delajara.com\/wp-content\/uploads\/2020\/08\/Traum_I.jpg&#8221; link_option_url_new_window=&#8221;on&#8221;]<\/p>\n<p>T\u00e9chnica mixta sobre lino<br \/>175 x 170 cm<br \/> Propiedad privada<br \/> Munich<strong><br \/> 1986-88<\/strong><\/p>\n<p>[\/et_pb_blurb][\/et_pb_column][\/et_pb_row][et_pb_row _builder_version=&#8221;3.25&#8243; custom_padding=&#8221;28px|||||&#8221;][et_pb_column type=&#8221;4_4&#8243; _builder_version=&#8221;3.25&#8243; custom_padding=&#8221;|||&#8221; custom_padding__hover=&#8221;|||&#8221;][et_pb_blurb title=&#8221;Pol\u00edptico del bar&#8221; url=&#8221;https:\/\/delajara.com\/wp-content\/uploads\/2020\/08\/Pol\u00edptico-del-bar.jpg&#8221; url_new_window=&#8221;on&#8221; image=&#8221;https:\/\/delajara.com\/wp-content\/uploads\/2020\/08\/Pol\u00edptico-del-bar.jpg&#8221; content_max_width=&#8221;100%&#8221; _builder_version=&#8221;4.0.7&#8243; text_orientation=&#8221;center&#8221; link_option_url=&#8221;https:\/\/delajara.com\/wp-content\/uploads\/2020\/08\/Pol\u00edptico-del-bar.jpg&#8221; link_option_url_new_window=&#8221;on&#8221;]<\/p>\n<p>\u00d3leo sobre lino, meddias variables<br \/> ca. 170 x 500 cm<br \/> Colecci\u00f3n Privada<br \/> Abu Dabi<strong><br \/> 1985-86<\/strong><\/p>\n<p>[\/et_pb_blurb][\/et_pb_column][\/et_pb_row][\/et_pb_section][et_pb_section fb_built=&#8221;1&#8243; admin_label=&#8221;About Me&#8221; module_id=&#8221;instal_en&#8221; _builder_version=&#8221;4.0.7&#8243; global_module=&#8221;608&#8243; saved_tabs=&#8221;all&#8221;][\/et_pb_section][et_pb_section fb_built=&#8221;1&#8243; admin_label=&#8221;About Me&#8221; module_id=&#8221;obra_en&#8221; _builder_version=&#8221;4.0.7&#8243; global_module=&#8221;609&#8243; saved_tabs=&#8221;all&#8221;][et_pb_row _builder_version=&#8221;3.25&#8243; custom_padding=&#8221;50px||&#8221;][et_pb_column type=&#8221;4_4&#8243; _builder_version=&#8221;3.25&#8243; custom_padding=&#8221;|||&#8221; custom_padding__hover=&#8221;|||&#8221;][et_pb_text _builder_version=&#8221;4.0.7&#8243;]<\/p>\n<h1 style=\"text-align: center;\"><a href=\"https:\/\/delajara.com\/wp-content\/uploads\/2020\/07\/Nino.jpg\">P<\/a>RINTS<\/h1>\n<p>[\/et_pb_text][\/et_pb_column][\/et_pb_row][et_pb_row _builder_version=&#8221;3.25&#8243; custom_padding=&#8221;50px||&#8221;][et_pb_column type=&#8221;4_4&#8243; _builder_version=&#8221;3.25&#8243; custom_padding=&#8221;|||&#8221; custom_padding__hover=&#8221;|||&#8221;][et_pb_blurb title=&#8221;Flug&#8221; url=&#8221;https:\/\/delajara.com\/wp-content\/uploads\/2019\/12\/Flug-2003_2.jpg&#8221; url_new_window=&#8221;on&#8221; image=&#8221;https:\/\/delajara.com\/wp-content\/uploads\/2019\/12\/Flug-2003_2.jpg&#8221; content_max_width=&#8221;60%&#8221; _builder_version=&#8221;4.0.7&#8243; text_orientation=&#8221;center&#8221; link_option_url=&#8221;https:\/\/delajara.com\/wp-content\/uploads\/2019\/12\/Flug-2003_2.jpg&#8221; link_option_url_new_window=&#8221;on&#8221; box_shadow_style_image=&#8221;preset3&#8243;]<\/p>\n<p>variable size<br \/> Original Fineart Glicl\u00e8e Print<strong><br \/> <\/strong><\/p>\n<p>[\/et_pb_blurb][\/et_pb_column][\/et_pb_row][et_pb_row _builder_version=&#8221;3.25&#8243; custom_padding=&#8221;50px||&#8221;][et_pb_column type=&#8221;4_4&#8243; _builder_version=&#8221;3.25&#8243; custom_padding=&#8221;|||&#8221; custom_padding__hover=&#8221;|||&#8221;][et_pb_blurb title=&#8221;Seilt\u00e4nzer&#8221; url=&#8221;https:\/\/delajara.com\/wp-content\/uploads\/2019\/12\/seiltaenzer.jpg&#8221; url_new_window=&#8221;on&#8221; image=&#8221;https:\/\/delajara.com\/wp-content\/uploads\/2019\/12\/seiltaenzer.jpg&#8221; content_max_width=&#8221;75%&#8221; _builder_version=&#8221;4.0.7&#8243; text_orientation=&#8221;center&#8221; link_option_url=&#8221;https:\/\/delajara.com\/wp-content\/uploads\/2019\/12\/seiltaenzer.jpg&#8221; link_option_url_new_window=&#8221;on&#8221; box_shadow_style_image=&#8221;preset3&#8243;]<\/p>\n<p>variable size<br \/> Original Fineart Glicl\u00e8e Print<\/p>\n<p>[\/et_pb_blurb][\/et_pb_column][\/et_pb_row][et_pb_row _builder_version=&#8221;3.25&#8243; custom_padding=&#8221;50px||&#8221;][et_pb_column type=&#8221;4_4&#8243; _builder_version=&#8221;3.25&#8243; custom_padding=&#8221;|||&#8221; custom_padding__hover=&#8221;|||&#8221;][et_pb_blurb title=&#8221;Onsen&#8221; url=&#8221;https:\/\/delajara.com\/wp-content\/uploads\/2019\/12\/Onsen-scaled.jpg&#8221; url_new_window=&#8221;on&#8221; image=&#8221;https:\/\/delajara.com\/wp-content\/uploads\/2019\/12\/Onsen-scaled.jpg&#8221; content_max_width=&#8221;45%&#8221; _builder_version=&#8221;4.0.7&#8243; text_orientation=&#8221;center&#8221; link_option_url=&#8221;https:\/\/delajara.com\/wp-content\/uploads\/2019\/12\/Onsen-scaled.jpg&#8221; link_option_url_new_window=&#8221;on&#8221; box_shadow_style_image=&#8221;preset3&#8243;]<\/p>\n<p>variable size<br \/> Original Fineart Glicl\u00e8e Print<\/p>\n<p>[\/et_pb_blurb][\/et_pb_column][\/et_pb_row][et_pb_row _builder_version=&#8221;3.25&#8243; custom_padding=&#8221;50px||&#8221;][et_pb_column type=&#8221;4_4&#8243; _builder_version=&#8221;3.25&#8243; custom_padding=&#8221;|||&#8221; custom_padding__hover=&#8221;|||&#8221;][et_pb_blurb title=&#8221;Mujer y mono&#8221; url=&#8221;https:\/\/delajara.com\/wp-content\/uploads\/2019\/12\/Mujer-y-mono-Schicksal.jpg&#8221; url_new_window=&#8221;on&#8221; image=&#8221;https:\/\/delajara.com\/wp-content\/uploads\/2019\/12\/Mujer-y-mono-Schicksal.jpg&#8221; content_max_width=&#8221;75%&#8221; _builder_version=&#8221;4.0.7&#8243; text_orientation=&#8221;center&#8221; link_option_url=&#8221;https:\/\/delajara.com\/wp-content\/uploads\/2019\/12\/Mujer-y-mono-Schicksal.jpg&#8221; link_option_url_new_window=&#8221;on&#8221; box_shadow_style_image=&#8221;preset3&#8243;]<\/p>\n<p>variable size<br \/> Original Fineart Glicl\u00e8e Print<\/p>\n<p>[\/et_pb_blurb][\/et_pb_column][\/et_pb_row][et_pb_row _builder_version=&#8221;3.25&#8243; custom_padding=&#8221;50px||&#8221;][et_pb_column type=&#8221;4_4&#8243; _builder_version=&#8221;3.25&#8243; custom_padding=&#8221;|||&#8221; custom_padding__hover=&#8221;|||&#8221;][et_pb_blurb title=&#8221;Ausflug&#8221; url=&#8221;https:\/\/delajara.com\/wp-content\/uploads\/2019\/12\/AUSFLUG.jpg&#8221; url_new_window=&#8221;on&#8221; image=&#8221;https:\/\/delajara.com\/wp-content\/uploads\/2019\/12\/AUSFLUG.jpg&#8221; content_max_width=&#8221;55%&#8221; _builder_version=&#8221;4.0.7&#8243; text_orientation=&#8221;center&#8221; link_option_url=&#8221;https:\/\/delajara.com\/wp-content\/uploads\/2019\/12\/AUSFLUG.jpg&#8221; link_option_url_new_window=&#8221;on&#8221; box_shadow_style_image=&#8221;preset3&#8243;]<\/p>\n<p>variable size<br \/> Original Fineart Glicl\u00e8e Print<\/p>\n<p>[\/et_pb_blurb][\/et_pb_column][\/et_pb_row][et_pb_row _builder_version=&#8221;3.25&#8243; custom_padding=&#8221;50px||&#8221;][et_pb_column type=&#8221;4_4&#8243; _builder_version=&#8221;3.25&#8243; custom_padding=&#8221;|||&#8221; custom_padding__hover=&#8221;|||&#8221;][et_pb_blurb title=&#8221;Das Feuer&#8221; url=&#8221;https:\/\/delajara.com\/wp-content\/uploads\/2019\/12\/gal04-das-feuer.jpg&#8221; url_new_window=&#8221;on&#8221; image=&#8221;https:\/\/delajara.com\/wp-content\/uploads\/2019\/12\/gal04-das-feuer.jpg&#8221; content_max_width=&#8221;75%&#8221; _builder_version=&#8221;4.0.7&#8243; text_orientation=&#8221;center&#8221; link_option_url=&#8221;https:\/\/delajara.com\/wp-content\/uploads\/2019\/12\/gal04-das-feuer.jpg&#8221; link_option_url_new_window=&#8221;on&#8221; box_shadow_style_image=&#8221;preset3&#8243;]<\/p>\n<p>Litographie,<br \/>Edici\u00f3n especial de 21 ejemplares<br \/>18 x 22 cm<\/p>\n<p>[\/et_pb_blurb][\/et_pb_column][\/et_pb_row][\/et_pb_section][et_pb_section fb_built=&#8221;1&#8243; admin_label=&#8221;About Me&#8221; module_id=&#8221;text_de&#8221; _builder_version=&#8221;4.0.7&#8243;][et_pb_row module_id=&#8221;statement&#8221; _builder_version=&#8221;4.0.7&#8243; custom_margin=&#8221;|auto||auto||&#8221; custom_padding=&#8221;0px|||||&#8221; locked=&#8221;off&#8221;][et_pb_column type=&#8221;4_4&#8243; _builder_version=&#8221;3.25&#8243; custom_padding=&#8221;|||&#8221; custom_padding__hover=&#8221;|||&#8221;][et_pb_image src=&#8221;https:\/\/delajara.com\/wp-content\/uploads\/2019\/07\/Fernando-DE-LA-JARA.jpg&#8221; align=&#8221;center&#8221; align_tablet=&#8221;center&#8221; align_phone=&#8221;&#8221; align_last_edited=&#8221;on|desktop&#8221; module_id=&#8221;present_de&#8221; _builder_version=&#8221;4.0.7&#8243; background_size=&#8221;initial&#8221; width=&#8221;30%&#8221; custom_margin=&#8221;112px|||||&#8221; custom_padding=&#8221;||31px&#8221; filter_opacity=&#8221;83%&#8221; box_shadow_style=&#8221;preset3&#8243;][\/et_pb_image][\/et_pb_column][\/et_pb_row][et_pb_row _builder_version=&#8221;3.26.3&#8243; custom_margin=&#8221;-41px||&#8221; locked=&#8221;off&#8221;][et_pb_column type=&#8221;4_4&#8243; _builder_version=&#8221;3.25&#8243; custom_padding=&#8221;|||&#8221; custom_padding__hover=&#8221;|||&#8221;][et_pb_text _builder_version=&#8221;3.27.4&#8243; text_font=&#8221;||||||||&#8221; text_font_size=&#8221;17px&#8221; text_line_height=&#8221;1.5em&#8221; header_font=&#8221;||||||||&#8221; text_orientation=&#8221;justify&#8221; width_tablet=&#8221;100%&#8221; width_last_edited=&#8221;off|desktop&#8221; module_alignment=&#8221;left&#8221; custom_padding=&#8221;0px||&#8221; text_font_size_tablet=&#8221;&#8221; text_font_size_phone=&#8221;15px&#8221; text_font_size_last_edited=&#8221;on|desktop&#8221; text_line_height_tablet=&#8221;&#8221; text_line_height_phone=&#8221;1.6em&#8221; text_line_height_last_edited=&#8221;on|desktop&#8221; text_text_align=&#8221;justify&#8221; saved_tabs=&#8221;all&#8221; inline_fonts=&#8221;Trebuchet,Cormorant Garamond,Cormorant Infant&#8221;]<\/p>\n<p><span style=\"font-size: 17px;\"><br \/>Ich verstehe die Malerei und alle visuellen K\u00fcnste, die ich aus\u00fcbe, im Wesentlichen als eine Form, Poesie mit Bildern zu schaffen. Poesie, die durch die Gestalt, das Wort, den Klang oder die Bewegung ausgedr\u00fcckt wird. Poesie, die tr\u00e4chtig ist vom Sinnlichen; wo Wesen und Gegenst\u00e4nde durch einen Blick gestreichelt werden, sich ber\u00fchren, sich schmecken, da sind. Es gibt Mysteri\u00f6ses, Spannung; irgendetwas ist im Gange in jeder Szene, weil die Szenen manchmal nur ein angehaltener Moment sind, der verewigt wird. Nicht wie eine fl\u00fcchtige Momentaufnahme der Wirklichkeit, sondern als Best\u00e4tigung der endlosen Dauer eines Erlebnisses. Das Milchm\u00e4dchen von Vermeer h\u00f6rt nie auf, ihren Krug zu leeren, er quillt st\u00e4ndig und dieses Quellen wartet auf uns, damit wir das Wunder des Quellens verstehen, nur das; dieses Quellen, das uns fragt: \u201eGlaubst du, dass du alles verstanden hast? Nein. Ich bin immer noch hier, ich sprudle weiter und fasziniere dich weiter.\u201c Dieses Paradox ist es, was meine Malerei motiviert.<\/span><\/p>\n<p>Als K\u00fcnstler, der keine Kunstakademie besuchte, f\u00fchrte mich die Entschlossenheit, meiner Berufung zu folgen, zu den Museen der halben Welt, zu den Ateliers der Meister der zeitgen\u00f6ssischen Malerei, wie auch in den Bereich der neuen Medientechnologien. Ich habe mit gro\u00dfem Interesse die Aktualit\u00e4t der zeitgen\u00f6ssischen Kunst verfolgt, ohne mich dabei einem Ismus zugeschrieben zu f\u00fchlen. Ich glaube, ich w\u00fcrde genauso malen, wenn ich vor 400 Jahren geboren worden w\u00e4re oder erst in hundert. Was ich gelernt habe, liegt in jedem Werk und in dem Ausma\u00df, wie sich das Werk selbst erkennt. Deshalb, w\u00e4hrend in den Kunstschulen gelehrt wird, dass eine Landschaft ein waagerechtes Format oder ein Portrait ein senkrechtes haben sollte, malte ich, ohne diese klassischen Gebote zu ber\u00fccksichtigen, senkrechte und runde Landschaften, sowie Werke, die ich \u201eaus moralischen Formen\u201c nenne, Polyptychen, die geschnitten und fragmentiert in den Raum verteilt werden und sich in alle Richtungen wie in einem kinematographischem Schwenk verbreiten, im Sinne ihres unentbehrlichen Bed\u00fcrfnisses nach Komposition und Bilderfahrung.<\/p>\n<p>Das ist der Weg, den ich, seit ich mich erinnern kann, f\u00fcr die Realisierung meines Werkes &#8211; sei es die Malerei, die Bildhauerei oder die Video-Installationen &#8211; genommen habe. \u00dcberw\u00e4ltigt und voller Bewunderung von der Vielfalt der M\u00f6glichkeiten, die sich \u00f6ffnen, um visuelle Poesie in der reinen Sprache, der Malerei zu erschaffen, Das hat eine pr\u00e4verbale Essenz, die vor dem Wort, der Idee oder sogar vor dem Gedanken sichtbar ist; jenem Ort, den wir nur durch einen bescheidenen Pinsel erreichen k\u00f6nnen. Aus all diesen Gr\u00fcnden ergreife ich inmitten dieser s\u00e4kularen und mechanisierten Welt das wundersch\u00f6ne Handwerk des Malens aus der Erinnerung, und in einer Allianz mit \u201eSchwester Ungeschicklichkeit\u201c, derjenigen, die uns erlaubt, uns als Menschen zu erkennen und niemals die Sehnsucht zu verlieren.<\/p>\n<p>Aus diesem prek\u00e4ren Unternehmen, starrk\u00f6pfig und liebevoll, entstehen meine Bilder, meine behauenen Steine, sogar meine multidisziplin\u00e4ren Installationen wie ein kleines Wunder. Ein Werk, wie es der Heilige Augustinus so wirkungsvoll erkl\u00e4rte: \u201eWenn mich niemand danach fragt, wei\u00df ich es; will ich es einem Fragenden erkl\u00e4ren, wei\u00df ich es nicht.\u201c Und es ist gut so, vor allem f\u00fcr mich, aber auch f\u00fcr alle, die mein Werk genie\u00dfen m\u00f6chten.<\/p>\n<p>Fernando de la Jara<\/p>\n<p><span style=\"font-family: Cormorant Infant; font-weight: normal; font-size: large;\"><\/span><\/p>\n<p>[\/et_pb_text][\/et_pb_column][\/et_pb_row][et_pb_row module_id=&#8221;symeon_de&#8221; _builder_version=&#8221;4.0.7&#8243; width_tablet=&#8221;90%&#8221; width_phone=&#8221;100%&#8221; width_last_edited=&#8221;on|desktop&#8221; custom_margin=&#8221;0px||||false|false&#8221; locked=&#8221;off&#8221;][et_pb_column type=&#8221;4_4&#8243; _builder_version=&#8221;3.25&#8243; custom_padding=&#8221;|||&#8221; custom_padding__hover=&#8221;|||&#8221;][et_pb_text _builder_version=&#8221;4.6.3&#8243; text_font=&#8221;||||||||&#8221; text_font_size=&#8221;17px&#8221; text_line_height=&#8221;1.5em&#8221; header_font=&#8221;||||||||&#8221; background_image=&#8221;https:\/\/delajara.com\/wp-content\/uploads\/2019\/07\/2015.-SEDA-light.jpg&#8221; background_position=&#8221;top_center&#8221; text_orientation=&#8221;justify&#8221; width_tablet=&#8221;100%&#8221; width_phone=&#8221;100%&#8221; width_last_edited=&#8221;on|phone&#8221; module_alignment=&#8221;left&#8221; custom_margin_tablet=&#8221;&#8221; custom_margin_phone=&#8221;&#8221; custom_margin_last_edited=&#8221;on|desktop&#8221; custom_padding=&#8221;38px|30px|38px|30px|true|true&#8221; custom_padding_tablet=&#8221;25px||25px||true|true&#8221; custom_padding_phone=&#8221;26px|30px|26px|30px|true|true&#8221; custom_padding_last_edited=&#8221;on|tablet&#8221; text_font_size_tablet=&#8221;&#8221; text_font_size_phone=&#8221;15px&#8221; text_font_size_last_edited=&#8221;on|desktop&#8221; text_line_height_tablet=&#8221;&#8221; text_line_height_phone=&#8221;1.6em&#8221; text_line_height_last_edited=&#8221;on|desktop&#8221; text_text_align=&#8221;justify&#8221; saved_tabs=&#8221;all&#8221; inline_fonts=&#8221;Trebuchet,Cormorant Garamond,Cormorant Infant,Georgia&#8221;]<\/p>\n<h1 style=\"text-align: center;\"><span style=\"font-size: x-large;\">die malerei<\/span><\/h1>\n<h2 style=\"text-align: center;\"><span style=\"font-size: x-large;\"><span class=\"headline\">von <\/span><span class=\"headline\">FERNANDO DE LA JARA<\/span><\/span><\/h2>\n<p style=\"text-align: center;\">\n<p style=\"text-align: center;\"><em>Streben nach dem Wunderbaren.<\/em><br \/> <em>Zartes Gesp\u00fcr und exquisite Neuerschaffung des Sp\u00fcrbaren.<\/em><br \/> <em>Eine Art Poesie, in Form und Farbe, in best\u00e4ndiger Evolution; <\/em><br \/> <em>von der Komplexit\u00e4t zur Einfachheit.<\/em><br \/> <em>Auch die Reinheit der Strichf\u00fchrung die verbl\u00fcfft und bezaubert.<\/em><\/p>\n<p style=\"text-align: center;\"><em>In der Tradition des Abendlandes<\/em><br \/> <em>ist sein Ausdruck durchdrungen vom Wesen Lateinamerikas,<\/em><br \/> <em> Perus, Limas, und tr\u00e4gt Spuren des Nordens Europas und der Sehnsucht nach dem Mittelmeer.<\/em><br \/> <em>Jetzt und immer \u2013 halb Kind, halb J\u00fcngling \u2013 das Erstaunen angesichts des Mysteriums der Dinge.<\/em><br \/> <em>Sorgfalt bei den Details, minuzi\u00f6s neu erschaffen, <\/em><br \/> <em>voller Hingabe f\u00fcr die Herrlichkeit des Wunders.<\/em><br \/> <em>Vom Sichtbaren zum Unsichtbaren.<\/em><\/p>\n<p style=\"text-align: center;\"><em>Faszination f\u00fcr Spitzenbord\u00fcren und Unterr\u00f6cke.<\/em><br \/> <em>Lobgesang auf die holde Weiblichkeit, die Pforte in den erleuchteten Garten der Wonne.<\/em><br \/> <em>Realist, erschafft er die Wirklichkeit neu, <\/em><br \/> <em>nur so, wie sie in seinem Bewusstsein erklingt \u2013 <\/em><br \/> <em>und durchschreitet so die Abstraktion.<\/em><br \/> <em>Zerbrechliche Kreation in dieser heutigen Welt, <\/em><br \/> <em>wo dem Widerhall des Klanges ausgewichen wird: <\/em><br \/> <em>\u201eauf dass nichts in unseren Herzen erklinge\u201c, <\/em><br \/> <em>das scheint die g\u00e4ngige Lehrmeinung zu sein.\u00a0<\/em><br \/> <em>Mit Pinsel und Farbe, meist in \u00d6l, malt er mit Liebe und Rhythmus; <\/em><br \/> <em>in den letzten Jahren greift er in der Malerei auf die Weisheit der Griechen zur\u00fcck <\/em><br \/> <em>und lernt von Polygnot.\u00a0<\/em><\/p>\n<p style=\"text-align: center;\"><em>Sein Werk birgt die geheime Verhei\u00dfung <\/em><br \/> <em>des (nahenden) Fr\u00fchlings.<\/em><\/p>\n<p style=\"text-align: center;\"><span style=\"font-size: large;\"><em><span style=\"font-weight: normal;\">Einsiedlerm\u00f6nch Symeon<\/span><\/em><\/span><br \/> <span style=\"font-size: large;\"> <em><span style=\"font-weight: normal;\">4. September 2001<\/span><\/em><\/span><br \/> <span style=\"font-size: large;\"> <em><span style=\"font-weight: normal;\">Puri, Bali.<\/span><\/em><\/span><\/p>\n<p style=\"text-align: center;\"><span style=\"font-family: Cormorant Infant; font-weight: normal; font-size: large;\"><\/span><\/p>\n<p>[\/et_pb_text][et_pb_text _builder_version=&#8221;4.6.3&#8243; text_font=&#8221;||||||||&#8221; text_font_size=&#8221;17px&#8221; text_line_height=&#8221;1.5em&#8221; header_font=&#8221;||||||||&#8221; text_orientation=&#8221;justify&#8221; width_tablet=&#8221;100%&#8221; width_phone=&#8221;100%&#8221; width_last_edited=&#8221;on|phone&#8221; module_alignment=&#8221;left&#8221; custom_margin_tablet=&#8221;&#8221; custom_margin_phone=&#8221;&#8221; custom_margin_last_edited=&#8221;on|desktop&#8221; custom_padding=&#8221;38px|30px|38px|30px|true|true&#8221; custom_padding_tablet=&#8221;25px||25px||true|true&#8221; custom_padding_phone=&#8221;26px|30px|26px|30px|true|true&#8221; custom_padding_last_edited=&#8221;on|tablet&#8221; text_font_size_tablet=&#8221;&#8221; text_font_size_phone=&#8221;15px&#8221; text_font_size_last_edited=&#8221;on|desktop&#8221; text_line_height_tablet=&#8221;&#8221; text_line_height_phone=&#8221;1.6em&#8221; text_line_height_last_edited=&#8221;on|desktop&#8221; text_text_align=&#8221;justify&#8221; saved_tabs=&#8221;all&#8221; inline_fonts=&#8221;Trebuchet,Cormorant Garamond,Cormorant Infant,Georgia&#8221;]<\/p>\n<h1 style=\"text-align: center;\">Heterodoxie und Permanenz<\/h1>\n<h2 style=\"text-align: center;\"><span class=\"headline\"><\/span><span class=\"headline\">FERNANDO DE LA JARA<\/span><\/h2>\n<p><span class=\"headline\"><\/span><\/p>\n<p class=\"western\" lang=\"es-ES\">Die Heterodoxie in der Welt der Kunst ist oft ein einsamer und steiniger Weg. Doch ohne diese einzigartigen K\u00fcnstler, die hartn\u00e4ckig darauf bestehen, den Weg auf ihre Art zu gehen, w\u00e4re die Geschichte der Kunst nur eine modulierte Aufeinanderfolge von vor\u00fcbergehenden Trends. Ein normales Enzephalogramm, lebendig aber ohne H\u00f6hen und Tiefen. Giorgio Morandi, Balthus, Edward Hopper, Georgia O\u2019Keefe, Frida Kahlo, De Chirico, Louise Bourgeois, Hieronymus Bosch, El Greco, arbeiteten eine lange Zeit verkannt oder untersch\u00e4tzt und dabei erschufen sie durch ihre Kunst eine eigene Welt.<\/p>\n<p>Auf diesem Seitenweg kann man das Werk und die Pers\u00f6nlichkeit von Fernando de la Jara (Lima, 1948) einordnen.<\/p>\n<p>\u201eIn der heutigen Welt, in der die Malerei auf einem zweidimensionalen Tr\u00e4ger ein Ziel f\u00fcr reduktive Auslegungen ist wenn sie in Zusammenhang mit anderen visuellen Medien gebracht wird, in denen Figuren in Bewegung vorhanden sind, ist Fernando de la Jara ein Ausnahmefall unter den Sch\u00f6pfern\u201c, schreibt der Kritiker und Kurator Jorge Villacorta. \u201eDe la Jara betrachtet sich selbst haupts\u00e4chlich als Maler, einer, der das durch Berufung und aus \u00dcberzeugung geworden ist. Trotzdem ist die Kunst f\u00fcr ihn nicht nur seine Subjektivit\u00e4t, sondern die Welt des Experimentierens und der Entdeckung vitaler Koordinaten. Die Welt, die ihm geh\u00f6rt, die er t\u00e4glich aufbaut, indem er vorgefasste Auffassungen \u00fcber die Kunst der Malerei einer Pr\u00fcfung unterzieht, beruht auf einer aus einer ethischen Haltung angenommenen Vorgehensweise, die mittels einer darstellenden figurativen Arbeit die \u00dcberraschung eines Blickes neu einf\u00fchrt, der sich bem\u00fcht, die Wirklichkeit wieder zu erlangen und zu reflektieren und daf\u00fcr eine neue Bedeutung zu finden.<br \/> Ein anderer hervorragender Intellektueller und Kunstkritiker, Mirko Lauer, schreibt: \u201eFernando de la Jara ist ein K\u00fcnstler, der die Wahrheit und die Sch\u00f6nheit durch seltsame Zeiten und R\u00e4ume verfolgt hat. (\u2026) Von allen figurativen Malern unserer republikanischen Geschichte in Peru ist er derjenige, der eine vielf\u00e4ltigere, vielsagendere und hermetischere Welt kreiert hat. Die visuelle Wirkung seines Realismus steht in den Diensten von immer beunruhigenden, immer poetischen Geschichten. In der Gesamtheit betrachtet str\u00f6mt das Werk De la Jaras Unheimlichkeit aus, im Sinne einer Befremdung der Welt gegen\u00fcber, die aus dem Staunen entstanden ist. Seine Bilder erwecken die Komplizenschaft des Betrachters, aber ohne ihre ganzen Geheimnisse offen zu legen\u201d.<\/p>\n<p>Die echten Heterodoxen sind nicht immer leicht zu erkennen. Ihre \u00dcberschreitung und Rarit\u00e4t entstehen wie eine intime Berufung und nicht aus einer kalkulierten Strategie. Deshalb ist es ratsam, nicht dem einfachen Gedanken zu verfallen, diesen K\u00fcnstler im Rahmen der st\u00f6rrischen Nostalgiker der realistischen Malerei zu betrachten, nur weil er tats\u00e4chlich realistisch malt. Bewahrer von bereits verbl\u00fchten Essenzen. Das Werk von Fernando de la Jara st\u00fctzt sich nicht nur auf die Erscheinungsform der Realit\u00e4t, sondern auch auf ihre Bedeutung, ihre Tiefe und ihr Geheimnis. Deshalb ist er ein K\u00fcnstler der Eingebung, nicht des Erfindens. Kenner und Gelehrter des Handwerks der Malerei ist er deshalb weit entfernt von leerer Virtuosit\u00e4t. Offen f\u00fcr die Mittel dessen, was er \u201edie Schwester Ungeschicklichkeit\u201c nennt, nimmt er die Unvollkommenheit an wenn dies notwendig ist, um den malerischen Erfolg zu st\u00e4rken. Eine Ann\u00e4herung an sein Werk erfordert einen langsamen Blick, eine Komplizenschaft als Betrachter. Es ist eine Malerei um sie anzuschauen, um mit ihr zu leben.<\/p>\n<p>Vielleicht ist die Stunde gekommen, die Malerei aus dem Strafraum zu holen, sagt Jerry Saltz, Veteran \u2014 und heterodoxer \u2014 Kunstkritiker des New Yorker und der Village Voice. In seiner Kritik der Whitney-Biennale 2019 zieht er folgende Schlussfolgerung: \u201eDer gr\u00f6\u00dfte Schwachpunkt dieser Biennale ist im allgemeinen die Malerei. (\u2026) Hier wurde eine gro\u00dfe Gelegenheit verpasst, wodurch die au\u00dfergew\u00f6hnliche Lebendigkeit, die die Welt der Malerei gerade erlebt, ungl\u00fccklicherweise vernachl\u00e4ssigt wird. Was ist heutzutage los mit den Kuratoren, dass sie so unsicher, so merkw\u00fcrdig abgeneigt oder lustlos wirken gegen\u00fcber der aus der Malerei entstandenen alten psychischen Alchemie? Dieses akademische Vorurteil muss aufh\u00f6ren!\u201d<br \/> Sei es wie es sei, die Kunst beruht auf der Erkenntnis. Und es wird immer n\u00f6tiger, den Blick und den Verstand zu sch\u00e4rfen, um das Authentische von der Ableitung zu unterscheiden. De la Jara ist ein K\u00fcnstler, der immer wieder neu entdeckt werden kann. Er offenbart sich in jedem Werk.<br \/> Fietta Jarque,\u00a0Kunstpublizistin und Schriftstellerin<\/p>\n<p>&nbsp;<\/p>\n<p>[\/et_pb_text][\/et_pb_column][\/et_pb_row][\/et_pb_section][et_pb_section fb_built=&#8221;1&#8243; admin_label=&#8221;About Me&#8221; module_id=&#8221;indivi_de&#8221; _builder_version=&#8221;4.0.7&#8243;][et_pb_row _builder_version=&#8221;3.26.3&#8243; custom_padding=&#8221;25px|||||&#8221; locked=&#8221;off&#8221;][et_pb_column type=&#8221;4_4&#8243; _builder_version=&#8221;3.25&#8243; custom_padding=&#8221;|||&#8221; custom_padding__hover=&#8221;|||&#8221;][et_pb_text _builder_version=&#8221;3.27.4&#8243; text_font=&#8221;||||||||&#8221; text_font_size=&#8221;17px&#8221; header_font=&#8221;||||||||&#8221; text_orientation=&#8221;justify&#8221; width_tablet=&#8221;100%&#8221; width_last_edited=&#8221;off|desktop&#8221; module_alignment=&#8221;left&#8221; custom_margin=&#8221;||-6px|||&#8221; text_font_size_tablet=&#8221;&#8221; text_font_size_phone=&#8221;15px&#8221; text_font_size_last_edited=&#8221;on|desktop&#8221; text_line_height_tablet=&#8221;&#8221; text_line_height_phone=&#8221;1.6em&#8221; text_line_height_last_edited=&#8221;on|desktop&#8221; text_text_align=&#8221;justify&#8221; saved_tabs=&#8221;all&#8221; inline_fonts=&#8221;Trebuchet,Cormorant Garamond,Cormorant Infant&#8221;]<\/p>\n<h1 style=\"text-align: center;\">Individuelle Ausstellungen<\/h1>\n<p>[\/et_pb_text][et_pb_text _builder_version=&#8221;4.6.3&#8243; text_font=&#8221;||||||||&#8221; text_font_size=&#8221;20px&#8221; text_line_height=&#8221;1.4em&#8221; header_font=&#8221;||||||||&#8221; background_position=&#8221;top_center&#8221; text_orientation=&#8221;justify&#8221; width_tablet=&#8221;100%&#8221; width_last_edited=&#8221;off|desktop&#8221; module_alignment=&#8221;left&#8221; custom_padding=&#8221;0px|||||&#8221; hover_enabled=&#8221;0&#8243; text_font_size_tablet=&#8221;&#8221; text_font_size_phone=&#8221;15px&#8221; text_font_size_last_edited=&#8221;on|phone&#8221; text_line_height_tablet=&#8221;&#8221; text_line_height_phone=&#8221;1.7em&#8221; text_line_height_last_edited=&#8221;on|desktop&#8221; text_text_align=&#8221;justify&#8221; global_module=&#8221;1191&#8243; saved_tabs=&#8221;all&#8221; inline_fonts=&#8221;Trebuchet,Cormorant Garamond,Cormorant Infant&#8221; sticky_enabled=&#8221;0&#8243;]<\/p>\n<p style=\"text-align: center;\"><strong><\/strong><\/p>\n<p style=\"text-align: center;\"><strong> <\/strong><\/p>\n<p style=\"text-align: center;\"><strong>2021<\/strong><strong><br \/><\/strong><span><em>Museum Stadtm\u00fchle, Pappenheim<br \/><\/em><\/span><strong>2019<br \/> <\/strong><span><\/span><span> Galer\u00eda Enlace, Lima, Per\u00fa. <em>El deseo y la memoria<\/em><br \/> <\/span><span><strong>2017<\/strong><br \/> Tage des offenen Ateliers, Oettingen<br \/> <strong>2015<\/strong><br \/> Galer\u00eda Enlace, Lima. <\/span><em><span>Celebraci\u00f3n<\/span><\/em><span><br \/> <strong>2013<\/strong><br \/> <\/span><span>Galerie Dr. Erdel, Regensburg. <em>Der Magische Moment<br \/> <\/em><strong>2012<\/strong><br \/> Salon Clemensstrase 9, M\u00fcnchen<br \/> <strong>2011<\/strong><br \/> Centro Cultural Inca Garcilaso del Ministerio de Relaciones Exteriores del Per\u00fa.<br \/> <em>Conversaci\u00f3n en silencio\u00a0<\/em>(con la poes\u00eda del poeta Per\u00faano-griego Symeon)<br \/> <strong>2011<\/strong><br \/> Galer\u00eda Luc\u00eda de la Puente, Lima, Per\u00fa. <em>De la Jara \u2013 Poes\u00eda Visual<br \/> <\/em><strong>2010<\/strong><br \/> Galer\u00eda de Arte del Cultural Peruano Norteamericano, Arequipa. <em>Pintura Poes\u00eda<\/em><br \/> <strong>2010<\/strong><br \/> Alte Schranne, N\u00f6rdlingen. <em>Ausflug <\/em><br \/> <strong>2010<\/strong><br \/> Salon Clemensstrasse 9, M\u00fcnchen. <em>Sommerausstellung<\/em><br \/> <strong>2009<\/strong><br \/> Galer\u00eda Luc\u00eda de la Puente, Lima. <em>T\u00fa Eres Piedra<\/em>, Sala de proyectos especiales<br \/> <strong>2009<\/strong><br \/> Salon Clemensstrasse 9, M\u00fcnchen<br \/> <strong>2008<\/strong><br \/> Galerie Sch\u00fcller, M\u00fcnchen<br \/> <strong>2007<\/strong><br \/> Consultor\u00eda de Arte Luc\u00eda de la Puente, Lima, Per\u00fa<br \/> <\/span><strong>2006<\/strong><br \/> KunstMuseum Donau-Ries, Wemding<br \/> <strong>2004<\/strong><br \/> Galerie am Neuen Rathaus, Wei\u00dfenburg<br \/> <strong>2004<\/strong><br \/> Galerie am Eichholz, Murnau<br \/> <strong>2004<\/strong><br \/> Schloss Windthurn, Windthurn<br \/> <strong>2003<\/strong><br \/> Kloster Heidenheim, Heidenheim<br \/> <strong>2003<\/strong><br \/> Stadtmuseum, Bad T\u00f6lz<br \/> <strong>2003<\/strong><br \/> Stadtmuseum, Gunzenhausen<br \/> <strong>2002<\/strong><br \/> Museum an der Stadtm\u00fchle, Pappenheim<br \/> <strong>1999<\/strong><br \/> Consultor\u00eda de Arte Luc\u00eda de la Puente, Lima, Per\u00fa<br \/> <strong>1997<\/strong><br \/> I. Bienal de Arte de Lima, Per\u00fa.<span>Invitado especial<br \/> <strong>1995<\/strong><br \/> Galerieim Schloss Bad Pyrmont, Bad Pyrmont\/ Hannover<br \/> <strong>1992<\/strong><br \/> Galerie Altes Feuerwehrhaus, Kreuztal Galerie ZAK,<br \/> Herford Galerie des Kulturamts, Maintal\/Frankfurt<br \/> <strong>1991<\/strong><br \/> GalerieGlasnost, N\u00fcrnberg<br \/> <strong>1990<\/strong><br \/> GalerieMicado, Bonn<br \/> <strong>1989<\/strong><br \/> GaleriaSa Pleta Freda, Mallorca. <\/span><span>Curada por Miguel Cervera,<br \/> Director de la Fundaci\u00f3n Joan Mir\u00f3, Mallorca <\/span><\/p>\n<p style=\"text-align: center;\"><span>\u00a0\u00a0\u00a0\u00a0\u00a0\u00a0\u00a0\u00a0\u00a0\u00a0\u00a0\u00a0\u00a0\u00a0 <\/span>Spanisches Kulturinstitut, M\u00fcnchen.<\/p>\n<p style=\"text-align: center;\"><span>\u00a0<\/span><em>Der Kanon des Windes.\u00a0<\/em>Haus des Gastes, Eichst\u00e4tt, Alemania<br \/> <span><strong>1988<\/strong><br \/> Galerieder Volksbank,Eichst\u00e4tt.<br \/> <\/span><strong>1981<\/strong><br \/> Galer\u00eda Yvonne Brice\u00f1o, Lima, Per\u00fa<br \/> <span><strong>1977<\/strong><br \/> Galer\u00eda Yvonne Brice\u00f1o, Lima, Per\u00fa<\/span><\/p>\n<p style=\"text-align: center;\"><span>INSTALACIONES<\/span><\/p>\n<p style=\"text-align: center;\"><span><strong>2011<\/strong><br \/> Videoinstalaci\u00f3n <em>Olas orantes olas<\/em>, Exposici\u00f3n <em>Conversaci\u00f3n en silencio<\/em>.<br \/> Centro Cultural Inca Garcilaso, Lima<br \/> <strong>2006<\/strong><br \/> Videoinstalaci\u00f3n <em>Das Lied des Blutes<\/em>, KunstMuseum\u00a0\u00a0 \u00a0\u00a0Donau-Ries<br \/> <strong>1997<\/strong><br \/> Videoinstalaci\u00f3n <em>Sangre Sabia<\/em>, I Bienal de Arte de Lima, Lima, Per\u00fa<br \/> <strong>1992<\/strong><br \/> Bonn, <em>Das Lied des Blutes<\/em>y <em>Die Uhr Videoinstallationen<\/em>.<br \/> <\/span>Galerie Glasnost, N\u00fcrnberg<span><br \/> <strong>1992<\/strong><br \/> Installation <em>Pachamama.\u00a0 Mutter-Erde<\/em>. Ingoldstadt, N\u00fcrnberg, und K\u00fcnstlerforum<br \/> <strong>1991<\/strong><br \/> Multimedia-Installation<em>Der vierte Blick<\/em>. <\/span><span>Galerie Micado, Sankt Augustin bei Bonn<\/span><\/p>\n<p style=\"text-align: center;\"><span>EXPOSICIONES COLECTIVAS<\/span><\/p>\n<p style=\"text-align: center;\"><span><strong>2018<\/strong><br \/> Galerie Fondation Taylor, <em>L\u2019art contemporain P\u00e9ruvien<br \/> <\/em><strong>2017<\/strong><br \/> Salon Clemensstrase 9, M\u00fcnchen<br \/> <strong>2017<\/strong><br \/> Galer\u00eda del Caf\u00e9 Literario Rilke, Lima. <em>Comparart 2017<\/em><br \/> <strong>2016<\/strong><br \/> Museo de la Naci\u00f3n, Lima<br \/> <strong>2015<\/strong><br \/> Grand Palais, Paris. <\/span><em><span>Comparaisons 2015<\/span><\/em><span><br \/> <strong>2014<\/strong><br \/> Museo de la Naci\u00f3n, Lima. <em>Comparart<\/em><br \/> <strong>2014<\/strong><br \/> Grand Palais, Paris. <em>Comparaisons 2014<br \/> <\/em><\/span><span><strong>2010<\/strong><br \/> Galeria Luc\u00eda de la Puente, Lima. <em>15. Aniversario de la galer\u00eda<\/em><br \/> <strong>2007<\/strong><br \/> Galerie Seidelstrasse, Murnau<br \/> <strong>2006<\/strong><br \/> Galerie Bernd D\u00fcrr, M\u00fcnchen<br \/> <strong>2005<\/strong><br \/> Galer\u00eda Luc\u00eda de la Puente, Lima, Per\u00fa<br \/> <strong>2005<\/strong><br \/> Museum an der Stadtm\u00fchle, Pappenheim<br \/> <strong>2005<\/strong><br \/> Galerie Seidlstrasse, Murnau<br \/> <strong>2004<\/strong><br \/> Galer\u00eda de la Embajada del Per\u00fa, Washington D.C.<br \/> <\/span><span><strong>2003<\/strong><br \/> Galerie Bernd D\u00fcrr, M\u00fcnchen<br \/> <strong>2000<\/strong><br \/> Elite Fine Arts, Coral Gables, Florida<br \/> <strong>2000<\/strong><br \/> Germanisches Nationalmuseum, N\u00fcrnberg<br \/> <strong>1993<\/strong><br \/> Haus der Kunst,M\u00fcnchen<br \/> <strong>1992<\/strong><br \/> Galerie des Gasteigs, M\u00fcnchen. <em>Mythen einer Identit\u00e4t<br \/> <\/em>Goethe Institut, Frankfurt<br \/> <em>Mythen einer Identit\u00e4t\u00a0<\/em>Autoren-Galerie, M\u00fcnchen<br \/> <em>Bilder, Briefe, Noten XXIII<\/em>, Galerie Harderbastei, Ingolstadt<br \/> K\u00fcnstlerforum,Bonn. <\/span><em><span>Pachamama- Mutter Erde<\/span><\/em><span><br \/> <strong>1991<\/strong><br \/> Galerie der Sparkasse, Ingolstadt.Spanisches Kulturinstitut, M\u00fcnchen<br \/> <strong>1990<\/strong><br \/> Arte Galerie N, M\u00fcnchen. <em>Kontakt<br \/> <\/em>Galerie Couleur, Rosenheim. <em>Grenzenlos<\/em><br \/> <strong>1989<\/strong><br \/> Haus des Gastes, Eichst\u00e4tt. <em>Art Experiment<\/em><br \/> <strong>1988<\/strong><br \/> Schlo\u00df Gr\u00fcnau, Neuburg an der Donau<br \/> <strong>1984<\/strong><br \/> Galer\u00eda La Molina, Lima, Per\u00fa<br \/> <strong>1983<\/strong><br \/> Galer\u00eda Trapecio, Lima, Per\u00fa. <\/span><em><span>Pintura realista contempor\u00e1nea<\/span><\/em><span><br \/> <strong>1982<\/strong><br \/> Galer\u00eda Trilce, Lima, Per\u00fa<br \/> <strong>1979<\/strong><br \/> Galer\u00eda La Rama Dorada, Lima, Per\u00fa<br \/> <strong>1978<\/strong><br \/> Galer\u00eda Banco Continental, Lima. El arte del dibujo<br \/> <strong>1977<\/strong><br \/> Galer\u00eda YvonneBrice\u00f1o, Lima. <em>J\u00f3venes pintores<br \/> <\/em><strong>1976<\/strong><br \/> Galer\u00eda Astrolabio, Lima<em>, El arte de la<\/em><em>Naturaleza muerta<\/em><br \/> <strong>1975<\/strong><br \/> Galer\u00eda Astrolabio, Lima, Per\u00fa. <em>Pintura Moderna peruana<\/em><br \/> <strong>1975<\/strong><br \/> XI Bienal de arte, Cuzco<\/span><\/p>\n<p style=\"text-align: center;\"><span>OBRA EN ESPACIO P\u00daBLICO<\/span><\/p>\n<p style=\"text-align: center;\"><span><strong>2003<\/strong><br \/> <em>Laufendes Kind (Ni\u00f1o caminando<\/em>),<br \/> Escultura en bronce y granito, Marktplatz, Bad T\u00f6lz, Alemania<br \/> <\/span><span><strong>2001<\/strong><br \/> <em>\u201a\u041f\u2019 (Chac\u00e1n<\/em>): Esculturaen m\u00e1rmol rojode<br \/> Verona (4,20 x 1,70 x 1,70m), T\u00fcbingen, Alemania<br \/> <\/span><strong>1999<\/strong><br \/> <em>El Deseo y la Memoria<\/em>. Escultura en granito.<br \/> Jardines de la Residencia, entrada al edificio del Instituto Max Plank, Munich<br \/> <strong>1996<\/strong><br \/> <em>Wandmalerei und Gestaltung der Eingangshalle<\/em>, Grundschule Langenaltheim<\/p>\n<p style=\"text-align: center;\"><span>ALGUNAS CUBIERTAS DE LIBROS<\/span><\/p>\n<p style=\"text-align: center;\"><span><strong>2004<\/strong><br \/> WitoldGombrowicz, <em>Pornographie<\/em>, Hanser Verlag, Munich<br \/> <strong>2003<\/strong><br \/> Per Olov Enquist, <em>LewisReise<\/em>, Hanser Verlag, Munich<br \/> <strong>2002<\/strong><br \/> Ivan Klima, <em>Liebesgespr\u00e4che<\/em>, Paul Zsolnay Verlag, Viena<br \/> <strong>1979<\/strong><br \/> Guillermo Thorndike, cubiertas de la tetralog\u00eda <em>1879:<br \/> El Viaje de Prado, Vienen los Chilenos<\/em><\/span><\/p>\n<p style=\"text-align: center;\"><span>\u00a0<\/span><\/p>\n<p>[\/et_pb_text][\/et_pb_column][\/et_pb_row][\/et_pb_section][et_pb_section fb_built=&#8221;1&#8243; admin_label=&#8221;About Me&#8221; module_id=&#8221;expo_en&#8221; _builder_version=&#8221;3.26.3&#8243; custom_padding=&#8221;0px|||||&#8221; global_module=&#8221;610&#8243; saved_tabs=&#8221;all&#8221;][\/et_pb_section][et_pb_section fb_built=&#8221;1&#8243; admin_label=&#8221;Video&#8221; module_id=&#8221;video_en&#8221; _builder_version=&#8221;3.26.3&#8243; custom_padding=&#8221;||90px|||&#8221; global_module=&#8221;611&#8243; saved_tabs=&#8221;all&#8221; locked=&#8221;off&#8221;][et_pb_row column_structure=&#8221;2_5,3_5&#8243; _builder_version=&#8221;3.25&#8243; custom_padding=&#8221;0px|40px|0px|40px|true|true&#8221; border_width_all=&#8221;1px&#8221; border_color_all=&#8221;rgba(0,0,0,0.18)&#8221;][et_pb_column type=&#8221;2_5&#8243; _builder_version=&#8221;3.25&#8243; custom_padding=&#8221;|||&#8221; custom_padding__hover=&#8221;|||&#8221;][et_pb_text _builder_version=&#8221;3.27.4&#8243; text_font=&#8221;Muli||||||||&#8221; text_font_size=&#8221;17px&#8221; text_line_height=&#8221;2em&#8221; header_font=&#8221;||||||||&#8221; header_3_font=&#8221;Montserrat|600|||||||&#8221; header_3_font_size=&#8221;70px&#8221; header_3_line_height=&#8221;1.2em&#8221; background_color=&#8221;#ffffff&#8221; background_color_gradient_direction=&#8221;90deg&#8221; max_width=&#8221;700px&#8221; custom_margin=&#8221;||80px|-70px||&#8221; custom_margin_tablet=&#8221;0px||20px&#8221; custom_margin_phone=&#8221;|||-56px&#8221; custom_margin_last_edited=&#8221;on|phone&#8221; custom_padding=&#8221;24px||24px||true|&#8221; text_font_size_tablet=&#8221;&#8221; text_font_size_phone=&#8221;15px&#8221; text_font_size_last_edited=&#8221;on|desktop&#8221; text_line_height_tablet=&#8221;&#8221; text_line_height_phone=&#8221;1.7em&#8221; text_line_height_last_edited=&#8221;on|phone&#8221; header_3_font_size_tablet=&#8221;50px&#8221; header_3_font_size_phone=&#8221;30px&#8221; header_3_font_size_last_edited=&#8221;on|phone&#8221; locked=&#8221;off&#8221;]<\/p>\n<h3><\/h3>\n<h4 class=\"et_pb_module_header et-fb-editable-element et-fb-editable-element__editing\" data-shortcode-id=\"6.3.0.0-1591963569013\" data-quickaccess-id=\"header\" contenteditable=\"true\"><span style=\"font-size: large;\">Das lied der frau<\/p>\n<p><\/span><\/h4>\n<p>[\/et_pb_text][\/et_pb_column][et_pb_column type=&#8221;3_5&#8243; _builder_version=&#8221;3.25&#8243; custom_padding=&#8221;|||&#8221; custom_padding__hover=&#8221;|||&#8221;][ba_video_popup image=&#8221;https:\/\/delajara.com\/wp-content\/uploads\/2019\/06\/gal04-flug-e1560416130130.jpg&#8221; icon=&#8221;5&#8243; type=&#8221;vm&#8221; video_link=&#8221;https:\/\/vimeo.com\/518776719&#8243; img_height=&#8221;382px&#8221; icon_color=&#8221;#e02b20&#8243; _builder_version=&#8221;4.6.3&#8243; _module_preset=&#8221;default&#8221;][\/ba_video_popup][\/et_pb_column][\/et_pb_row][et_pb_row _builder_version=&#8221;4.0.7&#8243;][et_pb_column type=&#8221;4_4&#8243; _builder_version=&#8221;4.0.7&#8243;][\/et_pb_column][\/et_pb_row][et_pb_row column_structure=&#8221;2_5,3_5&#8243; _builder_version=&#8221;3.25&#8243; custom_padding=&#8221;0px|40px|0px|40px|true|true&#8221; border_width_all=&#8221;1px&#8221; border_color_all=&#8221;rgba(0,0,0,0.18)&#8221;][et_pb_column type=&#8221;2_5&#8243; _builder_version=&#8221;3.25&#8243; custom_padding=&#8221;|||&#8221; custom_padding__hover=&#8221;|||&#8221;][et_pb_text _builder_version=&#8221;4.0.7&#8243; text_font=&#8221;Muli||||||||&#8221; text_font_size=&#8221;17px&#8221; text_line_height=&#8221;2em&#8221; header_font=&#8221;||||||||&#8221; header_3_font=&#8221;Montserrat|600|||||||&#8221; header_3_font_size=&#8221;70px&#8221; header_3_line_height=&#8221;1.2em&#8221; background_color=&#8221;#ffffff&#8221; background_color_gradient_direction=&#8221;90deg&#8221; max_width=&#8221;700px&#8221; custom_margin=&#8221;||80px|-70px||&#8221; custom_margin_tablet=&#8221;0px||20px&#8221; custom_margin_phone=&#8221;|||-56px&#8221; custom_margin_last_edited=&#8221;on|phone&#8221; custom_padding=&#8221;24px||24px||true|&#8221; text_font_size_tablet=&#8221;&#8221; text_font_size_phone=&#8221;15px&#8221; text_font_size_last_edited=&#8221;on|desktop&#8221; text_line_height_tablet=&#8221;&#8221; text_line_height_phone=&#8221;1.7em&#8221; text_line_height_last_edited=&#8221;on|phone&#8221; header_3_font_size_tablet=&#8221;50px&#8221; header_3_font_size_phone=&#8221;30px&#8221; header_3_font_size_last_edited=&#8221;on|phone&#8221; locked=&#8221;off&#8221;]<\/p>\n<h3><\/h3>\n<h4 class=\"et_pb_module_header et-fb-editable-element et-fb-editable-element__editing\" data-shortcode-id=\"6.3.0.0-1591963569013\" data-quickaccess-id=\"header\" contenteditable=\"true\"><span style=\"font-size: large;\">CELEBRACI\u00d3N<\/span><\/h4>\n<p>&nbsp;<\/p>\n<p>[\/et_pb_text][\/et_pb_column][et_pb_column type=&#8221;3_5&#8243; _builder_version=&#8221;3.25&#8243; custom_padding=&#8221;|||&#8221; custom_padding__hover=&#8221;|||&#8221;][ba_video_popup image=&#8221;https:\/\/delajara.com\/wp-content\/uploads\/2019\/07\/La-noche-201446x45x10.jpg&#8221; icon=&#8221;5&#8243; type=&#8221;vm&#8221; video_link=&#8221;https:\/\/vimeo.com\/518776719&#8243; img_height=&#8221;382px&#8221; icon_color=&#8221;#e02b20&#8243; _builder_version=&#8221;4.6.3&#8243; _module_preset=&#8221;default&#8221;][\/ba_video_popup][\/et_pb_column][\/et_pb_row][et_pb_row column_structure=&#8221;2_5,3_5&#8243; _builder_version=&#8221;3.25&#8243; min_height=&#8221;318px&#8221; custom_margin=&#8221;61px|auto||auto||&#8221; custom_padding=&#8221;0px|40px|0px|40px|true|true&#8221; border_width_all=&#8221;1px&#8221; border_color_all=&#8221;rgba(0,0,0,0.18)&#8221;][et_pb_column type=&#8221;2_5&#8243; _builder_version=&#8221;3.25&#8243; custom_padding=&#8221;|||&#8221; custom_padding__hover=&#8221;|||&#8221;][et_pb_text _builder_version=&#8221;4.0.7&#8243; text_font=&#8221;Muli||||||||&#8221; text_font_size=&#8221;17px&#8221; text_line_height=&#8221;2em&#8221; header_font=&#8221;||||||||&#8221; header_3_font=&#8221;Montserrat|600|||||||&#8221; header_3_font_size=&#8221;70px&#8221; header_3_line_height=&#8221;1.2em&#8221; background_color=&#8221;#ffffff&#8221; background_color_gradient_direction=&#8221;90deg&#8221; max_width=&#8221;700px&#8221; custom_margin=&#8221;||80px|-70px||&#8221; custom_margin_tablet=&#8221;0px||20px&#8221; custom_margin_phone=&#8221;|||-56px&#8221; custom_margin_last_edited=&#8221;on|phone&#8221; custom_padding=&#8221;24px||24px||true|&#8221; text_font_size_tablet=&#8221;&#8221; text_font_size_phone=&#8221;15px&#8221; text_font_size_last_edited=&#8221;on|desktop&#8221; text_line_height_tablet=&#8221;&#8221; text_line_height_phone=&#8221;1.7em&#8221; text_line_height_last_edited=&#8221;on|phone&#8221; header_3_font_size_tablet=&#8221;50px&#8221; header_3_font_size_phone=&#8221;30px&#8221; header_3_font_size_last_edited=&#8221;on|phone&#8221; locked=&#8221;off&#8221;]<\/p>\n<h3><\/h3>\n<h4 class=\"et_pb_module_header et-fb-editable-element et-fb-editable-element__editing\" data-shortcode-id=\"6.3.0.0-1591963569013\" data-quickaccess-id=\"header\" contenteditable=\"true\"><span style=\"font-size: large;\">ALL THE ANGELS COME<\/span><\/h4>\n<p>&nbsp;<\/p>\n<p>[\/et_pb_text][\/et_pb_column][et_pb_column type=&#8221;3_5&#8243; _builder_version=&#8221;3.25&#8243; custom_padding=&#8221;|||&#8221; custom_padding__hover=&#8221;|||&#8221;][\/et_pb_column][\/et_pb_row][\/et_pb_section][et_pb_section fb_built=&#8221;1&#8243; module_id=&#8221;kontakt&#8221; _builder_version=&#8221;4.0.7&#8243;][et_pb_row _builder_version=&#8221;4.0.7&#8243;][et_pb_column type=&#8221;4_4&#8243; _builder_version=&#8221;4.0.7&#8243;][et_pb_text _builder_version=&#8221;4.0.7&#8243;]<\/p>\n<h1>Kontakt<\/h1>\n<p><a href=\"mailto:info@delajara.com\">info@delajara.com<\/a><\/p>\n<p>&nbsp;<\/p>\n<p>[\/et_pb_text][et_pb_contact_form email=&#8221;info@delajara.com&#8221; submit_button_text=&#8221;Abschicken&#8221; admin_label=&#8221;kontakt&#8221; _builder_version=&#8221;4.0.7&#8243; custom_button=&#8221;on&#8221; button_text_color=&#8221;#e09900&#8243;][et_pb_contact_field field_id=&#8221;Anrede&#8221; field_title=&#8221;Anrede&#8221; max_length=&#8221;4&#8243; required_mark=&#8221;off&#8221; fullwidth_field=&#8221;on&#8221; _builder_version=&#8221;4.0.7&#8243; max_width=&#8221;20%&#8221;][\/et_pb_contact_field][et_pb_contact_field field_id=&#8221;Vorname&#8221; field_title=&#8221;Vorname&#8221; max_length=&#8221;20&#8243; required_mark=&#8221;off&#8221; _builder_version=&#8221;4.0.7&#8243; max_width=&#8221;50%&#8221;][\/et_pb_contact_field][et_pb_contact_field field_id=&#8221;Nachname&#8221; field_title=&#8221;Nachname&#8221; max_length=&#8221;20&#8243; required_mark=&#8221;off&#8221; _builder_version=&#8221;4.0.7&#8243; width=&#8221;100%&#8221; max_width=&#8221;50%&#8221; module_alignment=&#8221;left&#8221;][\/et_pb_contact_field][et_pb_contact_field field_id=&#8221;Strasse&#8221; field_title=&#8221;Stra\u00dfe&#8221; max_length=&#8221;20&#8243; allowed_symbols=&#8221;letters&#8221; required_mark=&#8221;off&#8221; _builder_version=&#8221;4.0.7&#8243; max_width=&#8221;50%&#8221;][\/et_pb_contact_field][et_pb_contact_field field_id=&#8221;plz_ort&#8221; field_title=&#8221;PLZ \/ Ort&#8221; max_length=&#8221;25&#8243; allowed_symbols=&#8221;alphanumeric&#8221; required_mark=&#8221;off&#8221; _builder_version=&#8221;4.0.7&#8243; max_width=&#8221;50%&#8221;][\/et_pb_contact_field][et_pb_contact_field field_id=&#8221;E-Mail&#8221; field_title=&#8221;E-Mail&#8221; field_type=&#8221;email&#8221; _builder_version=&#8221;4.0.7&#8243; button_text_size__hover_enabled=&#8221;off&#8221; button_one_text_size__hover_enabled=&#8221;off&#8221; button_two_text_size__hover_enabled=&#8221;off&#8221; button_text_color__hover_enabled=&#8221;off&#8221; button_one_text_color__hover_enabled=&#8221;off&#8221; button_two_text_color__hover_enabled=&#8221;off&#8221; button_border_width__hover_enabled=&#8221;off&#8221; button_one_border_width__hover_enabled=&#8221;off&#8221; button_two_border_width__hover_enabled=&#8221;off&#8221; button_border_color__hover_enabled=&#8221;off&#8221; button_one_border_color__hover_enabled=&#8221;off&#8221; button_two_border_color__hover_enabled=&#8221;off&#8221; button_border_radius__hover_enabled=&#8221;off&#8221; button_one_border_radius__hover_enabled=&#8221;off&#8221; button_two_border_radius__hover_enabled=&#8221;off&#8221; button_letter_spacing__hover_enabled=&#8221;off&#8221; button_one_letter_spacing__hover_enabled=&#8221;off&#8221; button_two_letter_spacing__hover_enabled=&#8221;off&#8221; button_bg_color__hover_enabled=&#8221;off&#8221; button_one_bg_color__hover_enabled=&#8221;off&#8221; button_two_bg_color__hover_enabled=&#8221;off&#8221;][\/et_pb_contact_field][et_pb_contact_field field_id=&#8221;land&#8221; field_title=&#8221;Land&#8221; max_length=&#8221;25&#8243; required_mark=&#8221;off&#8221; _builder_version=&#8221;4.0.7&#8243; max_width=&#8221;50%&#8221;][\/et_pb_contact_field][et_pb_contact_field field_id=&#8221;Telefon&#8221; field_title=&#8221;Telefon&#8221; fullwidth_field=&#8221;on&#8221; _builder_version=&#8221;4.0.7&#8243;][\/et_pb_contact_field][et_pb_contact_field field_id=&#8221;Nachricht&#8221; field_title=&#8221;Nachricht&#8221; field_type=&#8221;text&#8221; fullwidth_field=&#8221;on&#8221; _builder_version=&#8221;4.0.7&#8243; button_text_size__hover_enabled=&#8221;off&#8221; button_one_text_size__hover_enabled=&#8221;off&#8221; button_two_text_size__hover_enabled=&#8221;off&#8221; button_text_color__hover_enabled=&#8221;off&#8221; button_one_text_color__hover_enabled=&#8221;off&#8221; button_two_text_color__hover_enabled=&#8221;off&#8221; button_border_width__hover_enabled=&#8221;off&#8221; button_one_border_width__hover_enabled=&#8221;off&#8221; button_two_border_width__hover_enabled=&#8221;off&#8221; button_border_color__hover_enabled=&#8221;off&#8221; button_one_border_color__hover_enabled=&#8221;off&#8221; button_two_border_color__hover_enabled=&#8221;off&#8221; button_border_radius__hover_enabled=&#8221;off&#8221; button_one_border_radius__hover_enabled=&#8221;off&#8221; button_two_border_radius__hover_enabled=&#8221;off&#8221; button_letter_spacing__hover_enabled=&#8221;off&#8221; button_one_letter_spacing__hover_enabled=&#8221;off&#8221; button_two_letter_spacing__hover_enabled=&#8221;off&#8221; button_bg_color__hover_enabled=&#8221;off&#8221; button_one_bg_color__hover_enabled=&#8221;off&#8221; button_two_bg_color__hover_enabled=&#8221;off&#8221;][\/et_pb_contact_field][\/et_pb_contact_form][\/et_pb_column][\/et_pb_row][\/et_pb_section]<\/p>\n","protected":false},"excerpt":{"rendered":"<p>[et_pb_section fb_built=&#8221;1&#8243; admin_label=&#8221;About Me&#8221; module_id=&#8221;paint_en&#8221; _builder_version=&#8221;4.0.7&#8243; width=&#8221;100%&#8221; custom_padding=&#8221;||0px|||&#8221; global_module=&#8221;606&#8243; saved_tabs=&#8221;all&#8221;][et_pb_row _builder_version=&#8221;4.6.3&#8243; custom_margin=&#8221;-1px|auto|20px|auto|false|false&#8221; custom_padding=&#8221;3px|||||&#8221;][et_pb_column type=&#8221;4_4&#8243; _builder_version=&#8221;4.6.3&#8243; custom_padding=&#8221;|||&#8221; custom_padding__hover=&#8221;|||&#8221;][et_pb_blurb title=&#8221;siesta II (Work in progress)&#8221; url=&#8221;https:\/\/delajara.com\/wp-content\/uploads\/2021\/12\/GRM2826-scaled-e1639318807877.jpg&#8221; url_new_window=&#8221;on&#8221; image=&#8221;https:\/\/delajara.com\/wp-content\/uploads\/2021\/12\/GRM2826-scaled-e1639318807877.jpg&#8221; image_max_width=&#8221;70%&#8221; content_max_width=&#8221;100%&#8221; _builder_version=&#8221;4.6.3&#8243; text_orientation=&#8221;center&#8221; custom_margin=&#8221;||20px||false|false&#8221; child_filter_brightness=&#8221;120%&#8221; link_option_url=&#8221;https:\/\/delajara.com\/wp-content\/uploads\/2021\/12\/GRM2826-scaled-e1639318807877.jpg&#8221; link_option_url_new_window=&#8221;on&#8221; box_shadow_style_image=&#8221;preset3&#8243;] \u00d3leo sobre lino 140 x 130 cm 2021 [\/et_pb_blurb][et_pb_blurb title=&#8221;es regnet (llueve)&#8221; url=&#8221;https:\/\/delajara.com\/wp-content\/uploads\/2021\/12\/Lueve-scaled-e1639318884822.jpg&#8221; url_new_window=&#8221;on&#8221; image=&#8221;https:\/\/delajara.com\/wp-content\/uploads\/2021\/12\/Lueve-scaled-e1639318884822.jpg&#8221; image_max_width=&#8221;50%&#8221; content_max_width=&#8221;100%&#8221; _builder_version=&#8221;4.6.3&#8243; text_orientation=&#8221;center&#8221; custom_margin=&#8221;50px||||false|false&#8221; link_option_url=&#8221;https:\/\/delajara.com\/wp-content\/uploads\/2021\/12\/Lueve-scaled-e1639318884822.jpg&#8221; [&hellip;]<\/p>\n","protected":false},"author":1,"featured_media":0,"parent":0,"menu_order":0,"comment_status":"closed","ping_status":"closed","template":"","meta":{"_et_pb_use_builder":"on","_et_pb_old_content":"","_et_gb_content_width":"","footnotes":""},"_links":{"self":[{"href":"https:\/\/delajara.com\/index.php?rest_route=\/wp\/v2\/pages\/16"}],"collection":[{"href":"https:\/\/delajara.com\/index.php?rest_route=\/wp\/v2\/pages"}],"about":[{"href":"https:\/\/delajara.com\/index.php?rest_route=\/wp\/v2\/types\/page"}],"author":[{"embeddable":true,"href":"https:\/\/delajara.com\/index.php?rest_route=\/wp\/v2\/users\/1"}],"replies":[{"embeddable":true,"href":"https:\/\/delajara.com\/index.php?rest_route=%2Fwp%2Fv2%2Fcomments&post=16"}],"version-history":[{"count":87,"href":"https:\/\/delajara.com\/index.php?rest_route=\/wp\/v2\/pages\/16\/revisions"}],"predecessor-version":[{"id":1268,"href":"https:\/\/delajara.com\/index.php?rest_route=\/wp\/v2\/pages\/16\/revisions\/1268"}],"wp:attachment":[{"href":"https:\/\/delajara.com\/index.php?rest_route=%2Fwp%2Fv2%2Fmedia&parent=16"}],"curies":[{"name":"wp","href":"https:\/\/api.w.org\/{rel}","templated":true}]}}